{"id":817,"date":"2025-02-16T20:33:15","date_gmt":"2025-02-16T20:33:15","guid":{"rendered":"https:\/\/bilgitarif.com\/yeni\/wp-content\/uploads\/2025\/02\/cvc-4.jpg"},"modified":"2025-02-16T20:33:18","modified_gmt":"2025-02-16T20:33:18","slug":"cvc-7","status":"inherit","type":"attachment","link":"https:\/\/bilgitarif.com\/yeni\/2-aylik-evliyim-esim-asker-uzman-cavus\/cvc-7\/","title":{"rendered":"cvc"},"author":1,"featured_media":0,"comment_status":"open","ping_status":"closed","template":"","meta":[],"class_list":["post-817","attachment","type-attachment","status-inherit","hentry"],"description":{"rendered":"<p class=\"attachment\"><a href='https:\/\/bilgitarif.com\/yeni\/wp-content\/uploads\/2025\/02\/cvc-4.jpg'><img loading=\"lazy\" decoding=\"async\" width=\"225\" height=\"300\" src=\"https:\/\/bilgitarif.com\/yeni\/wp-content\/uploads\/2025\/02\/cvc-4-225x300.jpg\" class=\"attachment-medium size-medium\" alt=\"\" srcset=\"https:\/\/bilgitarif.com\/yeni\/wp-content\/uploads\/2025\/02\/cvc-4-225x300.jpg 225w, https:\/\/bilgitarif.com\/yeni\/wp-content\/uploads\/2025\/02\/cvc-4.jpg 564w\" sizes=\"auto, (max-width: 225px) 100vw, 225px\" \/><\/a><\/p>\n"},"caption":{"rendered":"<p>Ard\u0131ndan annesi ni\u015fan\u0131mda bile k\u0131yafetimde kar\u0131\u015ft\u0131 e\u015fim izin vermedi. \u0130steme g\u00fcn\u00fcnde mutfaga gelip kahveye tuz koyma oglu\u015fum hasta olur gibi sacma sapan konustu sustum e\u015fim gene izin vermedi oturttu yerine. Ge\u00e7ti\u011fimiz ramazan bayram\u0131nda annemle evlerine gittik b\u00fcy\u00fcklerimiz diye onlar\u0131n gelmesi gerekirken genede insanl\u0131k bizde kals\u0131n dedik kap\u0131dan girer girmez ben seninle konusm\u0131yorum niye k\u0131z\u0131m\u0131n elini \u00f6pmedin gibi sacma sapan konustu kaynana. K\u0131z\u0131da o surat\u0131m\u0131za bakmayan. Yeter bundan sonra dedim inan\u0131n buraya yazmad\u0131g\u0131m yazam\u0131yacag\u0131m daha cok cok \u00e7ok \u015fey var da en basitleri \u015funlar \u00f6yle s\u00f6yliyim. Yinede ses c\u0131kartmad\u0131m en son gelin alma g\u00fcn\u00fc gelmediler pic gibi yetim gibi e\u015fim tek bas\u0131na c\u0131kartt\u0131 bide kendi akrabalar\u0131m ne anas\u0131 ne babas\u0131 ne abileri ne ablalar\u0131 hic biri gelmedi. Annemin sekeri c\u0131kt\u0131 zor sakinlestirdik neyse dedik d\u00fcg\u00fcn g\u00fcn\u00fc dedik gene sustuk ancak bundan sonra hic bi sekilde ne ar\u0131yorum ne soruyorum hakl\u0131 oldugumu d\u00fcs\u00fcn\u00fcyorum e\u015fimde hak sa\u011fl\u0131yor ama baz\u0131 durumlarda fark ediyorum g\u00f6r\u00fcsmemi istiyor s\u00f6yleyemiyor bana cunku biliyor onlar\u0131n y\u00fcz\u00fcnden hep aram\u0131zda mesele c\u0131k\u0131yor yoksa hep e\u015fimle..<br \/>\n\u00c7unku biliyor onlar\u0131n y\u00fcz\u00fcnden hep aram\u0131zda mesele c\u0131k\u0131yor yoksa hep iyiyz esimle hic bir meseleumuz yok ama ailesinin hususu ac\u0131ld\u0131g\u0131 an birbirimize giriyoruz. Bu hususta mutsuzum ailem olsunlar istedim evlat g\u00f6rs\u00fcnler istedim hic bisey yapmad\u0131g\u0131m durumda bana neler yapt\u0131lar.. baz\u0131 durumlarda diyorum babam yok diye bana bu t\u00fcr davran\u0131yorlar. Ezdirmiyorum kendimi genede.. yaln\u0131zca paylasmak istedim .. sa\u011folun okudugunuz icin<\/p>\n"},"alt_text":"","media_type":"image","mime_type":"image\/jpeg","media_details":{"width":564,"height":752,"file":"2025\/02\/cvc-4.jpg","filesize":142836,"sizes":{"medium":{"file":"cvc-4-225x300.jpg","width":225,"height":300,"filesize":17544,"mime_type":"image\/jpeg","source_url":"https:\/\/bilgitarif.com\/yeni\/wp-content\/uploads\/2025\/02\/cvc-4-225x300.jpg"},"thumbnail":{"file":"cvc-4-150x150.jpg","width":150,"height":150,"filesize":7393,"mime_type":"image\/jpeg","source_url":"https:\/\/bilgitarif.com\/yeni\/wp-content\/uploads\/2025\/02\/cvc-4-150x150.jpg"},"full":{"file":"cvc-4.jpg","width":564,"height":752,"mime_type":"image\/jpeg","source_url":"https:\/\/bilgitarif.com\/yeni\/wp-content\/uploads\/2025\/02\/cvc-4.jpg"}},"image_meta":{"aperture":"0","credit":"","camera":"","caption":"","created_timestamp":"0","copyright":"","focal_length":"0","iso":"0","shutter_speed":"0","title":"","orientation":"0","keywords":[]}},"post":815,"source_url":"https:\/\/bilgitarif.com\/yeni\/wp-content\/uploads\/2025\/02\/cvc-4.jpg","_links":{"self":[{"href":"https:\/\/bilgitarif.com\/yeni\/wp-json\/wp\/v2\/media\/817","targetHints":{"allow":["GET"]}}],"collection":[{"href":"https:\/\/bilgitarif.com\/yeni\/wp-json\/wp\/v2\/media"}],"about":[{"href":"https:\/\/bilgitarif.com\/yeni\/wp-json\/wp\/v2\/types\/attachment"}],"author":[{"embeddable":true,"href":"https:\/\/bilgitarif.com\/yeni\/wp-json\/wp\/v2\/users\/1"}],"replies":[{"embeddable":true,"href":"https:\/\/bilgitarif.com\/yeni\/wp-json\/wp\/v2\/comments?post=817"}],"wp:attached-to":[{"embeddable":true,"post_type":"post","id":815,"href":"https:\/\/bilgitarif.com\/yeni\/wp-json\/wp\/v2\/posts\/815"}],"curies":[{"name":"wp","href":"https:\/\/api.w.org\/{rel}","templated":true}]}}