{"id":791,"date":"2025-02-16T20:08:18","date_gmt":"2025-02-16T20:08:18","guid":{"rendered":"https:\/\/bilgitarif.com\/yeni\/wp-content\/uploads\/2025\/02\/cv-8.jpg"},"modified":"2025-02-16T20:08:21","modified_gmt":"2025-02-16T20:08:21","slug":"cv-13","status":"inherit","type":"attachment","link":"https:\/\/bilgitarif.com\/yeni\/cevriyenin-trajedi-hayati\/cv-13\/","title":{"rendered":"cv"},"author":1,"featured_media":0,"comment_status":"open","ping_status":"closed","template":"","meta":[],"class_list":["post-791","attachment","type-attachment","status-inherit","hentry"],"description":{"rendered":"<p class=\"attachment\"><a href='https:\/\/bilgitarif.com\/yeni\/wp-content\/uploads\/2025\/02\/cv-8.jpg'><img loading=\"lazy\" decoding=\"async\" width=\"182\" height=\"300\" src=\"https:\/\/bilgitarif.com\/yeni\/wp-content\/uploads\/2025\/02\/cv-8-182x300.jpg\" class=\"attachment-medium size-medium\" alt=\"\" srcset=\"https:\/\/bilgitarif.com\/yeni\/wp-content\/uploads\/2025\/02\/cv-8-182x300.jpg 182w, https:\/\/bilgitarif.com\/yeni\/wp-content\/uploads\/2025\/02\/cv-8.jpg 526w\" sizes=\"auto, (max-width: 182px) 100vw, 182px\" \/><\/a><\/p>\n"},"caption":{"rendered":"<p>Birka\u00e7 g\u00fcn daha o evde adamla kalm\u0131\u015f, adam kendisine yemekler pi\u015firmi\u015f yaralar\u0131na merhem s\u00fcr\u00fcp ila\u00e7lar i\u00e7irip iyile\u015fmesini sa\u011flam\u0131\u015ft\u0131r<\/p>\n<p>Bir g\u00fcn adam d\u0131\u015far\u0131 \u00e7\u0131km\u0131\u015f Cevriye evde kalm\u0131\u015ft\u0131r. Masan\u0131n \u00fcst\u00fcndeki kitaplara bakar , daktilo ile yaz\u0131lanlar\u0131 okur, yaz\u0131lanlar \u00e7ok ho\u015funa gider<\/p>\n<p>baya\u011f\u0131 etkilenir. Bunlar\u0131 o yazm\u0131\u015f olmal\u0131, ne kadar duygulu \u015feyler yazm\u0131\u015f, ne kadar ince ruhlu birisi diye d\u00fc\u015f\u00fcn\u00fcr.Bug\u00fcne kadar tan\u0131d\u0131\u011f\u0131 erkeklerden \u00e7ok de\u011fi\u015fik \u00fcstelikte baya yak\u0131\u015f\u0131kl\u0131 ve \u00e7ekici diye d\u00fc\u015f\u00fcn\u00fcr.<\/p>\n<p>Cevriye i\u00e7ersinden kendi kendisine ne o adama a\u015f\u0131k m\u0131 oluyorum yoksa der.<\/p>\n<p>A\u015f\u0131k olsam da oda beni sever mi ki der.<\/p>\n<p>B\u00f6yle d\u00fc\u015f\u00fcnceler i\u00e7ersinde iken ak\u015fam olmak \u00fczeredir adam hala gelmemi\u015ftir, adam\u0131 merak etmeye ba\u015flam\u0131\u015ft\u0131r.Kendi kendisine m\u0131r\u0131ldanarak ilk defa bir erke\u011fi bu t\u00fcr merak ediyorum, a\u015fk bumu acaba der .<\/p>\n<p>Cevriye bu hisler i\u00e7ersinde iken kap\u0131 a\u00e7\u0131l\u0131r gelen o adamd\u0131r. Tela\u015fl\u0131 bir \u015fekilde selam verip i\u00e7eri giren adam valizini \u00e7\u0131kar\u0131p e\u015fyalar\u0131n\u0131 amac\u0131ylae koymaya ba\u015flar.<\/p>\n<p>Cevriye sorar ne o acilen bir yere mi gideceksin nedir bu tela\u015f\u0131n<\/p>\n<p>Adam evet gidiyorum bir daha g\u00f6r\u00fc\u015femeyiz belki der.<br \/>\nCevriye nereye diye sorar<\/p>\n<p>Adam \u00e7ok uzaklara diye yan\u0131t verir.<\/p>\n<p>Cevriye ya ben ne olaca\u011f\u0131m diye sorar.<\/p>\n<p>Adam ben bu evin bir ayl\u0131k kiras\u0131n\u0131 vermi\u015ftim istersen bir ay burada kalabilirsin der.<\/p>\n<p>Adam valizin toplam\u0131\u015ft\u0131r tela\u015fl\u0131 bir \u015fekilde kap\u0131ya do\u011fru y\u00f6nelir<\/p>\n<p>\u201cCevriye ye ho\u015f\u00e7a kal k\u00fc\u00e7\u00fc\u011f\u00fcm kendisine iyi bak\u201d der ve kap\u0131da \u00e7\u0131k\u0131p merdivenlerden s\u00fcratle inerek soka\u011fa \u00e7\u0131kar, Cevriye pencereden adam\u0131n arkas\u0131ndan sokaktan kaybolana kadar \u00fczg\u00fcn g\u00f6zlerle bakar.<\/p>\n<p>Cevriye hi\u00e7 bu kadar kendin yaln\u0131z hissetmemi\u015ftir, ya\u015fam\u0131nda hi\u00e7 bir erkek kendisini bu kadar etkilememi\u015ftir.<\/p>\n<p>B\u00f6yle kederler i\u00e7ersinde ak\u015fam yeme\u011fi bile yemeden yata\u011f\u0131n amac\u0131ylae a\u011flayarak sabah\u0131 zor etmi\u015ftir\u2026<\/p>\n<p>Cevriye bundan sonra iyile\u015fti\u011fini ait bulundu\u011fu \u0130stanbul sokaklar\u0131na geri d\u00f6nmesi gereklili\u011fini d\u00fc\u015f\u00fcnerek evden \u00e7\u0131kar Tarlaba\u015f\u0131ndan Taksime do\u011fru y\u00fcr\u00fcy\u00fcp Emek sinemas\u0131n yan\u0131ndaki kitap\u00e7\u0131n\u0131n \u00f6n\u00fcnden ge\u00e7erken g\u00f6z\u00fc gazete standlar\u0131na tak\u0131l\u0131r.<br \/>\nGazetenin birisinde o adam\u0131n \u00e7ok b\u00fcy\u00fckte bir resminin g\u00f6r\u00fcp tam sayfa Vatan Haini NAZIM H\u0130KMET Rusya ya Firar etti yaz\u0131s\u0131n\u0131 okur ve bulundu\u011fu yere \u00e7\u00f6k\u00fcp kal\u0131r\u2026<\/p>\n<p>Hikaye bu t\u00fcr bitiyor\u2026ANCAK;<\/p>\n<p>Fosforlu Cevriye nin yazar\u0131 Suat Dervi\u015f bu Roman\u0131nda insan sevgisinin toplum d\u0131\u015f\u0131na itilmi\u015f bir fahi\u015feyi nas\u0131l de\u011fi\u015ftirdi\u011fini ba\u015far\u0131 ile anlat\u0131r. Bu Romanda as\u0131l merak edilen ki\u015fi, eserin ana kahraman\u0131 adamd\u0131r.<\/p>\n<p>Ad\u0131 bile bilinmeyen bu esrarengiz ki\u015fi, yeralt\u0131nda ka\u00e7ak ya\u015fam s\u00fcrd\u00fcren bir devrimci, aranan siyasal bir su\u00e7ludur. Hayatta kalmak amac\u0131yla fahi\u015felik yapan Cevriye\u2019ye ya\u015fam\u0131nda hi\u00e7bir erkek, kendisine siz diyen, sayg\u0131 g\u00f6steren bu adam gibi davranmam\u0131\u015ft\u0131r.<\/p>\n<p>Baz\u0131 incelemeciler bu adam\u0131n Naz\u0131m Hikmet bulundu\u011funu s\u00f6ylese de Zihni Anadol, \u201cHay\u0131r, Naz\u0131m Hikmet de\u011fildi, Re\u015fat Fuat Baraner\u2019di. Vaka ger\u00e7ekti.<\/p>\n<p>Suat ablan\u0131n bizlere s\u00f6yledi\u011fi bir ger\u00e7ektir\u201d demektedir.<\/p>\n<p>Olsun ha NAZIM olmu\u015f<\/p>\n<p>ha RE\u015eAT olmu\u015f..<\/p>\n<p>Her g\u00fcn bir KADINIMIZIN k\u00f6r bir b\u0131\u00e7a\u011fa k\u00f6r bir kur\u015funa gitti\u011fi bu zamanlarda \u00f6zledi\u011fimiz bir ERKEK de\u011fil mi..<\/p>\n<p>DEL\u0130KANLI..<\/p>\n<p>ADAM..<\/p>\n<p>Kad\u0131n\u0131n ET\u0130N\u0130N pe\u015finde olmayan..<\/p>\n<p>Y\u00fcre\u011fi olan ADAMLARDAN de\u011fil mi..<\/p>\n"},"alt_text":"","media_type":"image","mime_type":"image\/jpeg","media_details":{"width":526,"height":865,"file":"2025\/02\/cv-8.jpg","filesize":333728,"sizes":{"medium":{"file":"cv-8-182x300.jpg","width":182,"height":300,"filesize":10668,"mime_type":"image\/jpeg","source_url":"https:\/\/bilgitarif.com\/yeni\/wp-content\/uploads\/2025\/02\/cv-8-182x300.jpg"},"thumbnail":{"file":"cv-8-150x150.jpg","width":150,"height":150,"filesize":4978,"mime_type":"image\/jpeg","source_url":"https:\/\/bilgitarif.com\/yeni\/wp-content\/uploads\/2025\/02\/cv-8-150x150.jpg"},"full":{"file":"cv-8.jpg","width":526,"height":865,"mime_type":"image\/jpeg","source_url":"https:\/\/bilgitarif.com\/yeni\/wp-content\/uploads\/2025\/02\/cv-8.jpg"}},"image_meta":{"aperture":"0","credit":"","camera":"","caption":"","created_timestamp":"0","copyright":"","focal_length":"0","iso":"0","shutter_speed":"0","title":"","orientation":"0","keywords":[]}},"post":789,"source_url":"https:\/\/bilgitarif.com\/yeni\/wp-content\/uploads\/2025\/02\/cv-8.jpg","_links":{"self":[{"href":"https:\/\/bilgitarif.com\/yeni\/wp-json\/wp\/v2\/media\/791","targetHints":{"allow":["GET"]}}],"collection":[{"href":"https:\/\/bilgitarif.com\/yeni\/wp-json\/wp\/v2\/media"}],"about":[{"href":"https:\/\/bilgitarif.com\/yeni\/wp-json\/wp\/v2\/types\/attachment"}],"author":[{"embeddable":true,"href":"https:\/\/bilgitarif.com\/yeni\/wp-json\/wp\/v2\/users\/1"}],"replies":[{"embeddable":true,"href":"https:\/\/bilgitarif.com\/yeni\/wp-json\/wp\/v2\/comments?post=791"}],"wp:attached-to":[{"embeddable":true,"post_type":"post","id":789,"href":"https:\/\/bilgitarif.com\/yeni\/wp-json\/wp\/v2\/posts\/789"}],"curies":[{"name":"wp","href":"https:\/\/api.w.org\/{rel}","templated":true}]}}