{"id":6050,"date":"2026-04-29T20:52:14","date_gmt":"2026-04-29T20:52:14","guid":{"rendered":"https:\/\/bilgitarif.com\/yeni\/wp-content\/uploads\/2026\/04\/ikzler.jpg"},"modified":"2026-04-29T20:52:26","modified_gmt":"2026-04-29T20:52:26","slug":"ikzler","status":"inherit","type":"attachment","link":"https:\/\/bilgitarif.com\/yeni\/terk-edilmis-ikizlerin-18-yil-sonraki-halleri\/ikzler\/","title":{"rendered":"Terk Edilmi\u015f \u0130kizlerin 18 Y\u0131l Sonraki Halleri"},"author":1,"featured_media":0,"comment_status":"open","ping_status":"closed","template":"","meta":[],"class_list":["post-6050","attachment","type-attachment","status-inherit","hentry"],"description":{"rendered":"<p class=\"attachment\"><a href='https:\/\/bilgitarif.com\/yeni\/wp-content\/uploads\/2026\/04\/ikzler.jpg'><img loading=\"lazy\" decoding=\"async\" width=\"240\" height=\"300\" src=\"https:\/\/bilgitarif.com\/yeni\/wp-content\/uploads\/2026\/04\/ikzler-240x300.jpg\" class=\"attachment-medium size-medium\" alt=\"\" srcset=\"https:\/\/bilgitarif.com\/yeni\/wp-content\/uploads\/2026\/04\/ikzler-240x300.jpg 240w, https:\/\/bilgitarif.com\/yeni\/wp-content\/uploads\/2026\/04\/ikzler.jpg 512w\" sizes=\"auto, (max-width: 240px) 100vw, 240px\" \/><\/a><\/p>\n"},"caption":{"rendered":"<p>18 y\u0131l \u00f6nce bir u\u00e7akta terk edilmi\u015f halde buldu\u011fum ikiz bebekleri evlat edindim. Beni kederde bo\u011fulmaktan onlar kurtard\u0131. Ge\u00e7en hafta, onlar\u0131n annesi oldu\u011funu iddia eden bir yabanc\u0131 \u00e7\u0131kageldi. \u00c7ocuklar\u0131m\u0131n eline tutu\u015fturdu\u011fu belge, onun sevgi i\u00e7in de\u011fil, bamba\u015fka bir sebeple d\u00f6nd\u00fc\u011f\u00fcn\u00fc kan\u0131tl\u0131yordu.<\/p>\n<p>Ben M\u00fczeyyen. 73 ya\u015f\u0131nday\u0131m ve size ac\u0131n\u0131n bana annelik i\u00e7in nas\u0131l ikinci bir \u015fans verdi\u011fini anlatmam gerekiyor. On sekiz y\u0131l \u00f6nce, ya\u015fad\u0131\u011f\u0131m \u015fehre d\u00f6nmek i\u00e7in u\u00e7aktayd\u0131m&#8230; K\u0131z\u0131m\u0131 topra\u011fa vermeye gidiyordum. De\u011ferli torunumla birlikte bir trafik kazas\u0131nda can vermi\u015fti ve sanki g\u00f6\u011fs\u00fcm\u00fcn i\u00e7i oyulmu\u015f gibi hissediyordum.<\/p>\n<p>Ya\u015fad\u0131\u011f\u0131m \u015fehre&#8230; K\u0131z\u0131m\u0131 g\u00f6mmeye d\u00f6n\u00fcyordum.<\/p>\n<p>\u00dc\u00e7 s\u0131ra \u00f6n\u00fcmdeki karma\u015fay\u0131, a\u011flama sesleri g\u00f6rmezden gelinemeyecek kadar y\u00fckselene dek fark etmedim. Koridor koltuklar\u0131nda yapayaln\u0131z oturan iki bebek vard\u0131. Biri erkek biri k\u0131z, muhtemelen alt\u0131 ayl\u0131kt\u0131lar; a\u011flamaktan y\u00fczleri k\u0131zarm\u0131\u015f, minicik elleri titriyordu.<\/p>\n<p>\u0130nsanlar\u0131n s\u00f6yledikleri beni \u00e7\u0131\u011fl\u0131k atma noktas\u0131na getirdi.<\/p>\n<p>&#8220;Biri \u015fu \u00e7ocuklar\u0131 susturamaz m\u0131?&#8221; dedi \u015f\u0131k giyimli bir kad\u0131n yan\u0131ndakine t\u0131slayarak. &#8220;\u0130\u011fren\u00e7 g\u00f6r\u00fcn\u00fcyorlar,&#8221; diye m\u0131r\u0131ldand\u0131 bir adam, tuvalete gitmek i\u00e7in yanlar\u0131ndan ge\u00e7erken.<\/p>\n<p>Kabin memurlar\u0131, y\u00fczlerinde \u00e7aresiz bir g\u00fcl\u00fcmsemeyle yanlar\u0131ndan ge\u00e7ip gidiyordu. Birisi her yakla\u015ft\u0131\u011f\u0131nda bebekler irkiliyordu. Yan\u0131mda oturan gen\u00e7 kad\u0131n nazik\u00e7e koluma dokundu.<\/p>\n<p>&#8220;Birinin burada daha olgun davranmas\u0131 gerekiyor,&#8221; dedi yumu\u015fak bir sesle. &#8220;Bu bebeklerin birine ihtiyac\u0131 var.&#8221;<\/p>\n<p>Art\u0131k sadece hafif\u00e7e inleyen bebeklere bakt\u0131m; sanki birinin onlarla ilgilenece\u011fine dair umutlar\u0131n\u0131 kesmi\u015f gibiydiler. Kendimi vazge\u00e7irmeye f\u0131rsat bulamadan aya\u011fa kalkt\u0131m.<\/p>\n<p>Onlar\u0131 kuca\u011f\u0131ma ald\u0131\u011f\u0131m an her \u015fey de\u011fi\u015fti. Erkek bebek an\u0131nda y\u00fcz\u00fcn\u00fc omzuma g\u00f6md\u00fc, k\u00fc\u00e7\u00fck v\u00fccudu sars\u0131l\u0131yordu. K\u0131z bebek ise yana\u011f\u0131n\u0131 yana\u011f\u0131ma yaslad\u0131; minicik elinin yakam\u0131 kavrad\u0131\u011f\u0131n\u0131 hissettim. An\u0131nda sustular ve kabin sessizli\u011fe b\u00fcr\u00fcnd\u00fc.<\/p>\n<p>&#8220;Bu u\u00e7akta bir anne var m\u0131?&#8221; diye seslendim, sesim titreyerek. &#8220;L\u00fctfen, e\u011fer bunlar sizin \u00e7ocuklar\u0131n\u0131zsa \u00f6ne \u00e7\u0131k\u0131n.&#8221;<\/p>\n"},"alt_text":"","media_type":"image","mime_type":"image\/jpeg","media_details":{"width":512,"height":640,"file":"2026\/04\/ikzler.jpg","filesize":71864,"sizes":{"medium":{"file":"ikzler-240x300.jpg","width":240,"height":300,"filesize":21827,"mime_type":"image\/jpeg","source_url":"https:\/\/bilgitarif.com\/yeni\/wp-content\/uploads\/2026\/04\/ikzler-240x300.jpg"},"thumbnail":{"file":"ikzler-150x150.jpg","width":150,"height":150,"filesize":8249,"mime_type":"image\/jpeg","source_url":"https:\/\/bilgitarif.com\/yeni\/wp-content\/uploads\/2026\/04\/ikzler-150x150.jpg"},"full":{"file":"ikzler.jpg","width":512,"height":640,"mime_type":"image\/jpeg","source_url":"https:\/\/bilgitarif.com\/yeni\/wp-content\/uploads\/2026\/04\/ikzler.jpg"}},"image_meta":{"aperture":"0","credit":"","camera":"","caption":"","created_timestamp":"0","copyright":"","focal_length":"0","iso":"0","shutter_speed":"0","title":"","orientation":"0","keywords":[]}},"post":6049,"source_url":"https:\/\/bilgitarif.com\/yeni\/wp-content\/uploads\/2026\/04\/ikzler.jpg","_links":{"self":[{"href":"https:\/\/bilgitarif.com\/yeni\/wp-json\/wp\/v2\/media\/6050","targetHints":{"allow":["GET"]}}],"collection":[{"href":"https:\/\/bilgitarif.com\/yeni\/wp-json\/wp\/v2\/media"}],"about":[{"href":"https:\/\/bilgitarif.com\/yeni\/wp-json\/wp\/v2\/types\/attachment"}],"author":[{"embeddable":true,"href":"https:\/\/bilgitarif.com\/yeni\/wp-json\/wp\/v2\/users\/1"}],"replies":[{"embeddable":true,"href":"https:\/\/bilgitarif.com\/yeni\/wp-json\/wp\/v2\/comments?post=6050"}],"wp:attached-to":[{"embeddable":true,"post_type":"post","id":6049,"href":"https:\/\/bilgitarif.com\/yeni\/wp-json\/wp\/v2\/posts\/6049"}],"curies":[{"name":"wp","href":"https:\/\/api.w.org\/{rel}","templated":true}]}}