{"id":6027,"date":"2026-04-29T20:13:55","date_gmt":"2026-04-29T20:13:55","guid":{"rendered":"https:\/\/bilgitarif.com\/yeni\/wp-content\/uploads\/2026\/04\/dw.jpg"},"modified":"2026-04-29T20:14:11","modified_gmt":"2026-04-29T20:14:11","slug":"dw","status":"inherit","type":"attachment","link":"https:\/\/bilgitarif.com\/yeni\/torunumun-dogum-gununde-oglum-bana-kirli-bir-mendil-uzatti-ve-dedi-ki-mendili-al-yuzunu-temizle-insanlari-onunde-bizi-utandirma-dedi\/dw\/","title":{"rendered":"dw"},"author":1,"featured_media":0,"comment_status":"open","ping_status":"closed","template":"","meta":[],"class_list":["post-6027","attachment","type-attachment","status-inherit","hentry"],"description":{"rendered":"<p class=\"attachment\"><a href='https:\/\/bilgitarif.com\/yeni\/wp-content\/uploads\/2026\/04\/dw.jpg'><img loading=\"lazy\" decoding=\"async\" width=\"285\" height=\"300\" src=\"https:\/\/bilgitarif.com\/yeni\/wp-content\/uploads\/2026\/04\/dw-285x300.jpg\" class=\"attachment-medium size-medium\" alt=\"\" srcset=\"https:\/\/bilgitarif.com\/yeni\/wp-content\/uploads\/2026\/04\/dw-285x300.jpg 285w, https:\/\/bilgitarif.com\/yeni\/wp-content\/uploads\/2026\/04\/dw.jpg 555w\" sizes=\"auto, (max-width: 285px) 100vw, 285px\" \/><\/a><\/p>\n"},"caption":{"rendered":"<p>\u201cUffff\u2026\u201d dedi y\u00fcksek sesle. \u201cy\u00fcz\u00fcn o kadar kirli. Mendili al, kendini \u00f6rt. \u0130nsanlar \u00f6n\u00fcnde bizi utand\u0131rma.\u201d<\/p>\n<p>Salon sessizle\u015fti. Ama utan\u00e7tan de\u011fil \u2013 meraktan.<\/p>\n<p>\u201cVe zaten,\u201d diye devam etti, \u201ckendinin neye benzedi\u011fini fark ediyor musun? Bu k\u0131yafetler\u2026 \u00e7\u00f6pl\u00fckten gelmi\u015f gibi g\u00f6r\u00fcn\u00fcyorsun. Bug\u00fcn kutlama, ve sen b\u00f6yle geliyorsun.\u201d<\/p>\n<p>Biri burnunu \u00e7ekti. Biri g\u00fcld\u00fc. Gelinimin d\u00f6nd\u00fc\u011f\u00fcn\u00fc g\u00f6rd\u00fcm \u2013 utan\u00e7tan de\u011fil, hay\u0131r, g\u00fcl\u00fcmsemesini gizlemek i\u00e7in. Akrabalar\u0131 art\u0131k kendilerini tutmuyordu. Onlar i\u00e7in bu bir g\u00f6steriydi.<\/p>\n<p>Mendili ald\u0131m ve g\u00f6zya\u015flar\u0131m\u0131 zor tuttum. Ama torunumun ad\u0131 ve mumlarla pastay\u0131 getirdiklerinde, herkesi \u015fok eden ve davran\u0131\u015flar\u0131ndan pi\u015fmanl\u0131k duymalar\u0131n\u0131 sa\u011flayan bir duyuru yapt\u0131m.<\/p>\n<p>Kutlama devam etti. M\u00fczik daha y\u00fcksek \u00e7almaya ba\u015flad\u0131, sohbetler geri d\u00f6nd\u00fc, sanki hi\u00e7bir \u015fey olmam\u0131\u015f gibi.<\/p>\n<p>Torunumun ad\u0131 ve mumlarla pastay\u0131 getirdiklerinde, kalkt\u0131m.<\/p>\n<p>\u201cBir dakika,\u201d dedim yumu\u015fak\u00e7a, ama duyulacak kadar y\u00fcksek.<\/p>\n<p>Herkes d\u00f6nd\u00fc. Biri zaten beni el sallayarak kovmaya haz\u0131rlan\u0131yordu, ama devam ettim:<\/p>\n<p>\u201cBir duyuru yapmak istiyorum. Bug\u00fcn b\u00fct\u00fcn aile burada topland\u0131\u011f\u0131 i\u00e7in.\u201d<\/p>\n<p>O\u011flum ka\u015flar\u0131n\u0131 \u00e7att\u0131. Gelinim gerildi.Devam\u0131..<\/p>\n<p>\u201cBunu halka a\u00e7\u0131k s\u00f6yleyip s\u00f6ylememek konusunda uzun s\u00fcre d\u00fc\u015f\u00fcnd\u00fcm,\u201d dedim. \u201cAma bug\u00fcn sadece beni g\u00f6rmezden gelmekle kalmay\u0131p, beni a\u015fa\u011f\u0131lamaya karar verdi\u011finiz i\u00e7in, anlad\u0131m ki ba\u015fka bir an olmayacak.\u201d<\/p>\n<p>\u00c7antamdan bir dosya \u00e7\u0131kard\u0131m.<\/p>\n<p>\u201cY\u0131llard\u0131r, sizin kendinizin sand\u0131\u011f\u0131n\u0131z daireyi, k\u0131r evini ve paray\u0131 kullan\u0131yorsunuz,\u201d diye devam ettim. \u201cAma hepsi bana ait. Ve her zaman \u00f6yleydi. Sadece sessiz kald\u0131m.\u201d<\/p>\n<p>Salon tamamen sessizle\u015fti.<\/p>\n<p>\u201cBug\u00fcn resmi olarak ilan ediyorum: o\u011flumun miras\u0131 iptal edildi. T\u00fcm belgeler imzaland\u0131. Vasiyet de\u011fi\u015ftirildi. Bug\u00fcnden itibaren, ne m\u00fclk\u00fcmle ne de benimle ba\u011flant\u0131n\u0131z yok.\u201d<\/p>\n<p>O\u011flum soldu.<\/p>\n<p>\u201cSen\u2026 ne diyorsun?\u201d diye kekeledi.<\/p>\n<p>Ona sakin bakt\u0131m.<\/p>\n<p>\u201cBen bir utan\u00e7 de\u011filim. Ben senin deste\u011findim. Ve bug\u00fcn beni annem olarak g\u00f6rmedi\u011fini g\u00f6sterdin. Bu y\u00fczden ben de seni varisim olarak g\u00f6rm\u00fcyorum.\u201d<\/p>\n<p>O\u011flumun y\u00fcz\u00fc kire\u00e7 gibi olmu\u015ftu, elleri titreyerek masaya yasland\u0131. Salonun sessizli\u011fi \u00f6yle yo\u011fundu ki, uzaktaki garsonlar\u0131n bile ayak sesleri duyuluyordu. Gelinim, \u015fa\u015fk\u0131nl\u0131ktan a\u011fz\u0131 a\u00e7\u0131k kalm\u0131\u015f, bana bak\u0131yordu \u2013 bu sefer g\u00fcl\u00fcmsemesi yoktu, sadece korku ve pi\u015fmanl\u0131k kar\u0131\u015f\u0131m\u0131 bir ifade.<\/p>\n<p>\u201cAma anne\u2026\u201d diye kekeledi o\u011flum, sesi titrek ve zay\u0131f. \u201cBu\u2026 bu imkans\u0131z. Sen\u2026 sen her \u015feyi bize b\u0131rakm\u0131\u015ft\u0131n. Y\u0131llard\u0131r \u00f6yle ya\u015fad\u0131k!\u201d<\/p>\n<p>Sakinli\u011fimi korudum, g\u00f6zlerimi ondan ay\u0131rmadan. \u201cEvet, b\u0131rakm\u0131\u015ft\u0131m. Ama ko\u015fullar de\u011fi\u015fti. Y\u0131llarca sessiz kald\u0131m, \u00e7\u00fcnk\u00fc seni seviyordum. Destek oldum, fedakarl\u0131k yapt\u0131m. Ama bug\u00fcn, torunumun do\u011fum g\u00fcn\u00fcnde, beni bir mendille a\u015fa\u011f\u0131lad\u0131n. Ailenin \u00f6n\u00fcnde utand\u0131rd\u0131n. Art\u0131k yeter.\u201d<\/p>\n<p>Konuklar aras\u0131nda f\u0131s\u0131lt\u0131lar ba\u015flad\u0131. Baz\u0131lar\u0131 \u015fok i\u00e7inde ba\u015flar\u0131n\u0131 sall\u0131yordu, di\u011ferleri gelinimin akrabalar\u0131na d\u00f6n\u00fcp ka\u015flar\u0131n\u0131 \u00e7at\u0131yordu. Birka\u00e7 ki\u015fi telefonlar\u0131n\u0131 \u00e7\u0131kar\u0131p foto\u011fraf \u00e7ekmeye \u00e7al\u0131\u015ft\u0131, ama garsonlar m\u00fcdahale etti. Torunum, pastan\u0131n \u00f6n\u00fcndeki k\u00fc\u00e7\u00fck sandalyede oturmu\u015f, olan biteni anlamadan mumlara bak\u0131yordu \u2013 masumiyeti y\u00fcre\u011fimi s\u0131zlatt\u0131.<\/p>\n<p>Gelinim aya\u011fa kalkt\u0131, sesi y\u00fcksek ve panikli: \u201cBu sa\u00e7mal\u0131k! Sen ya\u015fl\u0131s\u0131n, belki akl\u0131ndan bir \u015feyler ge\u00e7mi\u015f\u2026 Avukat\u0131m\u0131z var, bunu mahkemede \u00e7\u00f6zeriz!\u201d<\/p>\n<p>G\u00fcl\u00fcmsedim, ama so\u011fuk bir g\u00fcl\u00fcmsemeydi. \u201cAvukat\u0131n\u0131z m\u0131? Benim avukat\u0131m zaten her \u015feyi haz\u0131rlad\u0131. Belgeler burada, resmi ve imzal\u0131. Daire, k\u0131r evi, banka hesaplar\u0131 \u2013 hepsi art\u0131k hay\u0131r kurumuna gidecek. Torunumun gelece\u011fi i\u00e7in bir fon kurdum, ama siz\u2026 siz hi\u00e7bir \u015fey almayacaks\u0131n\u0131z.\u201d<\/p>\n<p>O\u011flum \u00f6ne at\u0131ld\u0131, zarf\u0131 ve mendili yere f\u0131rlatarak. \u201cAnne, l\u00fctfen! \u00d6z\u00fcr dilerim, hata ettim. Stresliydim, kutlama y\u00fcz\u00fcnden\u2026 L\u00fctfen, bunu yapma!\u201d<\/p>\n<p>Ama \u00e7ok ge\u00e7ti. G\u00f6zya\u015flar\u0131m\u0131 silip torunuma d\u00f6nd\u00fcm. \u201cMutlu y\u0131llar, k\u00fc\u00e7\u00fck adam,\u201d dedim yumu\u015fak\u00e7a, ona sar\u0131larak. \u201cB\u00fcy\u00fcd\u00fc\u011f\u00fcnde, aileni sevmenin ne demek oldu\u011funu \u00f6\u011fren. A\u015fa\u011f\u0131laman\u0131n de\u011fil.\u201d<\/p>\n<p>Restorandan ayr\u0131l\u0131rken, arkamda kaos vard\u0131 \u2013 tart\u0131\u015fmalar, a\u011flamalar, su\u00e7lamalar. Ama ben hafifledim. Y\u0131llar\u0131n y\u00fck\u00fcnden kurtulmu\u015ftum. Eve d\u00f6nd\u00fc\u011f\u00fcmde, pencereden y\u0131ld\u0131zlara bakt\u0131m ve d\u00fc\u015f\u00fcnd\u00fcm: Bazen, en b\u00fcy\u00fck hediye, kendine sayg\u0131 duymakt\u0131r.<\/p>\n<p>G\u00fcnler sonra, o\u011flum kap\u0131ma dayand\u0131, \u00f6z\u00fcr dileyerek. Ama kap\u0131y\u0131 a\u00e7mad\u0131m. Yeni bir hayat ba\u015fl\u0131yordu \u2013 benim i\u00e7in.<\/p>\n"},"alt_text":"","media_type":"image","mime_type":"image\/jpeg","media_details":{"width":555,"height":585,"file":"2026\/04\/dw.jpg","filesize":67474,"sizes":{"medium":{"file":"dw-285x300.jpg","width":285,"height":300,"filesize":16419,"mime_type":"image\/jpeg","source_url":"https:\/\/bilgitarif.com\/yeni\/wp-content\/uploads\/2026\/04\/dw-285x300.jpg"},"thumbnail":{"file":"dw-150x150.jpg","width":150,"height":150,"filesize":5839,"mime_type":"image\/jpeg","source_url":"https:\/\/bilgitarif.com\/yeni\/wp-content\/uploads\/2026\/04\/dw-150x150.jpg"},"full":{"file":"dw.jpg","width":555,"height":585,"mime_type":"image\/jpeg","source_url":"https:\/\/bilgitarif.com\/yeni\/wp-content\/uploads\/2026\/04\/dw.jpg"}},"image_meta":{"aperture":"0","credit":"","camera":"","caption":"","created_timestamp":"0","copyright":"","focal_length":"0","iso":"0","shutter_speed":"0","title":"","orientation":"0","keywords":[]}},"post":6025,"source_url":"https:\/\/bilgitarif.com\/yeni\/wp-content\/uploads\/2026\/04\/dw.jpg","_links":{"self":[{"href":"https:\/\/bilgitarif.com\/yeni\/wp-json\/wp\/v2\/media\/6027","targetHints":{"allow":["GET"]}}],"collection":[{"href":"https:\/\/bilgitarif.com\/yeni\/wp-json\/wp\/v2\/media"}],"about":[{"href":"https:\/\/bilgitarif.com\/yeni\/wp-json\/wp\/v2\/types\/attachment"}],"author":[{"embeddable":true,"href":"https:\/\/bilgitarif.com\/yeni\/wp-json\/wp\/v2\/users\/1"}],"replies":[{"embeddable":true,"href":"https:\/\/bilgitarif.com\/yeni\/wp-json\/wp\/v2\/comments?post=6027"}],"wp:attached-to":[{"embeddable":true,"post_type":"post","id":6025,"href":"https:\/\/bilgitarif.com\/yeni\/wp-json\/wp\/v2\/posts\/6025"}],"curies":[{"name":"wp","href":"https:\/\/api.w.org\/{rel}","templated":true}]}}