{"id":5985,"date":"2026-04-28T19:49:37","date_gmt":"2026-04-28T19:49:37","guid":{"rendered":"https:\/\/bilgitarif.com\/yeni\/wp-content\/uploads\/2026\/04\/ttt.jpg"},"modified":"2026-04-28T19:49:39","modified_gmt":"2026-04-28T19:49:39","slug":"ttt-2","status":"inherit","type":"attachment","link":"https:\/\/bilgitarif.com\/yeni\/annemin-her-yilbasi-yemek-goturdugu-evsiz-adami-bu-yil-karsimda-gordugumde-gozlerime-inanamadim\/ttt-2\/","title":{"rendered":"ttt"},"author":1,"featured_media":0,"comment_status":"open","ping_status":"closed","template":"","meta":[],"class_list":["post-5985","attachment","type-attachment","status-inherit","hentry"],"description":{"rendered":"<p class=\"attachment\"><a href='https:\/\/bilgitarif.com\/yeni\/wp-content\/uploads\/2026\/04\/ttt.jpg'><img loading=\"lazy\" decoding=\"async\" width=\"242\" height=\"300\" src=\"https:\/\/bilgitarif.com\/yeni\/wp-content\/uploads\/2026\/04\/ttt-242x300.jpg\" class=\"attachment-medium size-medium\" alt=\"\" srcset=\"https:\/\/bilgitarif.com\/yeni\/wp-content\/uploads\/2026\/04\/ttt-242x300.jpg 242w, https:\/\/bilgitarif.com\/yeni\/wp-content\/uploads\/2026\/04\/ttt.jpg 768w\" sizes=\"auto, (max-width: 242px) 100vw, 242px\" \/><\/a><\/p>\n"},"caption":{"rendered":"<p>Anlam veremiyordum. &#8220;Neden? Neden b\u00f6yle muazzam bir iyili\u011fi, bir mucizeyi benden saklas\u0131n ki?&#8221;<\/p>\n<p>Eren\u2019in g\u00f6zlerindeki ya\u015flar yanaklar\u0131ndan s\u00fcz\u00fcld\u00fc. &#8220;\u00c7\u00fcnk\u00fc iyili\u011fin bir g\u00f6steri\u015f olmad\u0131\u011f\u0131n\u0131, kar\u015f\u0131l\u0131ks\u0131z olmas\u0131 gerekti\u011fini \u00f6\u011frenmeni istiyordu. Bir insana sadece o anki haliyle, hi\u00e7bir beklentiye girmeden merhamet etmeni istiyordu. E\u011fer benim iyile\u015fti\u011fimi ve zengin bir adam oldu\u011fumu bilseydin, o k\u00f6\u015fedeki &#8216;evsiz adam&#8217; senin i\u00e7in bir ba\u015far\u0131 hikayesine d\u00f6n\u00fc\u015fecekti. Oysa annen, senin o k\u00f6\u015fedeki &#8216;\u00e7aresiz adama&#8217; s\u0131rf insan oldu\u011fu i\u00e7in \u015fefkat duyman\u0131 istedi. T\u0131pk\u0131 bu gece, ben buralarda olmasam bile o yeme\u011fi pi\u015firip buraya getirdi\u011fin gibi.&#8221;<\/p>\n<p>G\u00f6zya\u015flar\u0131m art\u0131k yanaklar\u0131mdan sel gibi ak\u0131yordu. Annemin kalbinin b\u00fcy\u00fckl\u00fc\u011f\u00fc kar\u015f\u0131s\u0131nda bir kez daha ezilmi\u015ftim. O, sadece Eren&#8217;i kurtarmam\u0131\u015f, ayn\u0131 zamanda bana hayat\u0131m\u0131n en b\u00fcy\u00fck dersini, en g\u00f6r\u00fcnmez \u015fekilde vermi\u015fti.<\/p>\n<p>&#8220;Annen kanser oldu\u011funu \u00f6\u011frendi\u011finde,&#8221; diye devam etti Eren, sesi titreyerek. &#8220;Ona yalvard\u0131m. Tedavi masraflar\u0131n\u0131 kar\u015f\u0131lamak, onu d\u00fcnyan\u0131n en iyi doktorlar\u0131na g\u00f6t\u00fcrmek istedim. Ama kabul etmedi. &#8216;Benim vaktim doldu Eren, bunu de\u011fi\u015ftiremeyiz&#8217; dedi. Ama benden tek bir \u015fey istedi.&#8221;<\/p>\n<p>Eren elini ceketinin i\u00e7 cebine att\u0131 ve tan\u0131d\u0131k, soluk mavi bir zarf \u00e7\u0131kard\u0131. \u00dczerinde annemin o zarif, sa\u011fa yat\u0131k el yaz\u0131s\u0131yla sadece benim ad\u0131m yaz\u0131yordu. Ellerim titreyerek zarf\u0131 ald\u0131m.<\/p>\n<p>&#8220;Bana dedi ki,&#8221; diye f\u0131s\u0131ldad\u0131 Eren, &#8220;K\u0131z\u0131m ben \u00f6ld\u00fckten sonra tamamen yaln\u0131z kalacak. E\u011fer bu y\u0131lba\u015f\u0131 o yeme\u011fi pi\u015firip o \u00e7ama\u015f\u0131rhaneye getirirse, bil ki benim kalbimi ta\u015f\u0131maya devam ediyor demektir. O zaman kar\u015f\u0131s\u0131na \u00e7\u0131k. Ona art\u0131k yaln\u0131z olmad\u0131\u011f\u0131n\u0131 s\u00f6yle. Ve bu mektubu ona ver.&#8221;<\/p>\n<p>Zarf\u0131 dikkatlice y\u0131rtt\u0131m. \u0130\u00e7inden \u00e7\u0131kan ka\u011f\u0131tta annemin kokusu vard\u0131. G\u00f6zya\u015flar\u0131m ka\u011f\u0131da damlarken okumaya ba\u015flad\u0131m:<\/p>\n<p>&#8220;Can\u0131m k\u0131z\u0131m, her \u015feyim&#8230; E\u011fer \u015fu an bu mektubu okuyorsan, benim g\u00fczel k\u0131z\u0131m oca\u011f\u0131n ba\u015f\u0131na ge\u00e7mi\u015f ve o yeme\u011fi haz\u0131rlay\u0131p gelene\u011fimizi s\u00fcrd\u00fcrm\u00fc\u015f demektir. Seninle ne kadar gurur duysam az. Gitti\u011fim yerde g\u00f6z\u00fcm arkada kalmayacak \u00e7\u00fcnk\u00fc senin ne kadar g\u00fc\u00e7l\u00fc, ne kadar merhametli bir kad\u0131n oldu\u011funu biliyorum. > Senden Eren ger\u00e7e\u011fini saklad\u0131\u011f\u0131m i\u00e7in beni affet. \u0130stedim ki, d\u00fcnyadaki kar\u015f\u0131l\u0131ks\u0131z sevgiyi kendi g\u00f6zlerinle g\u00f6r, kendi kalbinle hisset. Benim bu d\u00fcnyada senden ba\u015fka kimsem yoktu. \u015eimdi sen de beni kaybedince yapayaln\u0131z kald\u0131\u011f\u0131n\u0131 d\u00fc\u015f\u00fcneceksin. Ama yan\u0131l\u0131yorsun. Eren art\u0131k senin ailen. O senin abin, senin koruyucun. L\u00fctfen ona izin ver, birbirinize tutunun. Birbirinizin yaralar\u0131n\u0131 sar\u0131n. Seni her \u015feyden \u00e7ok seviyorum. Y\u0131lba\u015f\u0131 yeme\u011finizi so\u011futmay\u0131n. Sonsuz sevgiyle, Annen.&#8221;<\/p>\n<p>Mektubu g\u00f6\u011fs\u00fcme bast\u0131rd\u0131m ve h\u0131\u00e7k\u0131r\u0131klara bo\u011fuldum. B\u00fct\u00fcn o ac\u0131l\u0131 aylar, hastane koridorlar\u0131ndaki \u00e7aresizli\u011fim, annemi topra\u011fa verdi\u011fim o so\u011fuk g\u00fcn&#8230; Hepsi bir anda i\u00e7imden bo\u015fal\u0131yordu. Ama bu kez hissetti\u011fim \u015fey sadece keder de\u011fildi; muazzam bir sevgi, \u015fefkat ve umuttu.<\/p>\n<p>Eren yerinden kalk\u0131p yan\u0131ma geldi. T\u0131pk\u0131 bir abinin yapaca\u011f\u0131 gibi, g\u00fc\u00e7l\u00fc kollar\u0131yla bana sar\u0131ld\u0131. O an, annemin \u00f6l\u00fcm\u00fcnden beri ilk defa kendimi g\u00fcvende hissettim.<\/p>\n<p>&#8220;Art\u0131k yaln\u0131z de\u011filsin,&#8221; diye f\u0131s\u0131ldad\u0131 sa\u00e7lar\u0131m\u0131 ok\u015farken. &#8220;O yeme\u011fi sadece bu gece de\u011fil, her y\u0131lba\u015f\u0131 benim evimde, b\u00fcy\u00fck bir sofrada birlikte yiyece\u011fiz. Annenin tenceresiyle.&#8221;<\/p>\n<p>O gece \u00e7ama\u015f\u0131rhanenin o soluk \u0131\u015f\u0131klar\u0131 alt\u0131nda, masan\u0131n \u00fczerine serdi\u011fimiz o folyoya sar\u0131l\u0131 yeme\u011fi birlikte yedik. Annemin f\u0131r\u0131nda nar gibi k\u0131zartt\u0131\u011f\u0131 tavuk, patates p\u00fcresi&#8230; G\u00f6zya\u015flar\u0131m\u0131z g\u00fcl\u00fcmsemelerimize kar\u0131\u015f\u0131yordu. Annem bedenen aram\u0131zdan ayr\u0131lm\u0131\u015ft\u0131 belki ama sevgisi \u00f6ylesine b\u00fcy\u00fckt\u00fc ki, \u00f6l\u00fcm\u00fcnden sonra bile beni o \u00e7ama\u015f\u0131rhanede bulmu\u015f ve bana yepyeni bir aile hediye etmi\u015fti.<\/p>\n<p>Ve ben art\u0131k biliyordum; ne olursa olsun, annemin o s\u0131cak ve \u015fefkatli elleri hayat\u0131m boyunca hep omuzlar\u0131mda olacakt\u0131.<\/p>\n"},"alt_text":"","media_type":"image","mime_type":"image\/jpeg","media_details":{"width":768,"height":953,"file":"2026\/04\/ttt.jpg","filesize":171497,"sizes":{"medium":{"file":"ttt-242x300.jpg","width":242,"height":300,"filesize":20165,"mime_type":"image\/jpeg","source_url":"https:\/\/bilgitarif.com\/yeni\/wp-content\/uploads\/2026\/04\/ttt-242x300.jpg"},"thumbnail":{"file":"ttt-150x150.jpg","width":150,"height":150,"filesize":7685,"mime_type":"image\/jpeg","source_url":"https:\/\/bilgitarif.com\/yeni\/wp-content\/uploads\/2026\/04\/ttt-150x150.jpg"},"full":{"file":"ttt.jpg","width":768,"height":953,"mime_type":"image\/jpeg","source_url":"https:\/\/bilgitarif.com\/yeni\/wp-content\/uploads\/2026\/04\/ttt.jpg"}},"image_meta":{"aperture":"0","credit":"","camera":"","caption":"","created_timestamp":"0","copyright":"","focal_length":"0","iso":"0","shutter_speed":"0","title":"","orientation":"0","keywords":[]}},"post":5983,"source_url":"https:\/\/bilgitarif.com\/yeni\/wp-content\/uploads\/2026\/04\/ttt.jpg","_links":{"self":[{"href":"https:\/\/bilgitarif.com\/yeni\/wp-json\/wp\/v2\/media\/5985","targetHints":{"allow":["GET"]}}],"collection":[{"href":"https:\/\/bilgitarif.com\/yeni\/wp-json\/wp\/v2\/media"}],"about":[{"href":"https:\/\/bilgitarif.com\/yeni\/wp-json\/wp\/v2\/types\/attachment"}],"author":[{"embeddable":true,"href":"https:\/\/bilgitarif.com\/yeni\/wp-json\/wp\/v2\/users\/1"}],"replies":[{"embeddable":true,"href":"https:\/\/bilgitarif.com\/yeni\/wp-json\/wp\/v2\/comments?post=5985"}],"wp:attached-to":[{"embeddable":true,"post_type":"post","id":5983,"href":"https:\/\/bilgitarif.com\/yeni\/wp-json\/wp\/v2\/posts\/5983"}],"curies":[{"name":"wp","href":"https:\/\/api.w.org\/{rel}","templated":true}]}}