{"id":5980,"date":"2026-04-28T19:45:08","date_gmt":"2026-04-28T19:45:08","guid":{"rendered":"https:\/\/bilgitarif.com\/yeni\/wp-content\/uploads\/2026\/04\/g.jpg"},"modified":"2026-04-28T19:45:22","modified_gmt":"2026-04-28T19:45:22","slug":"g-6","status":"inherit","type":"attachment","link":"https:\/\/bilgitarif.com\/yeni\/yeni-dogan-bebegimi-eve-getirdim-gunler-sonra-esimin-telefonunda-gordugum-mesaj-her-seyi-altust-etti\/g-6\/","title":{"rendered":"Yeni Do\u011fan Bebe\u011fimi Eve Getirdim\u2026 G\u00fcnler Sonra E\u015fimin Telefonunda G\u00f6rd\u00fc\u011f\u00fcm Mesaj Her \u015eeyi Alt\u00fcst Etti"},"author":1,"featured_media":0,"comment_status":"open","ping_status":"closed","template":"","meta":[],"class_list":["post-5980","attachment","type-attachment","status-inherit","hentry"],"description":{"rendered":"<p class=\"attachment\"><a href='https:\/\/bilgitarif.com\/yeni\/wp-content\/uploads\/2026\/04\/g.jpg'><img loading=\"lazy\" decoding=\"async\" width=\"200\" height=\"300\" src=\"https:\/\/bilgitarif.com\/yeni\/wp-content\/uploads\/2026\/04\/g-200x300.jpg\" class=\"attachment-medium size-medium\" alt=\"\" srcset=\"https:\/\/bilgitarif.com\/yeni\/wp-content\/uploads\/2026\/04\/g-200x300.jpg 200w, https:\/\/bilgitarif.com\/yeni\/wp-content\/uploads\/2026\/04\/g-683x1024.jpg 683w, https:\/\/bilgitarif.com\/yeni\/wp-content\/uploads\/2026\/04\/g-768x1152.jpg 768w, https:\/\/bilgitarif.com\/yeni\/wp-content\/uploads\/2026\/04\/g.jpg 1024w\" sizes=\"auto, (max-width: 200px) 100vw, 200px\" \/><\/a><\/p>\n"},"caption":{"rendered":"<p>\u201cG\u00f6z\u00fcn\u00fcz ayd\u0131n, bir k\u0131z\u0131n\u0131z oldu,\u201d dediklerinde a\u011flamaktan kendimi alamam\u0131\u015ft\u0131m. Y\u0131llard\u0131r anne olmay\u0131 hayal ediyordum. Ama eve d\u00f6nd\u00fckten sonra i\u00e7imde a\u00e7\u0131klayamad\u0131\u011f\u0131m bir huzursuzluk ba\u015flad\u0131. K\u0131z\u0131m\u0131n kula\u011f\u0131n\u0131n alt\u0131ndaki k\u00fc\u00e7\u00fck k\u0131rm\u0131z\u0131 izi hat\u0131rl\u0131yordum\u2026 ama be\u015fikte yatan bebekte o iz yoktu. Sa\u00e7lar\u0131 farkl\u0131yd\u0131, a\u011flamas\u0131 bile bana yabanc\u0131 geliyordu. E\u015fim Murat\u2019a s\u00f6yledi\u011fimde beni ge\u00e7i\u015ftirdi. Ama onun da davran\u0131\u015flar\u0131 de\u011fi\u015fmi\u015fti. Sonra o mesaj\u0131 g\u00f6rd\u00fcm: \u201cE\u015fin asla de\u011fi\u015fimi \u00f6\u011frenmemeli.\u201d Hi\u00e7 d\u00fc\u015f\u00fcnmeden bebe\u011fi al\u0131p hastaneye gittim. Ba\u015fhem\u015firenin odas\u0131na girdi\u011fimde kar\u015f\u0131mdaki ki\u015fiyi g\u00f6r\u00fcnce \u00e7\u0131\u011fl\u0131k att\u0131m.<\/p>\n<p>Kar\u015f\u0131mda Murat\u2019\u0131n eski sevgilisi duruyordu. Ad\u0131n\u0131 y\u0131llar \u00f6nce duymu\u015ftum ama hi\u00e7 kar\u015f\u0131la\u015fmam\u0131\u015ft\u0131k. \u00dczerinde hem\u015fire \u00fcniformas\u0131 vard\u0131. Bir an g\u00f6z g\u00f6ze geldik. Y\u00fcz\u00fcndeki panik her \u015feyi ele veriyordu. \u201cSen\u2026\u201d dedim, nefesim kesilmi\u015fti. \u201cBurada ne yap\u0131yorsun?\u201d Kad\u0131n bir ad\u0131m geri \u00e7ekildi. Kap\u0131y\u0131 kapatan g\u00f6revli sessizce d\u0131\u015far\u0131 \u00e7\u0131kt\u0131. Oda bir anda a\u011f\u0131r bir sessizli\u011fe b\u00fcr\u00fcnd\u00fc.<\/p>\n<p>\u201cBu\u2026 bir yanl\u0131\u015f anla\u015f\u0131lma,\u201d dedi kad\u0131n. Ama sesi titriyordu. Elimdeki bebe\u011fe bakt\u0131, sonra g\u00f6zlerini ka\u00e7\u0131rd\u0131. \u201cYanl\u0131\u015f anla\u015f\u0131lma m\u0131?\u201d diye ba\u011f\u0131rd\u0131m. \u201cBenim bebe\u011fim nerede?\u201d Sesim o kadar y\u00fcksekti ki koridordan ayak sesleri geldi ama kimse i\u00e7eri girmedi. Kad\u0131n dudaklar\u0131n\u0131 \u0131s\u0131rd\u0131. \u201cL\u00fctfen sakin ol,\u201d dedi. \u201cHer \u015feyi a\u00e7\u0131klayabilirim.\u201d<\/p>\n<p>\u201c\u015eimdi,\u201d dedim di\u015flerimi s\u0131karak. \u201cHemen.\u201d<\/p>\n<p>Kad\u0131n derin bir nefes ald\u0131. \u201cMurat\u2026 bana ula\u015ft\u0131,\u201d dedi sonunda. Bu c\u00fcmleyle birlikte i\u00e7imdeki son umut k\u0131r\u0131nt\u0131s\u0131 da yok oldu. \u201cDo\u011fumdan \u00f6nce beni buldu. Y\u0131llard\u0131r konu\u015fmuyorduk ama\u2026\u201d sustu. \u201cAma ne?\u201d diye bast\u0131rd\u0131m.<\/p>\n<p>\u201cBen de hamileydim,\u201d dedi.<\/p>\n<p>D\u00fcnya bir an durdu.<\/p>\n<p>\u201cElimdeki bebek\u2026\u201d diye f\u0131s\u0131ldad\u0131m.<\/p>\n<p>Kad\u0131n g\u00f6zlerini kapatt\u0131. \u201cBenim k\u0131z\u0131m,\u201d dedi.<\/p>\n<p>O an dizlerimin ba\u011f\u0131 \u00e7\u00f6z\u00fcld\u00fc. Sandalyeye tutunarak ayakta kalabildim. \u201cBu nas\u0131l m\u00fcmk\u00fcn olabilir?\u201d diye f\u0131s\u0131ldad\u0131m. \u201cBenim bebe\u011fim nerede?\u201d<\/p>\n<p>Kad\u0131n a\u011flamaya ba\u015flad\u0131. \u201cSenin bebe\u011fin\u2026 yo\u011fun bak\u0131mda,\u201d dedi.<\/p>\n<p>Kalbim g\u00f6\u011fs\u00fcmden \u00e7\u0131kacak gibi oldu. \u201cNe?\u201d<\/p>\n<p>\u201cDo\u011fumdan sonra bir komplikasyon oldu. Nefes almakta zorland\u0131. Doktorlar m\u00fcdahale etti. Ama Murat\u2026 bunu sana s\u00f6ylememi istemedi.\u201d<\/p>\n<p>G\u00f6zlerim karard\u0131. \u201cO y\u00fczden mi bebe\u011fimi de\u011fi\u015ftirdiniz?\u201d<\/p>\n<p>Kad\u0131n ba\u015f\u0131n\u0131 sallad\u0131. \u201cMurat, senin bunu kald\u0131ramayaca\u011f\u0131n\u0131 d\u00fc\u015f\u00fcnd\u00fc. Seni korudu\u011funu sand\u0131. Ben de\u2026 ben de hata yapt\u0131m. Kendi bebe\u011fimi sana verdim. Senin bebe\u011fini de hastanede tuttuk. Sadece birka\u00e7 g\u00fcnl\u00fc\u011f\u00fcne\u2026 her \u015fey d\u00fczelene kadar.\u201d<\/p>\n<p>\u201cBirka\u00e7 g\u00fcn m\u00fc?\u201d diye ba\u011f\u0131rd\u0131m. \u201cBu bir bebek! Bu benim k\u0131z\u0131m!\u201d<\/p>\n<p>Kap\u0131 a\u00e7\u0131ld\u0131. \u0130\u00e7eri ya\u015fl\u0131 bir doktor girdi. Y\u00fcz\u00fc ciddi ve yorgundu. \u201cHer \u015feyi duydum,\u201d dedi sakin ama kararl\u0131 bir sesle. \u201cBu durum kontrol\u00fcm\u00fczden \u00e7\u0131kt\u0131.\u201d Bana d\u00f6nd\u00fc. \u201cBebe\u011finiz hayatta. Yo\u011fun bak\u0131mda ama durumu stabil.\u201d<\/p>\n<p>G\u00f6zya\u015flar\u0131m akmaya ba\u015flad\u0131. \u201cOnu g\u00f6rmek istiyorum,\u201d dedim..<\/p>\n"},"alt_text":"","media_type":"image","mime_type":"image\/jpeg","media_details":{"width":1024,"height":1536,"file":"2026\/04\/g.jpg","filesize":204024,"sizes":{"medium":{"file":"g-200x300.jpg","width":200,"height":300,"filesize":11304,"mime_type":"image\/jpeg","source_url":"https:\/\/bilgitarif.com\/yeni\/wp-content\/uploads\/2026\/04\/g-200x300.jpg"},"large":{"file":"g-683x1024.jpg","width":683,"height":1024,"filesize":97335,"mime_type":"image\/jpeg","source_url":"https:\/\/bilgitarif.com\/yeni\/wp-content\/uploads\/2026\/04\/g-683x1024.jpg"},"thumbnail":{"file":"g-150x150.jpg","width":150,"height":150,"filesize":5774,"mime_type":"image\/jpeg","source_url":"https:\/\/bilgitarif.com\/yeni\/wp-content\/uploads\/2026\/04\/g-150x150.jpg"},"medium_large":{"file":"g-768x1152.jpg","width":768,"height":1152,"filesize":121164,"mime_type":"image\/jpeg","source_url":"https:\/\/bilgitarif.com\/yeni\/wp-content\/uploads\/2026\/04\/g-768x1152.jpg"},"full":{"file":"g.jpg","width":1024,"height":1536,"mime_type":"image\/jpeg","source_url":"https:\/\/bilgitarif.com\/yeni\/wp-content\/uploads\/2026\/04\/g.jpg"}},"image_meta":{"aperture":"0","credit":"","camera":"","caption":"","created_timestamp":"0","copyright":"","focal_length":"0","iso":"0","shutter_speed":"0","title":"","orientation":"0","keywords":[]}},"post":5979,"source_url":"https:\/\/bilgitarif.com\/yeni\/wp-content\/uploads\/2026\/04\/g.jpg","_links":{"self":[{"href":"https:\/\/bilgitarif.com\/yeni\/wp-json\/wp\/v2\/media\/5980","targetHints":{"allow":["GET"]}}],"collection":[{"href":"https:\/\/bilgitarif.com\/yeni\/wp-json\/wp\/v2\/media"}],"about":[{"href":"https:\/\/bilgitarif.com\/yeni\/wp-json\/wp\/v2\/types\/attachment"}],"author":[{"embeddable":true,"href":"https:\/\/bilgitarif.com\/yeni\/wp-json\/wp\/v2\/users\/1"}],"replies":[{"embeddable":true,"href":"https:\/\/bilgitarif.com\/yeni\/wp-json\/wp\/v2\/comments?post=5980"}],"wp:attached-to":[{"embeddable":true,"post_type":"post","id":5979,"href":"https:\/\/bilgitarif.com\/yeni\/wp-json\/wp\/v2\/posts\/5979"}],"curies":[{"name":"wp","href":"https:\/\/api.w.org\/{rel}","templated":true}]}}