{"id":5977,"date":"2026-04-28T19:42:51","date_gmt":"2026-04-28T19:42:51","guid":{"rendered":"https:\/\/bilgitarif.com\/yeni\/wp-content\/uploads\/2026\/04\/uyk.jpg"},"modified":"2026-04-28T19:42:54","modified_gmt":"2026-04-28T19:42:54","slug":"uyk","status":"inherit","type":"attachment","link":"https:\/\/bilgitarif.com\/yeni\/uyku-problemleri-icin-ne-zaman-doktora-gorunmelisiniz\/uyk\/","title":{"rendered":"uyk"},"author":1,"featured_media":0,"comment_status":"open","ping_status":"closed","template":"","meta":[],"class_list":["post-5977","attachment","type-attachment","status-inherit","hentry"],"description":{"rendered":"<p class=\"attachment\"><a href='https:\/\/bilgitarif.com\/yeni\/wp-content\/uploads\/2026\/04\/uyk.jpg'><img loading=\"lazy\" decoding=\"async\" width=\"300\" height=\"179\" src=\"https:\/\/bilgitarif.com\/yeni\/wp-content\/uploads\/2026\/04\/uyk-300x179.jpg\" class=\"attachment-medium size-medium\" alt=\"\" srcset=\"https:\/\/bilgitarif.com\/yeni\/wp-content\/uploads\/2026\/04\/uyk-300x179.jpg 300w, https:\/\/bilgitarif.com\/yeni\/wp-content\/uploads\/2026\/04\/uyk.jpg 647w\" sizes=\"auto, (max-width: 300px) 100vw, 300px\" \/><\/a><\/p>\n"},"caption":{"rendered":"<p>G\u00fcn Boyu S\u00fcren Bitkinlik Hali<br \/>\nGece tam s\u00fcre uyuman\u0131za ra\u011fmen g\u00fcn i\u00e7inde kendinizi a\u015f\u0131r\u0131 yorgun hissetmek, \u00f6nemli bir uyar\u0131 i\u015faretidir. Bu durum genellikle uyku s\u00fcresinin azl\u0131\u011f\u0131ndan ziyade, uyku kalitesinin d\u00fc\u015f\u00fckl\u00fc\u011f\u00fcne i\u015faret eder. Uyku Apnesi gibi durumlar, siz fark\u0131nda olmadan gece boyu nefesinizi keserek uykunuzun s\u0131k s\u0131k b\u00f6l\u00fcnmesine neden olabilir.<\/p>\n<p>\u015eu belirtilere dikkat edin:<\/p>\n<p>\u015eiddetli horlama<\/p>\n<p>Gece nefessiz kalarak uyanma<\/p>\n<p>Sabahlar\u0131 g\u00f6r\u00fclen ba\u015f a\u011fr\u0131lar\u0131<\/p>\n<p>Uyand\u0131\u011f\u0131n\u0131zda a\u011f\u0131z kurulu\u011fu<\/p>\n<p>3. Ruh Sa\u011fl\u0131\u011f\u0131n\u0131 Etkileyen Uyku Sorunlar\u0131<br \/>\nUyku ve ruh sa\u011fl\u0131\u011f\u0131 birbirine derinden ba\u011fl\u0131d\u0131r. E\u011fer uyku sorunlar\u0131n\u0131za \u015funlar e\u015flik ediyorsa profesyonel yard\u0131m alman\u0131z \u00f6nemlidir:<\/p>\n<p>Kayg\u0131 ve endi\u015fe hali<\/p>\n<p>Karamsarl\u0131k ve depresif hisler<\/p>\n<p>Duygu durum dalgalanmalar\u0131<\/p>\n<p>Y\u00fcksek stres seviyeleri<\/p>\n<p>Yetersiz uyku, ruhsal durumlar\u0131 k\u00f6t\u00fcle\u015ftirerek i\u00e7inden \u00e7\u0131k\u0131lmas\u0131 zor, zararl\u0131 bir d\u00f6ng\u00fc yaratabilir.<\/p>\n<p>4. Gece Ya\u015fanan Fiziksel Rahats\u0131zl\u0131klar<br \/>\nBaz\u0131 fiziksel durumlar konforlu bir uykuyu imkans\u0131z hale getirebilir. Yayg\u0131n \u00f6rnekler \u015funlard\u0131r:<\/p>\n<p>Bacaklarda hareket etme iste\u011fi uyand\u0131ran Huzursuz Bacak Sendromu<\/p>\n<p>Kronik a\u011fr\u0131lar<\/p>\n<p>Mide yanmas\u0131 ve refl\u00fc<\/p>\n<p>Geceleri s\u0131k idrar \u00e7\u0131kma<\/p>\n<p>E\u011fer v\u00fccudunuz d\u00fczg\u00fcn dinlenmenize izin vermiyorsa, t\u0131bbi bir de\u011ferlendirme \u015fartt\u0131r.<\/p>\n<p>5. Ola\u011fand\u0131\u015f\u0131 Uyku Davran\u0131\u015flar\u0131 veya Kabuslar<br \/>\nUyku bozukluklar\u0131 sadece uykusuzluktan ibaret de\u011fildir. Baz\u0131 durumlar \u015fu garip davran\u0131\u015flar\u0131 i\u00e7erebilir:<\/p>\n<p>Uyurgezerlik<\/p>\n<p>Uykuda konu\u015fma<\/p>\n<p>R\u00fcyalar\u0131 fiziksel olarak ya\u015fama (hareket etme)<\/p>\n<p>S\u0131k ve yo\u011fun kabuslar<\/p>\n<p>Bunlar, derinlerde yatan n\u00f6rolojik veya psikolojik durumlar\u0131n i\u015fareti olabilir ve bir doktor taraf\u0131ndan incelenmelidir.<\/p>\n<p>6. Uyku D\u00fczenindeki Ani De\u011fi\u015fimler<br \/>\nE\u011fer uyku program\u0131n\u0131z belirgin bir sebep olmaks\u0131z\u0131n aniden de\u011fi\u015firse (\u00f6rne\u011fin her gece ayn\u0131 saatte uyanmaya ba\u015flarsan\u0131z), bu durum \u015funlarla ba\u011flant\u0131l\u0131 olabilir:<\/p>\n<p>Hormonal dengesizlikler<\/p>\n<p>Yo\u011fun stres<\/p>\n<p>Altta yatan ba\u015fka sa\u011fl\u0131k sorunlar\u0131<\/p>\n<p>\u00d6zellikle kal\u0131c\u0131 hale gelen ani kesintiler asla g\u00f6rmezden gelinmemelidir.<\/p>\n<p>7. Ya\u015fam Tarz\u0131 De\u011fi\u015fikliklerine Ra\u011fmen \u0130yile\u015fme Olmamas\u0131<br \/>\nPek \u00e7ok insan uyku sorunlar\u0131n\u0131 \u015fu yollarla \u00e7\u00f6zmeye \u00e7al\u0131\u015f\u0131r:<\/p>\n<p>Kafein t\u00fcketimini azaltmak<\/p>\n<p>Yatmadan \u00f6nce ekran kullan\u0131m\u0131n\u0131 s\u0131n\u0131rlamak<\/p>\n<p>Uyku \u00f6ncesi rutinlerini iyile\u015ftirmek<\/p>\n<p>\u00d6rne\u011fin Samsun\u2019da ya\u015fayan Bahar, t\u00fcm bu y\u00f6ntemleri denemesine ra\u011fmen uykusuzluk \u00e7ekmeye devam edince Ondokuz May\u0131s \u00dcniversitesi Hastanesi\u2019ndeki uzmanlara ba\u015fvurarak \u00e7\u00f6z\u00fcm bulmu\u015ftur. E\u011fer bu t\u00fcr de\u011fi\u015fiklikler i\u015fe yaram\u0131yorsa, sorun t\u0131bbi bir te\u015fhis ve tedavi gerektiriyor olabilir.<\/p>\n<p>Sonu\u00e7<br \/>\nAra s\u0131ra ya\u015fanan uyku problemleri normaldir ancak kal\u0131c\u0131 veya \u015fiddetli sorunlar asla hafife al\u0131nmamal\u0131d\u0131r. E\u011fer uyku g\u00fc\u00e7l\u00fckleriniz haftalarca s\u00fcr\u00fcyorsa, g\u00fcnl\u00fck hayat\u0131n\u0131z\u0131 etkiliyorsa, al\u0131\u015f\u0131lmad\u0131k belirtiler i\u00e7eriyorsa ve basit al\u0131\u015fkanl\u0131klarla d\u00fczelmiyorsa, bir doktora g\u00f6r\u00fcnme vaktiniz gelmi\u015f demektir.<\/p>\n<p>Erken m\u00fcdahale, temel nedeni belirlemenize, uyku kalitenizi art\u0131rman\u0131za ve genel sa\u011fl\u0131\u011f\u0131n\u0131z\u0131 koruman\u0131za yard\u0131mc\u0131 olur.<\/p>\n"},"alt_text":"","media_type":"image","mime_type":"image\/jpeg","media_details":{"width":647,"height":386,"file":"2026\/04\/uyk.jpg","filesize":158472,"sizes":{"medium":{"file":"uyk-300x179.jpg","width":300,"height":179,"filesize":11643,"mime_type":"image\/jpeg","source_url":"https:\/\/bilgitarif.com\/yeni\/wp-content\/uploads\/2026\/04\/uyk-300x179.jpg"},"thumbnail":{"file":"uyk-150x150.jpg","width":150,"height":150,"filesize":6057,"mime_type":"image\/jpeg","source_url":"https:\/\/bilgitarif.com\/yeni\/wp-content\/uploads\/2026\/04\/uyk-150x150.jpg"},"full":{"file":"uyk.jpg","width":647,"height":386,"mime_type":"image\/jpeg","source_url":"https:\/\/bilgitarif.com\/yeni\/wp-content\/uploads\/2026\/04\/uyk.jpg"}},"image_meta":{"aperture":"0","credit":"","camera":"","caption":"","created_timestamp":"0","copyright":"","focal_length":"0","iso":"0","shutter_speed":"0","title":"","orientation":"0","keywords":[]}},"post":5975,"source_url":"https:\/\/bilgitarif.com\/yeni\/wp-content\/uploads\/2026\/04\/uyk.jpg","_links":{"self":[{"href":"https:\/\/bilgitarif.com\/yeni\/wp-json\/wp\/v2\/media\/5977","targetHints":{"allow":["GET"]}}],"collection":[{"href":"https:\/\/bilgitarif.com\/yeni\/wp-json\/wp\/v2\/media"}],"about":[{"href":"https:\/\/bilgitarif.com\/yeni\/wp-json\/wp\/v2\/types\/attachment"}],"author":[{"embeddable":true,"href":"https:\/\/bilgitarif.com\/yeni\/wp-json\/wp\/v2\/users\/1"}],"replies":[{"embeddable":true,"href":"https:\/\/bilgitarif.com\/yeni\/wp-json\/wp\/v2\/comments?post=5977"}],"wp:attached-to":[{"embeddable":true,"post_type":"post","id":5975,"href":"https:\/\/bilgitarif.com\/yeni\/wp-json\/wp\/v2\/posts\/5975"}],"curies":[{"name":"wp","href":"https:\/\/api.w.org\/{rel}","templated":true}]}}