{"id":5976,"date":"2026-04-28T19:42:12","date_gmt":"2026-04-28T19:42:12","guid":{"rendered":"https:\/\/bilgitarif.com\/yeni\/wp-content\/uploads\/2026\/04\/bb.jpg"},"modified":"2026-04-28T19:42:39","modified_gmt":"2026-04-28T19:42:39","slug":"bb-2","status":"inherit","type":"attachment","link":"https:\/\/bilgitarif.com\/yeni\/uyku-problemleri-icin-ne-zaman-doktora-gorunmelisiniz\/bb-2\/","title":{"rendered":"Uyku Problemleri \u0130\u00e7in Ne Zaman Doktora G\u00f6r\u00fcnmelisiniz."},"author":1,"featured_media":0,"comment_status":"open","ping_status":"closed","template":"","meta":[],"class_list":["post-5976","attachment","type-attachment","status-inherit","hentry"],"description":{"rendered":"<p class=\"attachment\"><a href='https:\/\/bilgitarif.com\/yeni\/wp-content\/uploads\/2026\/04\/bb.jpg'><img loading=\"lazy\" decoding=\"async\" width=\"250\" height=\"300\" src=\"https:\/\/bilgitarif.com\/yeni\/wp-content\/uploads\/2026\/04\/bb-250x300.jpg\" class=\"attachment-medium size-medium\" alt=\"\" srcset=\"https:\/\/bilgitarif.com\/yeni\/wp-content\/uploads\/2026\/04\/bb-250x300.jpg 250w, https:\/\/bilgitarif.com\/yeni\/wp-content\/uploads\/2026\/04\/bb-853x1024.jpg 853w, https:\/\/bilgitarif.com\/yeni\/wp-content\/uploads\/2026\/04\/bb-768x922.jpg 768w, https:\/\/bilgitarif.com\/yeni\/wp-content\/uploads\/2026\/04\/bb.jpg 1000w\" sizes=\"auto, (max-width: 250px) 100vw, 250px\" \/><\/a><\/p>\n"},"caption":{"rendered":"<p>Uyku Sorunlar\u0131 Ne Zaman Ciddiye Al\u0131nmal\u0131?<br \/>\nUyku, hem fiziksel hem de zihinsel sa\u011fl\u0131\u011f\u0131 korumada hayati bir rol oynar. Ara s\u0131ra uykunun b\u00f6l\u00fcnmesi normal olsa da, devam eden sorunlar daha derin sa\u011fl\u0131k problemlerinin habercisi olabilir. Uzun vadeli sonu\u00e7lar\u0131 \u00f6nlemek ve sa\u011fl\u0131kl\u0131 uyku d\u00fczenine yeniden kavu\u015fmak i\u00e7in ne zaman t\u0131bbi yard\u0131m alman\u0131z gerekti\u011fini bilmek \u00e7ok \u00f6nemlidir.<\/p>\n<p>Haftalarca S\u00fcren \u0130nat\u00e7\u0131 Uyku Sorunlar\u0131<br \/>\nE\u011fer birka\u00e7 haftadan uzun bir s\u00fcredir uykuya dalmakta zorluk \u00e7ekiyor, gece boyu uykuda kalam\u0131yor veya \u00e7ok erken uyan\u0131yorsan\u0131z, bu durum ge\u00e7ici bir stresten daha fazlas\u0131 olabilir. Bu belirtiler genellikle uykusuzluk hastal\u0131\u011f\u0131 (insomnia) ile ili\u015fkilendirilir ve g\u00f6z ard\u0131 edilmemelidir.<\/p>\n<p>Kronik uyku sorunlar\u0131 \u015funlara yol a\u00e7abilir.<\/p>\n"},"alt_text":"","media_type":"image","mime_type":"image\/jpeg","media_details":{"width":1000,"height":1200,"file":"2026\/04\/bb.jpg","filesize":218033,"sizes":{"medium":{"file":"bb-250x300.jpg","width":250,"height":300,"filesize":20701,"mime_type":"image\/jpeg","source_url":"https:\/\/bilgitarif.com\/yeni\/wp-content\/uploads\/2026\/04\/bb-250x300.jpg"},"large":{"file":"bb-853x1024.jpg","width":853,"height":1024,"filesize":119168,"mime_type":"image\/jpeg","source_url":"https:\/\/bilgitarif.com\/yeni\/wp-content\/uploads\/2026\/04\/bb-853x1024.jpg"},"thumbnail":{"file":"bb-150x150.jpg","width":150,"height":150,"filesize":7960,"mime_type":"image\/jpeg","source_url":"https:\/\/bilgitarif.com\/yeni\/wp-content\/uploads\/2026\/04\/bb-150x150.jpg"},"medium_large":{"file":"bb-768x922.jpg","width":768,"height":922,"filesize":102576,"mime_type":"image\/jpeg","source_url":"https:\/\/bilgitarif.com\/yeni\/wp-content\/uploads\/2026\/04\/bb-768x922.jpg"},"full":{"file":"bb.jpg","width":1000,"height":1200,"mime_type":"image\/jpeg","source_url":"https:\/\/bilgitarif.com\/yeni\/wp-content\/uploads\/2026\/04\/bb.jpg"}},"image_meta":{"aperture":"0","credit":"","camera":"","caption":"","created_timestamp":"0","copyright":"","focal_length":"0","iso":"0","shutter_speed":"0","title":"","orientation":"0","keywords":[]}},"post":5975,"source_url":"https:\/\/bilgitarif.com\/yeni\/wp-content\/uploads\/2026\/04\/bb.jpg","_links":{"self":[{"href":"https:\/\/bilgitarif.com\/yeni\/wp-json\/wp\/v2\/media\/5976","targetHints":{"allow":["GET"]}}],"collection":[{"href":"https:\/\/bilgitarif.com\/yeni\/wp-json\/wp\/v2\/media"}],"about":[{"href":"https:\/\/bilgitarif.com\/yeni\/wp-json\/wp\/v2\/types\/attachment"}],"author":[{"embeddable":true,"href":"https:\/\/bilgitarif.com\/yeni\/wp-json\/wp\/v2\/users\/1"}],"replies":[{"embeddable":true,"href":"https:\/\/bilgitarif.com\/yeni\/wp-json\/wp\/v2\/comments?post=5976"}],"wp:attached-to":[{"embeddable":true,"post_type":"post","id":5975,"href":"https:\/\/bilgitarif.com\/yeni\/wp-json\/wp\/v2\/posts\/5975"}],"curies":[{"name":"wp","href":"https:\/\/api.w.org\/{rel}","templated":true}]}}