{"id":5960,"date":"2026-04-28T19:08:32","date_gmt":"2026-04-28T19:08:32","guid":{"rendered":"https:\/\/bilgitarif.com\/yeni\/wp-content\/uploads\/2026\/04\/tr.png"},"modified":"2026-04-28T19:08:53","modified_gmt":"2026-04-28T19:08:53","slug":"tr","status":"inherit","type":"attachment","link":"https:\/\/bilgitarif.com\/yeni\/albay-yeni-gelen-kadina-bagiriyor-ve-butun-bolugun-onunde-ona-hakaret-ediyordu\/tr\/","title":{"rendered":"Albay yeni gelen kad\u0131na ba\u011f\u0131r\u0131yor ve b\u00fct\u00fcn b\u00f6l\u00fc\u011f\u00fcn \u00f6n\u00fcnde ona hakaret ediyordu"},"author":1,"featured_media":0,"comment_status":"open","ping_status":"closed","template":"","meta":[],"class_list":["post-5960","attachment","type-attachment","status-inherit","hentry"],"description":{"rendered":"<p class=\"attachment\"><a href='https:\/\/bilgitarif.com\/yeni\/wp-content\/uploads\/2026\/04\/tr.png'><img loading=\"lazy\" decoding=\"async\" width=\"205\" height=\"300\" src=\"https:\/\/bilgitarif.com\/yeni\/wp-content\/uploads\/2026\/04\/tr-205x300.png\" class=\"attachment-medium size-medium\" alt=\"\" srcset=\"https:\/\/bilgitarif.com\/yeni\/wp-content\/uploads\/2026\/04\/tr-205x300.png 205w, https:\/\/bilgitarif.com\/yeni\/wp-content\/uploads\/2026\/04\/tr.png 443w\" sizes=\"auto, (max-width: 205px) 100vw, 205px\" \/><\/a><\/p>\n"},"caption":{"rendered":"<p>\u201cAlbay yeni gelen kad\u0131na ba\u011f\u0131r\u0131yor ve b\u00fct\u00fcn b\u00f6l\u00fc\u011f\u00fcn \u00f6n\u00fcnde ona hakaret ediyordu, ama o cebinden bunu \u00e7\u0131kar\u0131nca her \u015fey bir anda de\u011fi\u015fti\u2026 &#x1f633;&#x1f62e;<\/p>\n<p>K\u0131\u015flada tam da albay ba\u011f\u0131rmaya ba\u015flad\u0131\u011f\u0131 anda al\u0131\u015f\u0131lmad\u0131k bir sessizlik oldu. Birka\u00e7 saniye \u00f6nce ayak sesleri yank\u0131lan\u0131yor, emirler duyuluyor, baz\u0131lar\u0131 al\u00e7ak sesle konu\u015fuyordu; \u015fimdi ise sanki ses tamamen kapat\u0131lm\u0131\u015ft\u0131. T\u00fcm bak\u0131\u015flar tek bir sahneye \u00e7evrilmi\u015fti.<\/p>\n<p>Kar\u015f\u0131s\u0131nda sivil k\u0131yafetli bir kad\u0131n duruyordu \u2014 parlak k\u0131rm\u0131z\u0131 tak\u0131m elbisesi koyu ye\u015fil \u00fcniformalar\u0131n aras\u0131nda keskin bi\u00e7imde \u00f6ne \u00e7\u0131k\u0131yordu. Birli\u011fe yeni gelmi\u015fti ve belgelere g\u00f6re s\u0131radan askerlerle ayn\u0131 \u015fekilde g\u00f6rev yapacakt\u0131. Ama ilk saniyelerden itibaren a\u00e7\u0131k\u00e7a belli oldu: burada kimse onun geli\u015finden memnun de\u011fildi, \u00f6zellikle de albay.<\/p>\n"},"alt_text":"","media_type":"image","mime_type":"image\/png","media_details":{"width":443,"height":648,"file":"2026\/04\/tr.png","filesize":584372,"sizes":{"medium":{"file":"tr-205x300.png","width":205,"height":300,"filesize":88290,"mime_type":"image\/png","source_url":"https:\/\/bilgitarif.com\/yeni\/wp-content\/uploads\/2026\/04\/tr-205x300.png"},"thumbnail":{"file":"tr-150x150.png","width":150,"height":150,"filesize":38405,"mime_type":"image\/png","source_url":"https:\/\/bilgitarif.com\/yeni\/wp-content\/uploads\/2026\/04\/tr-150x150.png"},"full":{"file":"tr.png","width":443,"height":648,"mime_type":"image\/png","source_url":"https:\/\/bilgitarif.com\/yeni\/wp-content\/uploads\/2026\/04\/tr.png"}},"image_meta":{"aperture":"0","credit":"","camera":"","caption":"","created_timestamp":"0","copyright":"","focal_length":"0","iso":"0","shutter_speed":"0","title":"","orientation":"0","keywords":[]}},"post":5959,"source_url":"https:\/\/bilgitarif.com\/yeni\/wp-content\/uploads\/2026\/04\/tr.png","_links":{"self":[{"href":"https:\/\/bilgitarif.com\/yeni\/wp-json\/wp\/v2\/media\/5960","targetHints":{"allow":["GET"]}}],"collection":[{"href":"https:\/\/bilgitarif.com\/yeni\/wp-json\/wp\/v2\/media"}],"about":[{"href":"https:\/\/bilgitarif.com\/yeni\/wp-json\/wp\/v2\/types\/attachment"}],"author":[{"embeddable":true,"href":"https:\/\/bilgitarif.com\/yeni\/wp-json\/wp\/v2\/users\/1"}],"replies":[{"embeddable":true,"href":"https:\/\/bilgitarif.com\/yeni\/wp-json\/wp\/v2\/comments?post=5960"}],"wp:attached-to":[{"embeddable":true,"post_type":"post","id":5959,"href":"https:\/\/bilgitarif.com\/yeni\/wp-json\/wp\/v2\/posts\/5959"}],"curies":[{"name":"wp","href":"https:\/\/api.w.org\/{rel}","templated":true}]}}