{"id":5948,"date":"2026-04-27T20:22:19","date_gmt":"2026-04-27T20:22:19","guid":{"rendered":"https:\/\/bilgitarif.com\/yeni\/wp-content\/uploads\/2026\/04\/fddf.jpg"},"modified":"2026-04-27T20:22:21","modified_gmt":"2026-04-27T20:22:21","slug":"fddf","status":"inherit","type":"attachment","link":"https:\/\/bilgitarif.com\/yeni\/meteoroloji-saatini-verebilirdi-uyardi\/fddf\/","title":{"rendered":"fddf"},"author":1,"featured_media":0,"comment_status":"open","ping_status":"closed","template":"","meta":[],"class_list":["post-5948","attachment","type-attachment","status-inherit","hentry"],"description":{"rendered":"<p class=\"attachment\"><a href='https:\/\/bilgitarif.com\/yeni\/wp-content\/uploads\/2026\/04\/fddf.jpg'><img loading=\"lazy\" decoding=\"async\" width=\"300\" height=\"300\" src=\"https:\/\/bilgitarif.com\/yeni\/wp-content\/uploads\/2026\/04\/fddf-300x300.jpg\" class=\"attachment-medium size-medium\" alt=\"\" srcset=\"https:\/\/bilgitarif.com\/yeni\/wp-content\/uploads\/2026\/04\/fddf-300x300.jpg 300w, https:\/\/bilgitarif.com\/yeni\/wp-content\/uploads\/2026\/04\/fddf-150x150.jpg 150w, https:\/\/bilgitarif.com\/yeni\/wp-content\/uploads\/2026\/04\/fddf-768x768.jpg 768w, https:\/\/bilgitarif.com\/yeni\/wp-content\/uploads\/2026\/04\/fddf.jpg 1024w\" sizes=\"auto, (max-width: 300px) 100vw, 300px\" \/><\/a><\/p>\n"},"caption":{"rendered":"<p>Meteoroloji saatini verebilirdi uyard\u0131<br \/>\nBug\u00fcn yurdun G\u00fcneydo\u011fu kesiminde Nisan ya\u011fmurlar\u0131 \u015fiddetlenerek etkisini g\u00f6sterecek. M.Genel M\u00fcd\u00fcrlu\u011f\u00fc de 9 il i\u00e7in sar\u0131 kodlu alarm vererek olumsuz hadiselere kar\u015f\u0131 uyar\u0131da bulundu.<br \/>\nMeteoroloji\u2019nin sar\u0131 kodlu uyar\u0131 verdi\u011fi iller Diyarbak\u0131r. Elaz\u0131\u011f, Gaziantep, K.Mara\u015f. Mardin, Siirt \u015eanl\u0131urfa, Batman, \u015e\u0131makoldu.<br \/>\nYay\u0131mlanan de\u011ferlendirmede ise \u015fu ifadelere yer verildi: 26.04.2026 Pazar g\u00fcn\u00fc \u015eanl\u0131urfa, Elaz\u0131\u011f\u2019\u0131n do\u011fusu. Diyarbak\u0131r, Batman Siirt, Mardin ve \u015e\u0131rnak\u2019ta aral\u0131kl\u0131 ve yerel olarak kuvvetli g\u00f6k g\u00fcr\u00fclt\u00fclu sa\u011fanak ya\u011f\u0131\u015f beklendi\u011finden sel, su bask\u0131n\u0131, heyelan, y\u0131ld\u0131r\u0131m, ula\u015f\u0131mda aksamalar ya\u011f\u0131\u015f an\u0131nda kuvvetli r\u00fczgar, yerel dolu ya\u011f\u0131\u015f\u0131 gibi olumsuzluklara kar\u015f\u0131 dikkatli ve tedbirli olunmal\u0131d\u0131r. Ba\u015flama-Biti\u015f Zaman\u0131: 26.04.2026 05.00-26.04.2026 23.00  Meteoroloji Genel M\u00fcd\u00fcrl\u00fc\u011f\u00fc taraf\u0131ndan yap\u0131lan son de\u011ferlendirmelere g\u00f6re: \u00dclkemiz genelinin par\u00e7al\u0131 ve \u00e7ok bulutlu, \u0130\u00e7 Ege, Akdeniz\u2019in i\u00e7 kesimleri, \u0130\u00e7 Anadolu\u2019nun g\u00fcney ve do\u011fusu, Do\u011fu Karadeniz, Do\u011fu ve G\u00fcneydo\u011fu Anadolu ile Hatay. Eski\u015fehir Ordu. Tokat \u00e7evreleri ve Samsun\u2019un do\u011fu \u0130l\u00e7elerinin aral\u0131kl\u0131 ya\u011fmur ve sa\u011fanak, yer yer g\u00f6k g\u00fcr\u00fclt\u00fcl\u00fc sa\u011fanak ya\u011f\u0131\u015fl\u0131 ge\u00e7ece\u011fi tahmin ediliyor. Ya\u011f\u0131\u015flar\u0131n, G\u00fcneydo\u011fu Anadolu\u2019nun do\u011fusu ile Elaz\u0131\u011f. Bitlis, \u015e\u0131rnak ve Hakkari \u00e7evrelerinde yerel kuvvetli olmas\u0131 bekleniyor. Do\u011fu Karadeniz\u2019in i\u00e7 kesimleri ile Do\u011fu Anadolu\u2019da y\u00fcksek kar \u00f6rt\u00fcs\u00fcne sahip e\u011fimli alanlarda \u00e7\u0131\u011f ve kar erimesi tehlikesi bulunmaktad\u0131r.<br \/>\nHAVA SICAKLI\u011eI: Hava s\u0131cakl\u0131\u011f\u0131n\u0131n yurdun kuzey ve i\u00e7 kesimlerinde 2-4 derece artaca\u011f\u0131, di\u011fer yerlerde \u00f6nemli bir de\u011fi\u015fiklik beklenmiyor.<br \/>\nR\u00dcZGAR: Genellikle g\u00fcneyli. Marmara ile Kuzey Ege\u2019de kuzeyli y\u00f6nlerden hafif, ara s\u0131ra orta kuvvette.<br \/>\ngece saatlerinden sonra Marmara\u2019da kuvvetli (40-60 km\/saat) olarak esmesi bekleniyor.<br \/>\nUYARILAR<br \/>\n\u00c7I\u011e TEHL\u0130KES\u0130 UYARISI: Do\u011fu Karadeniz\u2019in i\u00e7 kesimlerinin y\u00fcksekleri ile Do\u011fu Anadolu\u2019nun do\u011fusunun y\u00fcksek kar \u00f6rt\u00fcs\u00fcne sahip e\u011fimli kesimlerinde \u00e7\u0131\u011f ve kar erimesi tehlikesi bulunmaktad\u0131r.<\/p>\n"},"alt_text":"","media_type":"image","mime_type":"image\/jpeg","media_details":{"width":1024,"height":1024,"file":"2026\/04\/fddf.jpg","filesize":345043,"sizes":{"medium":{"file":"fddf-300x300.jpg","width":300,"height":300,"filesize":30946,"mime_type":"image\/jpeg","source_url":"https:\/\/bilgitarif.com\/yeni\/wp-content\/uploads\/2026\/04\/fddf-300x300.jpg"},"thumbnail":{"file":"fddf-150x150.jpg","width":150,"height":150,"filesize":10253,"mime_type":"image\/jpeg","source_url":"https:\/\/bilgitarif.com\/yeni\/wp-content\/uploads\/2026\/04\/fddf-150x150.jpg"},"medium_large":{"file":"fddf-768x768.jpg","width":768,"height":768,"filesize":142757,"mime_type":"image\/jpeg","source_url":"https:\/\/bilgitarif.com\/yeni\/wp-content\/uploads\/2026\/04\/fddf-768x768.jpg"},"full":{"file":"fddf.jpg","width":1024,"height":1024,"mime_type":"image\/jpeg","source_url":"https:\/\/bilgitarif.com\/yeni\/wp-content\/uploads\/2026\/04\/fddf.jpg"}},"image_meta":{"aperture":"0","credit":"","camera":"","caption":"","created_timestamp":"0","copyright":"","focal_length":"0","iso":"0","shutter_speed":"0","title":"","orientation":"0","keywords":[]}},"post":5946,"source_url":"https:\/\/bilgitarif.com\/yeni\/wp-content\/uploads\/2026\/04\/fddf.jpg","_links":{"self":[{"href":"https:\/\/bilgitarif.com\/yeni\/wp-json\/wp\/v2\/media\/5948","targetHints":{"allow":["GET"]}}],"collection":[{"href":"https:\/\/bilgitarif.com\/yeni\/wp-json\/wp\/v2\/media"}],"about":[{"href":"https:\/\/bilgitarif.com\/yeni\/wp-json\/wp\/v2\/types\/attachment"}],"author":[{"embeddable":true,"href":"https:\/\/bilgitarif.com\/yeni\/wp-json\/wp\/v2\/users\/1"}],"replies":[{"embeddable":true,"href":"https:\/\/bilgitarif.com\/yeni\/wp-json\/wp\/v2\/comments?post=5948"}],"wp:attached-to":[{"embeddable":true,"post_type":"post","id":5946,"href":"https:\/\/bilgitarif.com\/yeni\/wp-json\/wp\/v2\/posts\/5946"}],"curies":[{"name":"wp","href":"https:\/\/api.w.org\/{rel}","templated":true}]}}