{"id":5400,"date":"2026-04-15T23:28:20","date_gmt":"2026-04-15T23:28:20","guid":{"rendered":"https:\/\/bilgitarif.com\/yeni\/wp-content\/uploads\/2026\/04\/blg-7.jpg"},"modified":"2026-04-15T23:28:28","modified_gmt":"2026-04-15T23:28:28","slug":"blg-55","status":"inherit","type":"attachment","link":"https:\/\/bilgitarif.com\/yeni\/dunya-bu-haberi-konusuyor-cumhurbaskani-felc-gecirdi\/blg-55\/","title":{"rendered":"blg"},"author":1,"featured_media":0,"comment_status":"open","ping_status":"closed","template":"","meta":[],"class_list":["post-5400","attachment","type-attachment","status-inherit","hentry"],"description":{"rendered":"<p class=\"attachment\"><a href='https:\/\/bilgitarif.com\/yeni\/wp-content\/uploads\/2026\/04\/blg-7.jpg'><img loading=\"lazy\" decoding=\"async\" width=\"300\" height=\"157\" src=\"https:\/\/bilgitarif.com\/yeni\/wp-content\/uploads\/2026\/04\/blg-7-300x157.jpg\" class=\"attachment-medium size-medium\" alt=\"\" srcset=\"https:\/\/bilgitarif.com\/yeni\/wp-content\/uploads\/2026\/04\/blg-7-300x157.jpg 300w, https:\/\/bilgitarif.com\/yeni\/wp-content\/uploads\/2026\/04\/blg-7-768x402.jpg 768w, https:\/\/bilgitarif.com\/yeni\/wp-content\/uploads\/2026\/04\/blg-7.jpg 1024w\" sizes=\"auto, (max-width: 300px) 100vw, 300px\" \/><\/a><\/p>\n"},"caption":{"rendered":"<p>Hastane S\u00fcreci Sessizce Ge\u00e7irildi<\/p>\n<p>Edinilen bilgilere g\u00f6re s\u00f6z konusu lider, bir s\u00fcredir sa\u011fl\u0131k sorunlar\u0131 nedeniyle tedavi alt\u0131ndayd\u0131. Ancak bu s\u00fcre\u00e7te resmi kaynaklardan s\u0131n\u0131rl\u0131 bilgi verilmesi, geli\u015fmenin boyutuna dair belirsizlik yaratt\u0131.<\/p>\n<p>Kulislerde konu\u015fulanlara g\u00f6re, ya\u015fanan sa\u011fl\u0131k sorununun san\u0131landan daha ciddi oldu\u011fu iddia edildi. Bu durum, uluslararas\u0131 bas\u0131nda da geni\u015f yank\u0131 buldu.<\/p>\n<p>Ger\u00e7ek G\u00fcnler Sonra Ortaya \u00c7\u0131kt\u0131<\/p>\n<p>Gelen son bilgiler, olay\u0131n perde arkas\u0131n\u0131 netle\u015ftirdi. Liderin ge\u00e7ti\u011fimiz aylarda fel\u00e7 ge\u00e7irdi\u011fi ve bu nedenle tedavi s\u00fcrecinden ge\u00e7ti\u011fi \u00f6\u011frenildi. Bu bilginin gecikmeli \u015fekilde ortaya \u00e7\u0131kmas\u0131, kamuoyunda \u201cneden sakland\u0131?\u201d sorular\u0131n\u0131 g\u00fcndeme getirdi.<\/p>\n<p>Uzmanlar, bu t\u00fcr durumlarda devlet y\u00f6neticilerinin sa\u011fl\u0131k durumunun \u015feffaf \u015fekilde payla\u015f\u0131lmas\u0131n\u0131n \u00f6nemine dikkat \u00e7ekiyor.<\/p>\n<p>\u201c\u015eimdi Daha \u0130yiyim\u201d Mesaj\u0131<\/p>\n<p>Ya\u015fanan geli\u015fmelerin ard\u0131ndan lider, yerel bas\u0131na yapt\u0131\u011f\u0131 a\u00e7\u0131klamada sa\u011fl\u0131k durumunun iyiye gitti\u011fini ifade etti. K\u0131sa ama dikkat \u00e7eken a\u00e7\u0131klamas\u0131nda, s\u00fcreci geride b\u0131rakt\u0131\u011f\u0131n\u0131 ve toparlanma s\u00fcrecinde oldu\u011funu belirtti.<\/p>\n<p>Bu mesaj, hem \u00fclkesinde hem de uluslararas\u0131 kamuoyunda bir nebze rahatlama yaratt\u0131.<\/p>\n<p>G\u00f6revine Geri D\u00f6nd\u00fc<\/p>\n<p>Tedavi s\u00fcrecinin ard\u0131ndan hastaneden taburcu edilen liderin g\u00f6revine geri d\u00f6nd\u00fc\u011f\u00fc bildirildi. Yetkililer, sa\u011fl\u0131k durumunun kontrol alt\u0131nda oldu\u011funu ve \u00e7al\u0131\u015fmalar\u0131na kald\u0131\u011f\u0131 yerden devam etti\u011fini a\u00e7\u0131klad\u0131.<\/p>\n<p>Ancak ya\u015fanan bu geli\u015fme, ileri ya\u015fta olan devlet y\u00f6neticilerinin sa\u011fl\u0131k durumunun ne kadar kritik bir konu oldu\u011funu bir kez daha g\u00fcndeme ta\u015f\u0131d\u0131.<\/p>\n<p>G\u00f6zler Bundan Sonraki S\u00fcre\u00e7te<\/p>\n<p>Uzmanlara g\u00f6re bu t\u00fcr sa\u011fl\u0131k krizleri, sadece bireysel de\u011fil ayn\u0131 zamanda siyasi etkiler de do\u011furabiliyor. Liderin ilerleyen s\u00fcre\u00e7teki sa\u011fl\u0131k durumu ve \u00e7al\u0131\u015fma temposu yak\u0131ndan izlenecek.<\/p>\n<p>Kamuoyunun ise en \u00e7ok merak etti\u011fi konu \u015fu: Bu s\u00fcre\u00e7 tamamen geride mi kald\u0131, yoksa yeni geli\u015fmeler ya\u015fanabilir mi?<\/p>\n"},"alt_text":"","media_type":"image","mime_type":"image\/jpeg","media_details":{"width":1024,"height":536,"file":"2026\/04\/blg-7.jpg","filesize":30371,"sizes":{"medium":{"file":"blg-7-300x157.jpg","width":300,"height":157,"filesize":5012,"mime_type":"image\/jpeg","source_url":"https:\/\/bilgitarif.com\/yeni\/wp-content\/uploads\/2026\/04\/blg-7-300x157.jpg"},"thumbnail":{"file":"blg-7-150x150.jpg","width":150,"height":150,"filesize":4026,"mime_type":"image\/jpeg","source_url":"https:\/\/bilgitarif.com\/yeni\/wp-content\/uploads\/2026\/04\/blg-7-150x150.jpg"},"medium_large":{"file":"blg-7-768x402.jpg","width":768,"height":402,"filesize":19663,"mime_type":"image\/jpeg","source_url":"https:\/\/bilgitarif.com\/yeni\/wp-content\/uploads\/2026\/04\/blg-7-768x402.jpg"},"full":{"file":"blg-7.jpg","width":1024,"height":536,"mime_type":"image\/jpeg","source_url":"https:\/\/bilgitarif.com\/yeni\/wp-content\/uploads\/2026\/04\/blg-7.jpg"}},"image_meta":{"aperture":"0","credit":"","camera":"","caption":"","created_timestamp":"0","copyright":"","focal_length":"0","iso":"0","shutter_speed":"0","title":"","orientation":"0","keywords":[]}},"post":5398,"source_url":"https:\/\/bilgitarif.com\/yeni\/wp-content\/uploads\/2026\/04\/blg-7.jpg","_links":{"self":[{"href":"https:\/\/bilgitarif.com\/yeni\/wp-json\/wp\/v2\/media\/5400","targetHints":{"allow":["GET"]}}],"collection":[{"href":"https:\/\/bilgitarif.com\/yeni\/wp-json\/wp\/v2\/media"}],"about":[{"href":"https:\/\/bilgitarif.com\/yeni\/wp-json\/wp\/v2\/types\/attachment"}],"author":[{"embeddable":true,"href":"https:\/\/bilgitarif.com\/yeni\/wp-json\/wp\/v2\/users\/1"}],"replies":[{"embeddable":true,"href":"https:\/\/bilgitarif.com\/yeni\/wp-json\/wp\/v2\/comments?post=5400"}],"wp:attached-to":[{"embeddable":true,"post_type":"post","id":5398,"href":"https:\/\/bilgitarif.com\/yeni\/wp-json\/wp\/v2\/posts\/5398"}],"curies":[{"name":"wp","href":"https:\/\/api.w.org\/{rel}","templated":true}]}}