{"id":5082,"date":"2026-03-30T00:42:31","date_gmt":"2026-03-30T00:42:31","guid":{"rendered":"https:\/\/bilgitarif.com\/yeni\/wp-content\/uploads\/2026\/03\/cihangir.jpg"},"modified":"2026-03-30T00:42:58","modified_gmt":"2026-03-30T00:42:58","slug":"cihangir","status":"inherit","type":"attachment","link":"https:\/\/bilgitarif.com\/yeni\/cihangir-ceyhan-yeralti-dizisine-katiliyor-mu-gundem-yaratan-iddia\/cihangir\/","title":{"rendered":"Cihangir Ceyhan Yeralt\u0131 Dizisine Kat\u0131l\u0131yor mu? G\u00fcndem Yaratan \u0130ddia!"},"author":1,"featured_media":0,"comment_status":"open","ping_status":"closed","template":"","meta":[],"class_list":["post-5082","attachment","type-attachment","status-inherit","hentry"],"description":{"rendered":"<p class=\"attachment\"><a href='https:\/\/bilgitarif.com\/yeni\/wp-content\/uploads\/2026\/03\/cihangir.jpg'><img loading=\"lazy\" decoding=\"async\" width=\"294\" height=\"300\" src=\"https:\/\/bilgitarif.com\/yeni\/wp-content\/uploads\/2026\/03\/cihangir-294x300.jpg\" class=\"attachment-medium size-medium\" alt=\"\" srcset=\"https:\/\/bilgitarif.com\/yeni\/wp-content\/uploads\/2026\/03\/cihangir-294x300.jpg 294w, https:\/\/bilgitarif.com\/yeni\/wp-content\/uploads\/2026\/03\/cihangir-768x783.jpg 768w, https:\/\/bilgitarif.com\/yeni\/wp-content\/uploads\/2026\/03\/cihangir.jpg 1004w\" sizes=\"auto, (max-width: 294px) 100vw, 294px\" \/><\/a><\/p>\n"},"caption":{"rendered":"<p>Hen\u00fcz resmi bir a\u00e7\u0131klama yap\u0131lmazken, sekt\u00f6re yak\u0131n kaynaklar oyuncunun projeye olduk\u00e7a s\u0131cak bakt\u0131\u011f\u0131n\u0131 iddia ediyor. \u00d6zellikle sert ve derin karakterleri ba\u015far\u0131yla canland\u0131rmas\u0131yla bilinen Ceyhan\u2019\u0131n, bu tarz bir yap\u0131mda yer almas\u0131 izleyiciler taraf\u0131ndan da heyecanla kar\u015f\u0131land\u0131.<\/p>\n<p>Sosyal medyada h\u0131zla yay\u0131lan iddialar k\u0131sa s\u00fcrede g\u00fcndem olurken, bir\u00e7ok kullan\u0131c\u0131 \u201cYeralt\u0131 d\u00fcnyas\u0131 karakteri ona \u00e7ok yak\u0131\u015f\u0131r\u201d yorumlar\u0131 yapt\u0131. Ancak yap\u0131mc\u0131 ekipten ve oyuncunun cephesinden konuya dair net bir do\u011frulama gelmi\u015f de\u011fil.<\/p>\n<p>E\u011fer anla\u015fma sa\u011flan\u0131rsa, Cihangir Ceyhan\u2019\u0131n yeni projede nas\u0131l bir karakterle izleyici kar\u015f\u0131s\u0131na \u00e7\u0131kaca\u011f\u0131 \u015fimdiden merak konusu oldu.<\/p>\n<p>G\u00f6zler \u015fimdi gelecek resmi a\u00e7\u0131klamada\u2026<\/p>\n"},"alt_text":"","media_type":"image","mime_type":"image\/jpeg","media_details":{"width":1004,"height":1024,"file":"2026\/03\/cihangir.jpg","filesize":583045,"sizes":{"medium":{"file":"cihangir-294x300.jpg","width":294,"height":300,"filesize":19375,"mime_type":"image\/jpeg","source_url":"https:\/\/bilgitarif.com\/yeni\/wp-content\/uploads\/2026\/03\/cihangir-294x300.jpg"},"thumbnail":{"file":"cihangir-150x150.jpg","width":150,"height":150,"filesize":6942,"mime_type":"image\/jpeg","source_url":"https:\/\/bilgitarif.com\/yeni\/wp-content\/uploads\/2026\/03\/cihangir-150x150.jpg"},"medium_large":{"file":"cihangir-768x783.jpg","width":768,"height":783,"filesize":79421,"mime_type":"image\/jpeg","source_url":"https:\/\/bilgitarif.com\/yeni\/wp-content\/uploads\/2026\/03\/cihangir-768x783.jpg"},"full":{"file":"cihangir.jpg","width":1004,"height":1024,"mime_type":"image\/jpeg","source_url":"https:\/\/bilgitarif.com\/yeni\/wp-content\/uploads\/2026\/03\/cihangir.jpg"}},"image_meta":{"aperture":"0","credit":"","camera":"","caption":"","created_timestamp":"0","copyright":"","focal_length":"0","iso":"0","shutter_speed":"0","title":"","orientation":"0","keywords":[]}},"post":5081,"source_url":"https:\/\/bilgitarif.com\/yeni\/wp-content\/uploads\/2026\/03\/cihangir.jpg","_links":{"self":[{"href":"https:\/\/bilgitarif.com\/yeni\/wp-json\/wp\/v2\/media\/5082","targetHints":{"allow":["GET"]}}],"collection":[{"href":"https:\/\/bilgitarif.com\/yeni\/wp-json\/wp\/v2\/media"}],"about":[{"href":"https:\/\/bilgitarif.com\/yeni\/wp-json\/wp\/v2\/types\/attachment"}],"author":[{"embeddable":true,"href":"https:\/\/bilgitarif.com\/yeni\/wp-json\/wp\/v2\/users\/1"}],"replies":[{"embeddable":true,"href":"https:\/\/bilgitarif.com\/yeni\/wp-json\/wp\/v2\/comments?post=5082"}],"wp:attached-to":[{"embeddable":true,"post_type":"post","id":5081,"href":"https:\/\/bilgitarif.com\/yeni\/wp-json\/wp\/v2\/posts\/5081"}],"curies":[{"name":"wp","href":"https:\/\/api.w.org\/{rel}","templated":true}]}}