{"id":4762,"date":"2026-03-11T02:43:46","date_gmt":"2026-03-11T02:43:46","guid":{"rendered":"https:\/\/bilgitarif.com\/yeni\/wp-content\/uploads\/2026\/03\/sevki-1.png"},"modified":"2026-03-11T02:44:45","modified_gmt":"2026-03-11T02:44:45","slug":"sevki-23","status":"inherit","type":"attachment","link":"https:\/\/bilgitarif.com\/yeni\/istanbulda-elektrik-kesintisi-saatlerce-surecek\/sevki-23\/","title":{"rendered":"Elektrik Kesintisi! Saatlerce S\u00fcrecek\u2026"},"author":1,"featured_media":0,"comment_status":"open","ping_status":"closed","template":"","meta":[],"class_list":["post-4762","attachment","type-attachment","status-inherit","hentry"],"description":{"rendered":"<p class=\"attachment\"><a href='https:\/\/bilgitarif.com\/yeni\/wp-content\/uploads\/2026\/03\/sevki-1.png'><img loading=\"lazy\" decoding=\"async\" width=\"300\" height=\"157\" src=\"https:\/\/bilgitarif.com\/yeni\/wp-content\/uploads\/2026\/03\/sevki-1-300x157.png\" class=\"attachment-medium size-medium\" alt=\"\" srcset=\"https:\/\/bilgitarif.com\/yeni\/wp-content\/uploads\/2026\/03\/sevki-1-300x157.png 300w, https:\/\/bilgitarif.com\/yeni\/wp-content\/uploads\/2026\/03\/sevki-1-768x402.png 768w, https:\/\/bilgitarif.com\/yeni\/wp-content\/uploads\/2026\/03\/sevki-1.png 1024w\" sizes=\"auto, (max-width: 300px) 100vw, 300px\" \/><\/a><\/p>\n"},"caption":{"rendered":"<p>\u0130stanbul\u2019da enerji nakil hatlar\u0131nda yap\u0131lacak bak\u0131m ve iyile\u015ftirme \u00e7al\u0131\u015fmalar\u0131 kapsam\u0131nda baz\u0131 il\u00e7elerde planl\u0131 elektrik kesintileri uygulanacak. Elektrik da\u011f\u0131t\u0131m \u015firketi Bo\u011fazi\u00e7i Elektrik Da\u011f\u0131t\u0131m A.\u015e. taraf\u0131ndan yay\u0131mlanan duyuruya g\u00f6re kesintiler belirli mahallelerde g\u00fcn boyunca s\u00fcrebilecek.<\/p>\n<p>Yetkililer, \u00e7al\u0131\u015fmalar\u0131n elektrik \u015febekesinin daha g\u00fcvenli ve kesintisiz hizmet verebilmesi amac\u0131yla ger\u00e7ekle\u015ftirildi\u011fini belirtti.<\/p>\n<p>Kesintiler Sabah Ba\u015flayacak<\/p>\n<p>Payla\u015f\u0131lan bilgilere g\u00f6re planl\u0131 kesintiler \u00e7o\u011fu b\u00f6lgede sabah saatlerinde ba\u015flayacak ve \u00e7al\u0131\u015fmalar\u0131n tamamlanmas\u0131na ba\u011fl\u0131 olarak ak\u015fam saatlerine kadar devam edebilecek.<\/p>\n<p>Kesinti ya\u015fanacak b\u00f6lgelerde ya\u015fayan vatanda\u015flar\u0131n elektrikli cihazlar konusunda tedbirli olmalar\u0131 ve gerekli \u00f6nlemleri almalar\u0131 \u00f6neriliyor.<\/p>\n<p>\u0130l\u00e7e \u0130l\u00e7e Kesinti Bilgileri<\/p>\n<p>Elektrik kesintilerinin \u0130stanbul\u2019un baz\u0131 il\u00e7elerinde belirli mahalleleri kapsayaca\u011f\u0131 bildirildi. \u00c7al\u0131\u015fmalar\u0131n tamamlanmas\u0131n\u0131n ard\u0131ndan enerji yeniden verilecek.<\/p>\n<p>Vatanda\u015flar, kendi mahallelerine ait kesinti saatlerini \u00f6\u011frenmek i\u00e7in elektrik da\u011f\u0131t\u0131m \u015firketinin resmi internet sitesi veya \u00e7a\u011fr\u0131 merkezinden bilgi alabiliyor.<\/p>\n<p>Yetkililerden Uyar\u0131<\/p>\n<p>Elektrik da\u011f\u0131t\u0131m yetkilileri, bak\u0131m ve yenileme \u00e7al\u0131\u015fmalar\u0131n\u0131n \u015fehirdeki enerji altyap\u0131s\u0131n\u0131 g\u00fc\u00e7lendirmek amac\u0131yla d\u00fczenli olarak ger\u00e7ekle\u015ftirildi\u011fini ifade etti.<\/p>\n<p>Kesintilerin planl\u0131 oldu\u011fu ve \u00e7al\u0131\u015fmalar tamamland\u0131\u011f\u0131nda elektrik ak\u0131\u015f\u0131n\u0131n yeniden sa\u011flanaca\u011f\u0131 belirtildi.<\/p>\n"},"alt_text":"","media_type":"image","mime_type":"image\/png","media_details":{"width":1024,"height":536,"file":"2026\/03\/sevki-1.png","filesize":104559,"sizes":{"medium":{"file":"sevki-1-300x157.png","width":300,"height":157,"filesize":11940,"mime_type":"image\/png","source_url":"https:\/\/bilgitarif.com\/yeni\/wp-content\/uploads\/2026\/03\/sevki-1-300x157.png"},"thumbnail":{"file":"sevki-1-150x150.png","width":150,"height":150,"filesize":7618,"mime_type":"image\/png","source_url":"https:\/\/bilgitarif.com\/yeni\/wp-content\/uploads\/2026\/03\/sevki-1-150x150.png"},"medium_large":{"file":"sevki-1-768x402.png","width":768,"height":402,"filesize":68069,"mime_type":"image\/png","source_url":"https:\/\/bilgitarif.com\/yeni\/wp-content\/uploads\/2026\/03\/sevki-1-768x402.png"},"full":{"file":"sevki-1.png","width":1024,"height":536,"mime_type":"image\/png","source_url":"https:\/\/bilgitarif.com\/yeni\/wp-content\/uploads\/2026\/03\/sevki-1.png"}},"image_meta":{"aperture":"0","credit":"","camera":"","caption":"","created_timestamp":"0","copyright":"","focal_length":"0","iso":"0","shutter_speed":"0","title":"","orientation":"0","keywords":[]}},"post":4761,"source_url":"https:\/\/bilgitarif.com\/yeni\/wp-content\/uploads\/2026\/03\/sevki-1.png","_links":{"self":[{"href":"https:\/\/bilgitarif.com\/yeni\/wp-json\/wp\/v2\/media\/4762","targetHints":{"allow":["GET"]}}],"collection":[{"href":"https:\/\/bilgitarif.com\/yeni\/wp-json\/wp\/v2\/media"}],"about":[{"href":"https:\/\/bilgitarif.com\/yeni\/wp-json\/wp\/v2\/types\/attachment"}],"author":[{"embeddable":true,"href":"https:\/\/bilgitarif.com\/yeni\/wp-json\/wp\/v2\/users\/1"}],"replies":[{"embeddable":true,"href":"https:\/\/bilgitarif.com\/yeni\/wp-json\/wp\/v2\/comments?post=4762"}],"wp:attached-to":[{"embeddable":true,"post_type":"post","id":4761,"href":"https:\/\/bilgitarif.com\/yeni\/wp-json\/wp\/v2\/posts\/4761"}],"curies":[{"name":"wp","href":"https:\/\/api.w.org\/{rel}","templated":true}]}}