{"id":4722,"date":"2026-03-09T23:17:32","date_gmt":"2026-03-09T23:17:32","guid":{"rendered":"https:\/\/bilgitarif.com\/yeni\/wp-content\/uploads\/2026\/03\/yunanistam.webp"},"modified":"2026-03-09T23:17:34","modified_gmt":"2026-03-09T23:17:34","slug":"yunanistam","status":"inherit","type":"attachment","link":"https:\/\/bilgitarif.com\/yeni\/yunan-bakandan-kustah-turkiye-sozleri-ankaradan-tokat-gibi-yanit\/yunanistam\/","title":{"rendered":"yunanistam"},"author":1,"featured_media":0,"comment_status":"open","ping_status":"closed","template":"","meta":[],"class_list":["post-4722","attachment","type-attachment","status-inherit","hentry"],"description":{"rendered":"<p class=\"attachment\"><a href='https:\/\/bilgitarif.com\/yeni\/wp-content\/uploads\/2026\/03\/yunanistam.webp'><img loading=\"lazy\" decoding=\"async\" width=\"300\" height=\"200\" src=\"https:\/\/bilgitarif.com\/yeni\/wp-content\/uploads\/2026\/03\/yunanistam-300x200.webp\" class=\"attachment-medium size-medium\" alt=\"\" srcset=\"https:\/\/bilgitarif.com\/yeni\/wp-content\/uploads\/2026\/03\/yunanistam-300x200.webp 300w, https:\/\/bilgitarif.com\/yeni\/wp-content\/uploads\/2026\/03\/yunanistam.webp 768w\" sizes=\"auto, (max-width: 300px) 100vw, 300px\" \/><\/a><\/p>\n"},"caption":{"rendered":"<p>DI\u015e\u0130\u015eLER\u0130 BAKANLI\u011eI\u2019NDAN YANIT GELD\u0130<\/p>\n<p>Yunan bakan\u0131n a\u00e7\u0131klamalar\u0131na D\u0131\u015fi\u015fleri Bakanl\u0131\u011f\u0131 yan\u0131t verdi. Bakanl\u0131k s\u00f6zc\u00fcs\u00fc \u00d6nc\u00fc Ke\u00e7eli \u201cSon g\u00fcnlerde Ege Adalar\u0131n\u0131n Silahs\u0131zland\u0131r\u0131lm\u0131\u015f Stat\u00fcs\u00fc hilaf\u0131na yap\u0131lan a\u00e7\u0131klamalar\u0131 gayriciddi, talihsiz ve zamans\u0131z buluyoruz\u201d ifadelerini kulland\u0131<\/p>\n<p>Sosyal medya hesab\u0131ndan a\u00e7\u0131klama yapan Ke\u00e7eli, Dendias\u2019\u0131n b\u00f6lgede ya\u015fan\u0131lan geli\u015fmeleri f\u0131rsata \u00e7evirdi\u011fini belirterek, \u201c1923 tarihli Lozan Bar\u0131\u015f Antla\u015fmas\u0131 ve 1947 tarihli Paris Bar\u0131\u015f Antla\u015fmas\u0131 \u00e7er\u00e7evesinde gayriaskeri stat\u00fc alt\u0131na al\u0131nan Do\u011fu Ege Adalar\u0131 ve Oniki Adalar\u0131n objektif hukuki stat\u00fcs\u00fcnde tart\u0131\u015fmaya a\u00e7\u0131k bir husus bulunmamaktad\u0131r.<\/p>\n<p>Hal b\u00f6yleyken, b\u00f6lgemizde ya\u015fanan son geli\u015fmeleri f\u0131rsata \u00e7evirmek isteyen ve her vesileyle NATO m\u00fcttefikimiz Yunanistan\u2019la ikili ili\u015fkilerimizi zehirlemeye gayret g\u00f6steren baz\u0131 \u00e7evrelerin yeni bir oldubitti te\u015febb\u00fcs\u00fcnde bulunmalar\u0131 esasen \u015fa\u015f\u0131rt\u0131c\u0131 de\u011fildir\u201d dedi<\/p>\n<p>D\u00dcN T\u00dcRKLER\u0130 TOPLU HALDE YOK ETMEK \u0130STERKEN BUG\u00dcN KORUYACAKLARINI \u0130DD\u0130A ED\u0130YORLAR\u201d<\/p>\n<p>Ke\u00e7eli, ge\u00e7mi\u015fte Rumlar\u0131n yapt\u0131\u011f\u0131 katliamlar\u0131 hat\u0131rlatarak, \u201cT\u00fcrkiye\u2019yi revizyonizmle su\u00e7layan bu \u00e7evrelerin uluslararas\u0131 hukuk hilaf\u0131na atacaklar\u0131 her ad\u0131m yok h\u00fckm\u00fcndedir. Daha da ibret verici olan husus ise bu zihniyetin ge\u00e7mi\u015fte K\u0131br\u0131s Adas\u0131n\u0131n ortak sahibi olan K\u0131br\u0131sl\u0131 T\u00fcrkleri toplu halde yok etmek isterken bug\u00fcn onlar\u0131 da koruyacaklar\u0131n\u0131 iddia etmeleridir\u201d ifadelerine yer verdi.<\/p>\n<p>T\u00fcrkiye\u2019nin garant\u00f6r oldu\u011funu vurgulayan \u00d6nc\u00fc Ke\u00e7eli, \u201cBilinmesini isteriz ki, K\u0131br\u0131sl\u0131 T\u00fcrkler ve Kuzey K\u0131br\u0131s T\u00fcrk Cumhuriyeti, Anavatan ve Garant\u00f6r T\u00fcrkiye\u2019nin de deste\u011fiyle kendi g\u00fcvenli\u011fini sa\u011flamaya muktedir olup ba\u015fka hi\u00e7 kimseye muhta\u00e7 de\u011fildir. B\u00f6lgemizde ya\u015fanan geli\u015fmeler bar\u0131\u015f ve istikrara olan samimi ba\u011fl\u0131l\u0131\u011f\u0131n \u00f6nemini bir kez daha ortaya koymaktad\u0131r. \u0130\u00e7 politikaya y\u00f6nelik saiklerle mesnetsiz iddialarda bulunmay\u0131 ve \u00fclkemiz aleyhine dezenformasyon yapmay\u0131 adet haline getiren \u00e7evrelere, oldubittilere izin vermeyece\u011fimizi bu vesileyle tekrar hat\u0131rlat\u0131yor ve kendilerini sa\u011fduyuya davet ediyoruz\u201d dedi<\/p>\n<p>M\u0130LL\u0130 SAVUNMA BAKANLI\u011eI DA YANIT VERD\u0130<\/p>\n<p>Dendias\u2019\u0131n s\u00f6zlerine bir yan\u0131t da Milli Savunma Bakanl\u0131\u011f\u0131\u2019ndan geldi. Bakanl\u0131\u011f\u0131n haftal\u0131k bas\u0131n toplant\u0131s\u0131nda T\u00fcrkiye\u2019nin d\u00fcn oldu\u011fu gibi bug\u00fcn de KKTC\u2019nin yan\u0131nda ve destek\u00e7isi oldu\u011fu vurgulanarak, T\u00fcrkiye olarak K\u0131br\u0131s T\u00fcrklerinin g\u00fcvenli\u011fini tehdit eden hasmane tutumlara kar\u015f\u0131 garant\u00f6rl\u00fc\u011f\u00fcn verdi\u011fi yetkileri kullanmaktan \u00e7ekinilmeyece\u011fine de dikkat \u00e7ekildi.<\/p>\n"},"alt_text":"","media_type":"image","mime_type":"image\/webp","media_details":{"width":768,"height":512,"file":"2026\/03\/yunanistam.webp","filesize":76826,"sizes":{"medium":{"file":"yunanistam-300x200.webp","width":300,"height":200,"filesize":15596,"mime_type":"image\/webp","source_url":"https:\/\/bilgitarif.com\/yeni\/wp-content\/uploads\/2026\/03\/yunanistam-300x200.webp"},"thumbnail":{"file":"yunanistam-150x150.webp","width":150,"height":150,"filesize":6950,"mime_type":"image\/webp","source_url":"https:\/\/bilgitarif.com\/yeni\/wp-content\/uploads\/2026\/03\/yunanistam-150x150.webp"},"full":{"file":"yunanistam.webp","width":768,"height":512,"mime_type":"image\/webp","source_url":"https:\/\/bilgitarif.com\/yeni\/wp-content\/uploads\/2026\/03\/yunanistam.webp"}},"image_meta":{"aperture":"0","credit":"","camera":"","caption":"","created_timestamp":"0","copyright":"","focal_length":"0","iso":"0","shutter_speed":"0","title":"","orientation":"0","keywords":[]}},"post":4720,"source_url":"https:\/\/bilgitarif.com\/yeni\/wp-content\/uploads\/2026\/03\/yunanistam.webp","_links":{"self":[{"href":"https:\/\/bilgitarif.com\/yeni\/wp-json\/wp\/v2\/media\/4722","targetHints":{"allow":["GET"]}}],"collection":[{"href":"https:\/\/bilgitarif.com\/yeni\/wp-json\/wp\/v2\/media"}],"about":[{"href":"https:\/\/bilgitarif.com\/yeni\/wp-json\/wp\/v2\/types\/attachment"}],"author":[{"embeddable":true,"href":"https:\/\/bilgitarif.com\/yeni\/wp-json\/wp\/v2\/users\/1"}],"replies":[{"embeddable":true,"href":"https:\/\/bilgitarif.com\/yeni\/wp-json\/wp\/v2\/comments?post=4722"}],"wp:attached-to":[{"embeddable":true,"post_type":"post","id":4720,"href":"https:\/\/bilgitarif.com\/yeni\/wp-json\/wp\/v2\/posts\/4720"}],"curies":[{"name":"wp","href":"https:\/\/api.w.org\/{rel}","templated":true}]}}