{"id":4721,"date":"2026-03-09T23:17:11","date_gmt":"2026-03-09T23:17:11","guid":{"rendered":"https:\/\/bilgitarif.com\/yeni\/wp-content\/uploads\/2026\/03\/mm-12.jpg"},"modified":"2026-03-09T23:17:19","modified_gmt":"2026-03-09T23:17:19","slug":"mm-46","status":"inherit","type":"attachment","link":"https:\/\/bilgitarif.com\/yeni\/yunan-bakandan-kustah-turkiye-sozleri-ankaradan-tokat-gibi-yanit\/mm-46\/","title":{"rendered":"Yunan Bakandan k\u00fcstah T\u00fcrkiye s\u00f6zleri! Ankara\u2019dan tokat gibi yan\u0131t"},"author":1,"featured_media":0,"comment_status":"open","ping_status":"closed","template":"","meta":[],"class_list":["post-4721","attachment","type-attachment","status-inherit","hentry"],"description":{"rendered":"<p class=\"attachment\"><a href='https:\/\/bilgitarif.com\/yeni\/wp-content\/uploads\/2026\/03\/mm-12.jpg'><img loading=\"lazy\" decoding=\"async\" width=\"300\" height=\"180\" src=\"https:\/\/bilgitarif.com\/yeni\/wp-content\/uploads\/2026\/03\/mm-12-300x180.jpg\" class=\"attachment-medium size-medium\" alt=\"\" srcset=\"https:\/\/bilgitarif.com\/yeni\/wp-content\/uploads\/2026\/03\/mm-12-300x180.jpg 300w, https:\/\/bilgitarif.com\/yeni\/wp-content\/uploads\/2026\/03\/mm-12-1024x615.jpg 1024w, https:\/\/bilgitarif.com\/yeni\/wp-content\/uploads\/2026\/03\/mm-12-768x461.jpg 768w, https:\/\/bilgitarif.com\/yeni\/wp-content\/uploads\/2026\/03\/mm-12-1536x922.jpg 1536w, https:\/\/bilgitarif.com\/yeni\/wp-content\/uploads\/2026\/03\/mm-12.jpg 1633w\" sizes=\"auto, (max-width: 300px) 100vw, 300px\" \/><\/a><\/p>\n"},"caption":{"rendered":"<p>Yunansitan Savunma Bakan\u0131 Dendias\u2019tan KKTC ve T\u00fcrkiye konusunda tepki \u00e7eken s\u00f6zler geldi. Dendias\u2019a D\u0131\u015fi\u015fleri Bakanl\u0131\u011f\u0131 ve Milli Savunma Bakanl\u0131\u011f\u0131 yan\u0131t verdi. Yunanistan Savunma Bakan\u0131 Nikos Dendias tepki \u00e7eken bir a\u00e7\u0131klama yapt\u0131. Yunanistan\u2019\u0131n Alpha TV kanal\u0131n\u0131n ana haber b\u00fclteninde canl\u0131 yay\u0131nda konu\u015fan Dendias, \u201cYunanistan\u2019\u0131n GKRY\u2019ye asker konu\u015fland\u0131rmas\u0131, KKTC taraf\u0131nda g\u00fc\u00e7 bulundurmak i\u00e7in T\u00fcrkiye\u2019ye iyi bir bahane olabilir mi? Biz buna nas\u0131l tepki veririz?\u201d \u015feklindeki soruya; T\u00fcrkiye\u2019nin KKTC\u2019de muazzam bir askeri g\u00fcze sahip oldu\u011funu (40 bin) belirterek Yunan kuvvetlerinin b\u00f6lgeye geli\u015finin T\u00fcrk askerinin \u00e7ekilmesi i\u00e7in iyi bir f\u0131rsat oldu\u011funu iddia etti.<\/p>\n"},"alt_text":"","media_type":"image","mime_type":"image\/jpeg","media_details":{"width":1633,"height":980,"file":"2026\/03\/mm-12.jpg","filesize":25009,"sizes":{"medium":{"file":"mm-12-300x180.jpg","width":300,"height":180,"filesize":3234,"mime_type":"image\/jpeg","source_url":"https:\/\/bilgitarif.com\/yeni\/wp-content\/uploads\/2026\/03\/mm-12-300x180.jpg"},"large":{"file":"mm-12-1024x615.jpg","width":1024,"height":615,"filesize":16931,"mime_type":"image\/jpeg","source_url":"https:\/\/bilgitarif.com\/yeni\/wp-content\/uploads\/2026\/03\/mm-12-1024x615.jpg"},"thumbnail":{"file":"mm-12-150x150.jpg","width":150,"height":150,"filesize":2497,"mime_type":"image\/jpeg","source_url":"https:\/\/bilgitarif.com\/yeni\/wp-content\/uploads\/2026\/03\/mm-12-150x150.jpg"},"medium_large":{"file":"mm-12-768x461.jpg","width":768,"height":461,"filesize":11415,"mime_type":"image\/jpeg","source_url":"https:\/\/bilgitarif.com\/yeni\/wp-content\/uploads\/2026\/03\/mm-12-768x461.jpg"},"1536x1536":{"file":"mm-12-1536x922.jpg","width":1536,"height":922,"filesize":30113,"mime_type":"image\/jpeg","source_url":"https:\/\/bilgitarif.com\/yeni\/wp-content\/uploads\/2026\/03\/mm-12-1536x922.jpg"},"full":{"file":"mm-12.jpg","width":1633,"height":980,"mime_type":"image\/jpeg","source_url":"https:\/\/bilgitarif.com\/yeni\/wp-content\/uploads\/2026\/03\/mm-12.jpg"}},"image_meta":{"aperture":"0","credit":"","camera":"","caption":"","created_timestamp":"0","copyright":"","focal_length":"0","iso":"0","shutter_speed":"0","title":"","orientation":"0","keywords":[]}},"post":4720,"source_url":"https:\/\/bilgitarif.com\/yeni\/wp-content\/uploads\/2026\/03\/mm-12.jpg","_links":{"self":[{"href":"https:\/\/bilgitarif.com\/yeni\/wp-json\/wp\/v2\/media\/4721","targetHints":{"allow":["GET"]}}],"collection":[{"href":"https:\/\/bilgitarif.com\/yeni\/wp-json\/wp\/v2\/media"}],"about":[{"href":"https:\/\/bilgitarif.com\/yeni\/wp-json\/wp\/v2\/types\/attachment"}],"author":[{"embeddable":true,"href":"https:\/\/bilgitarif.com\/yeni\/wp-json\/wp\/v2\/users\/1"}],"replies":[{"embeddable":true,"href":"https:\/\/bilgitarif.com\/yeni\/wp-json\/wp\/v2\/comments?post=4721"}],"wp:attached-to":[{"embeddable":true,"post_type":"post","id":4720,"href":"https:\/\/bilgitarif.com\/yeni\/wp-json\/wp\/v2\/posts\/4720"}],"curies":[{"name":"wp","href":"https:\/\/api.w.org\/{rel}","templated":true}]}}