{"id":4242,"date":"2025-08-13T18:48:48","date_gmt":"2025-08-13T18:48:48","guid":{"rendered":"https:\/\/bilgitarif.com\/yeni\/wp-content\/uploads\/2025\/08\/mal-varligi.png"},"modified":"2025-08-13T18:48:55","modified_gmt":"2025-08-13T18:48:55","slug":"mal-varligi","status":"inherit","type":"attachment","link":"https:\/\/bilgitarif.com\/yeni\/mal-varligina-el-konuldu\/mal-varligi\/","title":{"rendered":"Mal Varl\u0131\u011f\u0131na EL Konuldu"},"author":1,"featured_media":0,"comment_status":"open","ping_status":"closed","template":"","meta":[],"class_list":["post-4242","attachment","type-attachment","status-inherit","hentry"],"description":{"rendered":"<p class=\"attachment\"><a href='https:\/\/bilgitarif.com\/yeni\/wp-content\/uploads\/2025\/08\/mal-varligi.png'><img loading=\"lazy\" decoding=\"async\" width=\"300\" height=\"226\" src=\"https:\/\/bilgitarif.com\/yeni\/wp-content\/uploads\/2025\/08\/mal-varligi-300x226.png\" class=\"attachment-medium size-medium\" alt=\"\" srcset=\"https:\/\/bilgitarif.com\/yeni\/wp-content\/uploads\/2025\/08\/mal-varligi-300x226.png 300w, https:\/\/bilgitarif.com\/yeni\/wp-content\/uploads\/2025\/08\/mal-varligi.png 598w\" sizes=\"auto, (max-width: 300px) 100vw, 300px\" \/><\/a><\/p>\n"},"caption":{"rendered":"<p>\u0130stanbul\u2019da sabah\u0131n erken saatlerinde ba\u015flayan operasyon, kentin y\u00f6netim kadrosunu derinden sarst\u0131. Yolsuzluk ve ter\u00f6r ba\u011flant\u0131s\u0131 iddialar\u0131yla y\u00fcr\u00fct\u00fclen soru\u015fturma kapsam\u0131nda belediye binas\u0131, ba\u011fl\u0131 i\u015ftirakler ve baz\u0131 \u00f6zel adresler e\u015f zamanl\u0131 olarak polis ekiplerince arand\u0131.<\/p>\n<p>G\u00f6zalt\u0131 Say\u0131s\u0131 Art\u0131yor<br \/>\nOperasyonun ilk saatlerinde 80\u2019in \u00fczerinde ki\u015fi g\u00f6zalt\u0131na al\u0131n\u0131rken, g\u00fcn i\u00e7inde bu say\u0131n\u0131n artabilece\u011fi belirtiliyor. G\u00f6zalt\u0131na al\u0131nanlar\u0131n bir k\u0131sm\u0131n\u0131n belediyede y\u00f6netim kademesinde g\u00f6rev yapt\u0131\u011f\u0131, baz\u0131lar\u0131n\u0131n ise d\u0131\u015far\u0131dan ihalelere arac\u0131l\u0131k etti\u011fi iddia ediliyor.<\/p>\n<p>Mal Varl\u0131klar\u0131na El Konuldu<br \/>\nSoru\u015fturma kapsam\u0131nda \u015f\u00fcphelilerin banka hesaplar\u0131, ta\u015f\u0131nmazlar\u0131 ve \u015firket hisselerine el konuldu. Bu ad\u0131m, soru\u015fturman\u0131n yaln\u0131zca idari de\u011fil, ayn\u0131 zamanda mali boyutunun da olduk\u00e7a g\u00fc\u00e7l\u00fc oldu\u011funun g\u00f6stergesi olarak de\u011ferlendiriliyor.<\/p>\n<p>\u0130ddialar: \u0130hale Usuls\u00fczl\u00fckleri ve Gizli Fonlar<br \/>\nSoru\u015fturma dosyas\u0131nda, baz\u0131 kamu ihalelerinde fiyat \u015fi\u015firme, \u015firketler \u00fczerinden para aktar\u0131m\u0131 ve usuls\u00fcz fon kullan\u0131m\u0131 gibi iddialar yer al\u0131yor. Ayr\u0131ca, elde edilen gelirlerin bir k\u0131sm\u0131n\u0131n yasad\u0131\u015f\u0131 faaliyetlerde kullan\u0131labilece\u011fine dair \u015f\u00fcpheler de dosyada bulunuyor.<\/p>\n<p>Siyasi Yans\u0131malar Ka\u00e7\u0131n\u0131lmaz<br \/>\nBu operasyonun yaln\u0131zca adli de\u011fil, siyasi boyutunun da olaca\u011f\u0131 yorumlar\u0131 yap\u0131l\u0131yor. Kent y\u00f6netiminde g\u00fcven sars\u0131l\u0131rken, muhalefet ve iktidar cephesinden sert a\u00e7\u0131klamalar\u0131n pe\u015f pe\u015fe gelmesi bekleniyor.<\/p>\n<p>Kamuoyu, soru\u015fturman\u0131n detaylar\u0131n\u0131n ve olas\u0131 tutuklamalar\u0131n a\u00e7\u0131klanmas\u0131n\u0131 beklerken, en \u00e7ok sorulan soru \u015fu: \u201cBelediyenin tepesinde hangi ili\u015fkiler a\u011f\u0131 \u00e7\u00f6z\u00fclecek?\u201d<\/p>\n"},"alt_text":"","media_type":"image","mime_type":"image\/png","media_details":{"width":598,"height":450,"file":"2025\/08\/mal-varligi.png","filesize":218520,"sizes":{"medium":{"file":"mal-varligi-300x226.png","width":300,"height":226,"filesize":50501,"mime_type":"image\/png","source_url":"https:\/\/bilgitarif.com\/yeni\/wp-content\/uploads\/2025\/08\/mal-varligi-300x226.png"},"thumbnail":{"file":"mal-varligi-150x150.png","width":150,"height":150,"filesize":19765,"mime_type":"image\/png","source_url":"https:\/\/bilgitarif.com\/yeni\/wp-content\/uploads\/2025\/08\/mal-varligi-150x150.png"},"full":{"file":"mal-varligi.png","width":598,"height":450,"mime_type":"image\/png","source_url":"https:\/\/bilgitarif.com\/yeni\/wp-content\/uploads\/2025\/08\/mal-varligi.png"}},"image_meta":{"aperture":"0","credit":"","camera":"","caption":"","created_timestamp":"0","copyright":"","focal_length":"0","iso":"0","shutter_speed":"0","title":"","orientation":"0","keywords":[]}},"post":4240,"source_url":"https:\/\/bilgitarif.com\/yeni\/wp-content\/uploads\/2025\/08\/mal-varligi.png","_links":{"self":[{"href":"https:\/\/bilgitarif.com\/yeni\/wp-json\/wp\/v2\/media\/4242","targetHints":{"allow":["GET"]}}],"collection":[{"href":"https:\/\/bilgitarif.com\/yeni\/wp-json\/wp\/v2\/media"}],"about":[{"href":"https:\/\/bilgitarif.com\/yeni\/wp-json\/wp\/v2\/types\/attachment"}],"author":[{"embeddable":true,"href":"https:\/\/bilgitarif.com\/yeni\/wp-json\/wp\/v2\/users\/1"}],"replies":[{"embeddable":true,"href":"https:\/\/bilgitarif.com\/yeni\/wp-json\/wp\/v2\/comments?post=4242"}],"wp:attached-to":[{"embeddable":true,"post_type":"post","id":4240,"href":"https:\/\/bilgitarif.com\/yeni\/wp-json\/wp\/v2\/posts\/4240"}],"curies":[{"name":"wp","href":"https:\/\/api.w.org\/{rel}","templated":true}]}}