{"id":4241,"date":"2025-08-13T18:46:55","date_gmt":"2025-08-13T18:46:55","guid":{"rendered":"https:\/\/bilgitarif.com\/yeni\/wp-content\/uploads\/2025\/08\/B-2.jpg"},"modified":"2025-08-13T18:47:57","modified_gmt":"2025-08-13T18:47:57","slug":"b-22","status":"inherit","type":"attachment","link":"https:\/\/bilgitarif.com\/yeni\/mal-varligina-el-konuldu\/b-22\/","title":{"rendered":"Mal Varl\u0131\u011f\u0131na EL Konuldu"},"author":1,"featured_media":0,"comment_status":"open","ping_status":"closed","template":"","meta":[],"class_list":["post-4241","attachment","type-attachment","status-inherit","hentry"],"description":{"rendered":"<p class=\"attachment\"><a href='https:\/\/bilgitarif.com\/yeni\/wp-content\/uploads\/2025\/08\/B-2.jpg'><img loading=\"lazy\" decoding=\"async\" width=\"300\" height=\"161\" src=\"https:\/\/bilgitarif.com\/yeni\/wp-content\/uploads\/2025\/08\/B-2-300x161.jpg\" class=\"attachment-medium size-medium\" alt=\"\" srcset=\"https:\/\/bilgitarif.com\/yeni\/wp-content\/uploads\/2025\/08\/B-2-300x161.jpg 300w, https:\/\/bilgitarif.com\/yeni\/wp-content\/uploads\/2025\/08\/B-2-1024x550.jpg 1024w, https:\/\/bilgitarif.com\/yeni\/wp-content\/uploads\/2025\/08\/B-2-768x412.jpg 768w, https:\/\/bilgitarif.com\/yeni\/wp-content\/uploads\/2025\/08\/B-2.jpg 1280w\" sizes=\"auto, (max-width: 300px) 100vw, 300px\" \/><\/a><\/p>\n"},"caption":{"rendered":"<p>Sabah saatlerinde ba\u015flayan operasyon, belediye binas\u0131nda adeta so\u011fuk du\u015f etkisi yaratt\u0131. Yolsuzluk ve ter\u00f6r soru\u015fturmas\u0131 kapsam\u0131nda onlarca adrese bask\u0131n yap\u0131ld\u0131, \u00e7ok say\u0131da ki\u015fi g\u00f6zalt\u0131na al\u0131nd\u0131. \u015e\u00fcphelilerin mal varl\u0131klar\u0131na el konulmas\u0131yla birlikte, olay \u00fclke g\u00fcndemine oturdu.<\/p>\n<p>G\u00f6zalt\u0131na al\u0131nanlar aras\u0131nda belediye y\u00f6netiminde kritik g\u00f6revlerde bulunan isimlerin oldu\u011fu \u00f6\u011frenildi. Operasyonun kapsam\u0131 geni\u015flerken, soru\u015fturman\u0131n perde arkas\u0131ndaki iddialar kulislerde f\u0131s\u0131lt\u0131 halinde yay\u0131l\u0131yor.<\/p>\n<p>Yetkililer hen\u00fcz resmi a\u00e7\u0131klama yapmazken, kamuoyu tek bir soruya kilitlendi: Bu operasyonun sonunda belediyede hangi ger\u00e7ekler g\u00fcn y\u00fcz\u00fcne \u00e7\u0131kacak?<\/p>\n"},"alt_text":"","media_type":"image","mime_type":"image\/jpeg","media_details":{"width":1280,"height":687,"file":"2025\/08\/B-2.jpg","filesize":122471,"sizes":{"medium":{"file":"B-2-300x161.jpg","width":300,"height":161,"filesize":12286,"mime_type":"image\/jpeg","source_url":"https:\/\/bilgitarif.com\/yeni\/wp-content\/uploads\/2025\/08\/B-2-300x161.jpg"},"large":{"file":"B-2-1024x550.jpg","width":1024,"height":550,"filesize":63728,"mime_type":"image\/jpeg","source_url":"https:\/\/bilgitarif.com\/yeni\/wp-content\/uploads\/2025\/08\/B-2-1024x550.jpg"},"thumbnail":{"file":"B-2-150x150.jpg","width":150,"height":150,"filesize":6844,"mime_type":"image\/jpeg","source_url":"https:\/\/bilgitarif.com\/yeni\/wp-content\/uploads\/2025\/08\/B-2-150x150.jpg"},"medium_large":{"file":"B-2-768x412.jpg","width":768,"height":412,"filesize":43223,"mime_type":"image\/jpeg","source_url":"https:\/\/bilgitarif.com\/yeni\/wp-content\/uploads\/2025\/08\/B-2-768x412.jpg"},"full":{"file":"B-2.jpg","width":1280,"height":687,"mime_type":"image\/jpeg","source_url":"https:\/\/bilgitarif.com\/yeni\/wp-content\/uploads\/2025\/08\/B-2.jpg"}},"image_meta":{"aperture":"0","credit":"","camera":"","caption":"","created_timestamp":"0","copyright":"(c) Bakhtiarzein | Dreamstime.com","focal_length":"0","iso":"0","shutter_speed":"0","title":"","orientation":"0","keywords":[]}},"post":4240,"source_url":"https:\/\/bilgitarif.com\/yeni\/wp-content\/uploads\/2025\/08\/B-2.jpg","_links":{"self":[{"href":"https:\/\/bilgitarif.com\/yeni\/wp-json\/wp\/v2\/media\/4241","targetHints":{"allow":["GET"]}}],"collection":[{"href":"https:\/\/bilgitarif.com\/yeni\/wp-json\/wp\/v2\/media"}],"about":[{"href":"https:\/\/bilgitarif.com\/yeni\/wp-json\/wp\/v2\/types\/attachment"}],"author":[{"embeddable":true,"href":"https:\/\/bilgitarif.com\/yeni\/wp-json\/wp\/v2\/users\/1"}],"replies":[{"embeddable":true,"href":"https:\/\/bilgitarif.com\/yeni\/wp-json\/wp\/v2\/comments?post=4241"}],"wp:attached-to":[{"embeddable":true,"post_type":"post","id":4240,"href":"https:\/\/bilgitarif.com\/yeni\/wp-json\/wp\/v2\/posts\/4240"}],"curies":[{"name":"wp","href":"https:\/\/api.w.org\/{rel}","templated":true}]}}