{"id":4015,"date":"2025-07-31T23:26:39","date_gmt":"2025-07-31T23:26:39","guid":{"rendered":"https:\/\/bilgitarif.com\/yeni\/wp-content\/uploads\/2025\/07\/evcil.jpg"},"modified":"2025-07-31T23:26:42","modified_gmt":"2025-07-31T23:26:42","slug":"evcil","status":"inherit","type":"attachment","link":"https:\/\/bilgitarif.com\/yeni\/evcil-hayvan-sahibinin-cenazesinde\/evcil\/","title":{"rendered":"evcil"},"author":1,"featured_media":0,"comment_status":"open","ping_status":"closed","template":"","meta":[],"class_list":["post-4015","attachment","type-attachment","status-inherit","hentry"],"description":{"rendered":"<p class=\"attachment\"><a href='https:\/\/bilgitarif.com\/yeni\/wp-content\/uploads\/2025\/07\/evcil.jpg'><img loading=\"lazy\" decoding=\"async\" width=\"300\" height=\"225\" src=\"https:\/\/bilgitarif.com\/yeni\/wp-content\/uploads\/2025\/07\/evcil-300x225.jpg\" class=\"attachment-medium size-medium\" alt=\"\" srcset=\"https:\/\/bilgitarif.com\/yeni\/wp-content\/uploads\/2025\/07\/evcil-300x225.jpg 300w, https:\/\/bilgitarif.com\/yeni\/wp-content\/uploads\/2025\/07\/evcil.jpg 640w\" sizes=\"auto, (max-width: 300px) 100vw, 300px\" \/><\/a><\/p>\n"},"caption":{"rendered":"<p>Tabutun yan\u0131nda sessizce oturan veya ba\u015f\u0131n\u0131 kederli bir \u015fekilde yere koyan bir evcil hayvan\u0131n g\u00f6r\u00fcnt\u00fcs\u00fc, kat\u0131l\u0131mc\u0131larda g\u00fc\u00e7l\u00fc bir duygusal tepki uyand\u0131rabilir. Bu t\u00fcr sahneler, insanlar ve hayvanlar aras\u0131ndaki g\u00fc\u00e7l\u00fc ba\u011f\u0131 vurgulayarak ya\u015fam ve \u00f6l\u00fcm s\u0131n\u0131rlar\u0131n\u0131 a\u015far. Bu, evcil hayvanlar\u0131n, \u00f6ld\u00fckten sonra bile insan dostlar\u0131na besledikleri kal\u0131c\u0131 sevginin bir kan\u0131t\u0131d\u0131r. Sevdiklerini kaybetmenin ac\u0131s\u0131n\u0131 ya\u015fayanlar i\u00e7in, bir evcil hayvan\u0131n varl\u0131\u011f\u0131 teselli ve huzur sa\u011flayabilir. Evcil hayvan\u0131n tan\u0131d\u0131k y\u00fcz\u00fc, de\u011ferli an\u0131lar\u0131 geri getirebilir ve \u00fcz\u00fcnt\u00fcn\u00fcn ortas\u0131nda bir devaml\u0131l\u0131k ve ba\u011f hissi sa\u011flayabilir. Ayr\u0131ca, \u00f6len ki\u015finin yaln\u0131zca insanlar taraf\u0131ndan de\u011fil, sad\u0131k hayvan dostlar\u0131 taraf\u0131ndan da sevildi\u011fini ve de\u011fer verildi\u011fini hat\u0131rlat\u0131r. Bu t\u00fcr anlara m\u00fczik eklemek, duygusal atmosferi de g\u00fc\u00e7lendirebilir. M\u00fczik, kelimelerin \u00e7o\u011fu zaman ifade edemedi\u011fi \u015feyleri ifade etme g\u00fcc\u00fcne sahiptir ve olaya n\u00fcfuz eden sevgi ve kay\u0131p duygular\u0131n\u0131 yans\u0131t\u0131r. \u0130ster yumu\u015fak, enstr\u00fcmantal bir par\u00e7a, ister merhum i\u00e7in \u00f6zel bir anlam ta\u015f\u0131yan bir \u015fark\u0131 olsun, m\u00fczik payla\u015f\u0131lan an\u0131lara ve hissedilen duygulara bir fon m\u00fczi\u011fi sa\u011flayabilir.<\/p>\n"},"alt_text":"","media_type":"image","mime_type":"image\/jpeg","media_details":{"width":640,"height":480,"file":"2025\/07\/evcil.jpg","filesize":31615,"sizes":{"medium":{"file":"evcil-300x225.jpg","width":300,"height":225,"filesize":8806,"mime_type":"image\/jpeg","source_url":"https:\/\/bilgitarif.com\/yeni\/wp-content\/uploads\/2025\/07\/evcil-300x225.jpg"},"thumbnail":{"file":"evcil-150x150.jpg","width":150,"height":150,"filesize":4141,"mime_type":"image\/jpeg","source_url":"https:\/\/bilgitarif.com\/yeni\/wp-content\/uploads\/2025\/07\/evcil-150x150.jpg"},"full":{"file":"evcil.jpg","width":640,"height":480,"mime_type":"image\/jpeg","source_url":"https:\/\/bilgitarif.com\/yeni\/wp-content\/uploads\/2025\/07\/evcil.jpg"}},"image_meta":{"aperture":"0","credit":"","camera":"","caption":"","created_timestamp":"0","copyright":"","focal_length":"0","iso":"0","shutter_speed":"0","title":"","orientation":"0","keywords":[]}},"post":4013,"source_url":"https:\/\/bilgitarif.com\/yeni\/wp-content\/uploads\/2025\/07\/evcil.jpg","_links":{"self":[{"href":"https:\/\/bilgitarif.com\/yeni\/wp-json\/wp\/v2\/media\/4015","targetHints":{"allow":["GET"]}}],"collection":[{"href":"https:\/\/bilgitarif.com\/yeni\/wp-json\/wp\/v2\/media"}],"about":[{"href":"https:\/\/bilgitarif.com\/yeni\/wp-json\/wp\/v2\/types\/attachment"}],"author":[{"embeddable":true,"href":"https:\/\/bilgitarif.com\/yeni\/wp-json\/wp\/v2\/users\/1"}],"replies":[{"embeddable":true,"href":"https:\/\/bilgitarif.com\/yeni\/wp-json\/wp\/v2\/comments?post=4015"}],"wp:attached-to":[{"embeddable":true,"post_type":"post","id":4013,"href":"https:\/\/bilgitarif.com\/yeni\/wp-json\/wp\/v2\/posts\/4013"}],"curies":[{"name":"wp","href":"https:\/\/api.w.org\/{rel}","templated":true}]}}