{"id":3867,"date":"2025-07-24T00:03:43","date_gmt":"2025-07-24T00:03:43","guid":{"rendered":"https:\/\/bilgitarif.com\/yeni\/wp-content\/uploads\/2025\/07\/tt-4.jpg"},"modified":"2025-07-24T00:04:01","modified_gmt":"2025-07-24T00:04:01","slug":"tt-15","status":"inherit","type":"attachment","link":"https:\/\/bilgitarif.com\/yeni\/serdar-ortactan-aci-haber\/tt-15\/","title":{"rendered":"Serdar Orta\u00e7&#8217;tan Ac\u0131 Haber"},"author":1,"featured_media":0,"comment_status":"open","ping_status":"closed","template":"","meta":[],"class_list":["post-3867","attachment","type-attachment","status-inherit","hentry"],"description":{"rendered":"<p class=\"attachment\"><a href='https:\/\/bilgitarif.com\/yeni\/wp-content\/uploads\/2025\/07\/tt-4.jpg'><img loading=\"lazy\" decoding=\"async\" width=\"300\" height=\"180\" src=\"https:\/\/bilgitarif.com\/yeni\/wp-content\/uploads\/2025\/07\/tt-4-300x180.jpg\" class=\"attachment-medium size-medium\" alt=\"\" srcset=\"https:\/\/bilgitarif.com\/yeni\/wp-content\/uploads\/2025\/07\/tt-4-300x180.jpg 300w, https:\/\/bilgitarif.com\/yeni\/wp-content\/uploads\/2025\/07\/tt-4-1024x615.jpg 1024w, https:\/\/bilgitarif.com\/yeni\/wp-content\/uploads\/2025\/07\/tt-4-768x461.jpg 768w, https:\/\/bilgitarif.com\/yeni\/wp-content\/uploads\/2025\/07\/tt-4-1536x922.jpg 1536w, https:\/\/bilgitarif.com\/yeni\/wp-content\/uploads\/2025\/07\/tt-4.jpg 1633w\" sizes=\"auto, (max-width: 300px) 100vw, 300px\" \/><\/a><\/p>\n"},"caption":{"rendered":"<p>Ne akraba ne de aile! MS hastas\u0131 Serdar Orta\u00e7 vasiyetini a\u00e7\u0131klad\u0131: Miras detay\u0131 ortal\u0131\u011f\u0131 kar\u0131\u015ft\u0131rd\u0131!<\/p>\n<p>Uzun s\u00fcredir sa\u011fl\u0131k sorunlar\u0131yla m\u00fccadele eden \u00fcnl\u00fc pop\u00e7u Serdar Orta\u00e7, g\u00fcndemi sarsacak a\u00e7\u0131klamalarda bulundu. Hayata dair karamsar s\u00f6zleriyle dikkat \u00e7eken Orta\u00e7, vasiyetini kime b\u0131rakt\u0131\u011f\u0131n\u0131 da ilk kez a\u00e7\u0131kland\u0131.  Bir d\u00f6neme enerjisi ve \u015fark\u0131lar\u0131yla damga vuran Serdar Orta\u00e7, uzun zamand\u0131r m\u00fccadele etti\u011fi MS hastal\u0131\u011f\u0131 y\u00fcz\u00fcnden zor g\u00fcnlerden ge\u00e7iyordu. Orta\u00e7, bir d\u00f6nem y\u00fcr\u00fcme g\u00fc\u00e7l\u00fc\u011f\u00fc ya\u015fayarak tekerlekli sandalye yard\u0131m\u0131yla sahneye \u00e7\u0131kmak zorunda kalm\u0131\u015ft\u0131. Ancak kat\u0131ld\u0131\u011f\u0131 bir konserde yapt\u0131\u011f\u0131 \u201cSa\u011fl\u0131\u011f\u0131ma yeniden kavu\u015ftum, y\u00fcr\u00fcyebiliyorum, hatta bisiklet bile s\u00fcrebiliyorum\u201d a\u00e7\u0131klamas\u0131, eski g\u00fcc\u00fcne k\u0131smen de olsa kavu\u015ftu\u011funu ortaya koymu\u015ftu.  \u00dcnl\u00fc sanat\u00e7\u0131dan ac\u0131 haber geldi..<\/p>\n"},"alt_text":"","media_type":"image","mime_type":"image\/jpeg","media_details":{"width":1633,"height":980,"file":"2025\/07\/tt-4.jpg","filesize":41311,"sizes":{"medium":{"file":"tt-4-300x180.jpg","width":300,"height":180,"filesize":5404,"mime_type":"image\/jpeg","source_url":"https:\/\/bilgitarif.com\/yeni\/wp-content\/uploads\/2025\/07\/tt-4-300x180.jpg"},"large":{"file":"tt-4-1024x615.jpg","width":1024,"height":615,"filesize":28614,"mime_type":"image\/jpeg","source_url":"https:\/\/bilgitarif.com\/yeni\/wp-content\/uploads\/2025\/07\/tt-4-1024x615.jpg"},"thumbnail":{"file":"tt-4-150x150.jpg","width":150,"height":150,"filesize":4013,"mime_type":"image\/jpeg","source_url":"https:\/\/bilgitarif.com\/yeni\/wp-content\/uploads\/2025\/07\/tt-4-150x150.jpg"},"medium_large":{"file":"tt-4-768x461.jpg","width":768,"height":461,"filesize":19391,"mime_type":"image\/jpeg","source_url":"https:\/\/bilgitarif.com\/yeni\/wp-content\/uploads\/2025\/07\/tt-4-768x461.jpg"},"1536x1536":{"file":"tt-4-1536x922.jpg","width":1536,"height":922,"filesize":48866,"mime_type":"image\/jpeg","source_url":"https:\/\/bilgitarif.com\/yeni\/wp-content\/uploads\/2025\/07\/tt-4-1536x922.jpg"},"full":{"file":"tt-4.jpg","width":1633,"height":980,"mime_type":"image\/jpeg","source_url":"https:\/\/bilgitarif.com\/yeni\/wp-content\/uploads\/2025\/07\/tt-4.jpg"}},"image_meta":{"aperture":"0","credit":"","camera":"","caption":"","created_timestamp":"0","copyright":"","focal_length":"0","iso":"0","shutter_speed":"0","title":"","orientation":"0","keywords":[]}},"post":3865,"source_url":"https:\/\/bilgitarif.com\/yeni\/wp-content\/uploads\/2025\/07\/tt-4.jpg","_links":{"self":[{"href":"https:\/\/bilgitarif.com\/yeni\/wp-json\/wp\/v2\/media\/3867","targetHints":{"allow":["GET"]}}],"collection":[{"href":"https:\/\/bilgitarif.com\/yeni\/wp-json\/wp\/v2\/media"}],"about":[{"href":"https:\/\/bilgitarif.com\/yeni\/wp-json\/wp\/v2\/types\/attachment"}],"author":[{"embeddable":true,"href":"https:\/\/bilgitarif.com\/yeni\/wp-json\/wp\/v2\/users\/1"}],"replies":[{"embeddable":true,"href":"https:\/\/bilgitarif.com\/yeni\/wp-json\/wp\/v2\/comments?post=3867"}],"wp:attached-to":[{"embeddable":true,"post_type":"post","id":3865,"href":"https:\/\/bilgitarif.com\/yeni\/wp-json\/wp\/v2\/posts\/3865"}],"curies":[{"name":"wp","href":"https:\/\/api.w.org\/{rel}","templated":true}]}}