{"id":3842,"date":"2025-07-22T18:50:05","date_gmt":"2025-07-22T18:50:05","guid":{"rendered":"https:\/\/bilgitarif.com\/yeni\/wp-content\/uploads\/2025\/07\/ilber-ortayli.png"},"modified":"2025-07-22T18:50:08","modified_gmt":"2025-07-22T18:50:08","slug":"ilber-ortayli","status":"inherit","type":"attachment","link":"https:\/\/bilgitarif.com\/yeni\/ilber-ortayli-trafik-kazasi-gecirdi\/ilber-ortayli\/","title":{"rendered":"ilber ortayli"},"author":1,"featured_media":0,"comment_status":"open","ping_status":"closed","template":"","meta":[],"class_list":["post-3842","attachment","type-attachment","status-inherit","hentry"],"description":{"rendered":"<p class=\"attachment\"><a href='https:\/\/bilgitarif.com\/yeni\/wp-content\/uploads\/2025\/07\/ilber-ortayli.png'><img loading=\"lazy\" decoding=\"async\" width=\"300\" height=\"197\" src=\"https:\/\/bilgitarif.com\/yeni\/wp-content\/uploads\/2025\/07\/ilber-ortayli-300x197.png\" class=\"attachment-medium size-medium\" alt=\"\" srcset=\"https:\/\/bilgitarif.com\/yeni\/wp-content\/uploads\/2025\/07\/ilber-ortayli-300x197.png 300w, https:\/\/bilgitarif.com\/yeni\/wp-content\/uploads\/2025\/07\/ilber-ortayli.png 547w\" sizes=\"auto, (max-width: 300px) 100vw, 300px\" \/><\/a><\/p>\n"},"caption":{"rendered":"<p>T\u00fcrkiye&#8217;nin \u00fcnl\u00fc tarih\u00e7ilerinden Prof. Dr. \u0130lber Ortayl\u0131&#8217;dan yak\u0131nlar\u0131n\u0131 ve sevenlerini korkutan bir haber geldi. Prof. Dr. \u0130lber Ortayl\u0131&#8217;n\u0131n i\u00e7inde bulundu\u011fu ara\u00e7 d\u00fcn \u00f6\u011flen saatlerinde Bal\u0131kesir&#8217;in Burhaniye il\u00e7esinde kaza yapt\u0131. Ya\u015fanan trafik kazas\u0131nda, \u00fcnl\u00fc tarih\u00e7i Prof. Dr. \u0130lber Ortayl\u0131\u2019n\u0131n i\u00e7inde bulundu\u011fu ara\u00e7, bir di\u011fer ara\u00e7la \u00e7arp\u0131\u015ft\u0131. Kazada yaralanma ya da can kayb\u0131 olmazken hafif maddi hasar ger\u00e7ekle\u015fti\u011fi \u00f6\u011frenildi. kazan\u0131n ard\u0131ndan Ortayl\u0131\u2019n\u0131n \u015fof\u00f6r\u00fc ile di\u011fer s\u00fcr\u00fcc\u00fc aras\u0131nda s\u00f6zl\u00fc tart\u0131\u015fma ya\u015fand\u0131. Olay b\u00fcy\u00fcy\u00fcnce, \u0130lber Ortayl\u0131 da ara\u00e7tan inerek ortam\u0131 sakinle\u015ftirmeye \u00e7al\u0131\u015ft\u0131.<\/p>\n"},"alt_text":"","media_type":"image","mime_type":"image\/png","media_details":{"width":547,"height":359,"file":"2025\/07\/ilber-ortayli.png","filesize":282558,"sizes":{"medium":{"file":"ilber-ortayli-300x197.png","width":300,"height":197,"filesize":43051,"mime_type":"image\/png","source_url":"https:\/\/bilgitarif.com\/yeni\/wp-content\/uploads\/2025\/07\/ilber-ortayli-300x197.png"},"thumbnail":{"file":"ilber-ortayli-150x150.png","width":150,"height":150,"filesize":17360,"mime_type":"image\/png","source_url":"https:\/\/bilgitarif.com\/yeni\/wp-content\/uploads\/2025\/07\/ilber-ortayli-150x150.png"},"full":{"file":"ilber-ortayli.png","width":547,"height":359,"mime_type":"image\/png","source_url":"https:\/\/bilgitarif.com\/yeni\/wp-content\/uploads\/2025\/07\/ilber-ortayli.png"}},"image_meta":{"aperture":"0","credit":"","camera":"","caption":"","created_timestamp":"0","copyright":"","focal_length":"0","iso":"0","shutter_speed":"0","title":"","orientation":"0","keywords":[]}},"post":3840,"source_url":"https:\/\/bilgitarif.com\/yeni\/wp-content\/uploads\/2025\/07\/ilber-ortayli.png","_links":{"self":[{"href":"https:\/\/bilgitarif.com\/yeni\/wp-json\/wp\/v2\/media\/3842","targetHints":{"allow":["GET"]}}],"collection":[{"href":"https:\/\/bilgitarif.com\/yeni\/wp-json\/wp\/v2\/media"}],"about":[{"href":"https:\/\/bilgitarif.com\/yeni\/wp-json\/wp\/v2\/types\/attachment"}],"author":[{"embeddable":true,"href":"https:\/\/bilgitarif.com\/yeni\/wp-json\/wp\/v2\/users\/1"}],"replies":[{"embeddable":true,"href":"https:\/\/bilgitarif.com\/yeni\/wp-json\/wp\/v2\/comments?post=3842"}],"wp:attached-to":[{"embeddable":true,"post_type":"post","id":3840,"href":"https:\/\/bilgitarif.com\/yeni\/wp-json\/wp\/v2\/posts\/3840"}],"curies":[{"name":"wp","href":"https:\/\/api.w.org\/{rel}","templated":true}]}}