{"id":3518,"date":"2025-07-06T19:33:31","date_gmt":"2025-07-06T19:33:31","guid":{"rendered":"https:\/\/bilgitarif.com\/yeni\/wp-content\/uploads\/2025\/07\/fc-1.jpg"},"modified":"2025-07-06T19:33:37","modified_gmt":"2025-07-06T19:33:37","slug":"fc-11","status":"inherit","type":"attachment","link":"https:\/\/bilgitarif.com\/yeni\/adaylik-derdim-yok-dedi\/fc-11\/","title":{"rendered":"Adayl\u0131k derdim yok dedi"},"author":1,"featured_media":0,"comment_status":"open","ping_status":"closed","template":"","meta":[],"class_list":["post-3518","attachment","type-attachment","status-inherit","hentry"],"description":{"rendered":"<p class=\"attachment\"><a href='https:\/\/bilgitarif.com\/yeni\/wp-content\/uploads\/2025\/07\/fc-1.jpg'><img loading=\"lazy\" decoding=\"async\" width=\"300\" height=\"156\" src=\"https:\/\/bilgitarif.com\/yeni\/wp-content\/uploads\/2025\/07\/fc-1-300x156.jpg\" class=\"attachment-medium size-medium\" alt=\"\" srcset=\"https:\/\/bilgitarif.com\/yeni\/wp-content\/uploads\/2025\/07\/fc-1-300x156.jpg 300w, https:\/\/bilgitarif.com\/yeni\/wp-content\/uploads\/2025\/07\/fc-1.jpg 311w\" sizes=\"auto, (max-width: 300px) 100vw, 300px\" \/><\/a><\/p>\n"},"caption":{"rendered":"<p>Macaristan d\u00f6n\u00fc\u015f\u00fc u\u00e7akta gazetecilere konu\u015fan Cumhurba\u015fkan\u0131 Erdo\u011fan, sivil anayasa vurgusu, ter\u00f6rle m\u00fccadelede yeni d\u00f6nem ve uluslararas\u0131 diplomaside T\u00fcrkiye\u2019nin artan rol\u00fcyle ilgili \u00e7arp\u0131c\u0131 a\u00e7\u0131klamalarda bulundu. \u201cAdayl\u0131k derdim yok\u201d \u00e7\u0131k\u0131\u015f\u0131 siyasi kulislerde dalga etkisi yaratt\u0131.<\/p>\n"},"alt_text":"","media_type":"image","mime_type":"image\/jpeg","media_details":{"width":311,"height":162,"file":"2025\/07\/fc-1.jpg","filesize":5749,"sizes":{"medium":{"file":"fc-1-300x156.jpg","width":300,"height":156,"filesize":6569,"mime_type":"image\/jpeg","source_url":"https:\/\/bilgitarif.com\/yeni\/wp-content\/uploads\/2025\/07\/fc-1-300x156.jpg"},"thumbnail":{"file":"fc-1-150x150.jpg","width":150,"height":150,"filesize":6040,"mime_type":"image\/jpeg","source_url":"https:\/\/bilgitarif.com\/yeni\/wp-content\/uploads\/2025\/07\/fc-1-150x150.jpg"},"full":{"file":"fc-1.jpg","width":311,"height":162,"mime_type":"image\/jpeg","source_url":"https:\/\/bilgitarif.com\/yeni\/wp-content\/uploads\/2025\/07\/fc-1.jpg"}},"image_meta":{"aperture":"0","credit":"","camera":"","caption":"","created_timestamp":"0","copyright":"","focal_length":"0","iso":"0","shutter_speed":"0","title":"","orientation":"0","keywords":[]}},"post":3517,"source_url":"https:\/\/bilgitarif.com\/yeni\/wp-content\/uploads\/2025\/07\/fc-1.jpg","_links":{"self":[{"href":"https:\/\/bilgitarif.com\/yeni\/wp-json\/wp\/v2\/media\/3518","targetHints":{"allow":["GET"]}}],"collection":[{"href":"https:\/\/bilgitarif.com\/yeni\/wp-json\/wp\/v2\/media"}],"about":[{"href":"https:\/\/bilgitarif.com\/yeni\/wp-json\/wp\/v2\/types\/attachment"}],"author":[{"embeddable":true,"href":"https:\/\/bilgitarif.com\/yeni\/wp-json\/wp\/v2\/users\/1"}],"replies":[{"embeddable":true,"href":"https:\/\/bilgitarif.com\/yeni\/wp-json\/wp\/v2\/comments?post=3518"}],"wp:attached-to":[{"embeddable":true,"post_type":"post","id":3517,"href":"https:\/\/bilgitarif.com\/yeni\/wp-json\/wp\/v2\/posts\/3517"}],"curies":[{"name":"wp","href":"https:\/\/api.w.org\/{rel}","templated":true}]}}