{"id":3228,"date":"2025-06-20T21:43:35","date_gmt":"2025-06-20T21:43:35","guid":{"rendered":"https:\/\/bilgitarif.com\/yeni\/wp-content\/uploads\/2025\/06\/fc-5.jpg"},"modified":"2025-06-20T21:43:43","modified_gmt":"2025-06-20T21:43:43","slug":"fc-6","status":"inherit","type":"attachment","link":"https:\/\/bilgitarif.com\/yeni\/baskanin-evini-polis-basti-ortalik-karisti\/fc-6\/","title":{"rendered":"Ba\u015fkan\u0131n Evini Polis Bast\u0131 Ortal\u0131k Kar\u0131\u015ft\u0131"},"author":1,"featured_media":0,"comment_status":"open","ping_status":"closed","template":"","meta":[],"class_list":["post-3228","attachment","type-attachment","status-inherit","hentry"],"description":{"rendered":"<p class=\"attachment\"><a href='https:\/\/bilgitarif.com\/yeni\/wp-content\/uploads\/2025\/06\/fc-5.jpg'><img loading=\"lazy\" decoding=\"async\" width=\"300\" height=\"156\" src=\"https:\/\/bilgitarif.com\/yeni\/wp-content\/uploads\/2025\/06\/fc-5-300x156.jpg\" class=\"attachment-medium size-medium\" alt=\"\" srcset=\"https:\/\/bilgitarif.com\/yeni\/wp-content\/uploads\/2025\/06\/fc-5-300x156.jpg 300w, https:\/\/bilgitarif.com\/yeni\/wp-content\/uploads\/2025\/06\/fc-5.jpg 311w\" sizes=\"auto, (max-width: 300px) 100vw, 300px\" \/><\/a><\/p>\n"},"caption":{"rendered":"<p>Ba\u015fkan\u0131n evine polis bask\u0131n\u0131 yap\u0131ld\u0131 ve ortal\u0131k kar\u0131\u015ft\u0131! Olay, b\u00f6lgedeki g\u00fcvenlik g\u00fc\u00e7lerinin yo\u011fun m\u00fcdahalesiyle geli\u015firken, olay\u0131n arka plan\u0131 merak konusu oldu. Peki, bu bask\u0131n\u0131n nedeni ne ve ba\u015fkan hakk\u0131nda hangi su\u00e7lamalar bulunuyor?<\/p>\n"},"alt_text":"","media_type":"image","mime_type":"image\/jpeg","media_details":{"width":311,"height":162,"file":"2025\/06\/fc-5.jpg","filesize":5749,"sizes":{"medium":{"file":"fc-5-300x156.jpg","width":300,"height":156,"filesize":6569,"mime_type":"image\/jpeg","source_url":"https:\/\/bilgitarif.com\/yeni\/wp-content\/uploads\/2025\/06\/fc-5-300x156.jpg"},"thumbnail":{"file":"fc-5-150x150.jpg","width":150,"height":150,"filesize":6040,"mime_type":"image\/jpeg","source_url":"https:\/\/bilgitarif.com\/yeni\/wp-content\/uploads\/2025\/06\/fc-5-150x150.jpg"},"full":{"file":"fc-5.jpg","width":311,"height":162,"mime_type":"image\/jpeg","source_url":"https:\/\/bilgitarif.com\/yeni\/wp-content\/uploads\/2025\/06\/fc-5.jpg"}},"image_meta":{"aperture":"0","credit":"","camera":"","caption":"","created_timestamp":"0","copyright":"","focal_length":"0","iso":"0","shutter_speed":"0","title":"","orientation":"0","keywords":[]}},"post":3227,"source_url":"https:\/\/bilgitarif.com\/yeni\/wp-content\/uploads\/2025\/06\/fc-5.jpg","_links":{"self":[{"href":"https:\/\/bilgitarif.com\/yeni\/wp-json\/wp\/v2\/media\/3228","targetHints":{"allow":["GET"]}}],"collection":[{"href":"https:\/\/bilgitarif.com\/yeni\/wp-json\/wp\/v2\/media"}],"about":[{"href":"https:\/\/bilgitarif.com\/yeni\/wp-json\/wp\/v2\/types\/attachment"}],"author":[{"embeddable":true,"href":"https:\/\/bilgitarif.com\/yeni\/wp-json\/wp\/v2\/users\/1"}],"replies":[{"embeddable":true,"href":"https:\/\/bilgitarif.com\/yeni\/wp-json\/wp\/v2\/comments?post=3228"}],"wp:attached-to":[{"embeddable":true,"post_type":"post","id":3227,"href":"https:\/\/bilgitarif.com\/yeni\/wp-json\/wp\/v2\/posts\/3227"}],"curies":[{"name":"wp","href":"https:\/\/api.w.org\/{rel}","templated":true}]}}