{"id":2773,"date":"2025-05-26T21:09:56","date_gmt":"2025-05-26T21:09:56","guid":{"rendered":"https:\/\/bilgitarif.com\/yeni\/wp-content\/uploads\/2025\/05\/usta-oyuncu.jpg"},"modified":"2025-05-26T21:09:58","modified_gmt":"2025-05-26T21:09:58","slug":"usta-oyuncu","status":"inherit","type":"attachment","link":"https:\/\/bilgitarif.com\/yeni\/usta-oyuncu-serif-sezer\/usta-oyuncu\/","title":{"rendered":"usta oyuncu"},"author":1,"featured_media":0,"comment_status":"open","ping_status":"closed","template":"","meta":[],"class_list":["post-2773","attachment","type-attachment","status-inherit","hentry"],"description":{"rendered":"<p class=\"attachment\"><a href='https:\/\/bilgitarif.com\/yeni\/wp-content\/uploads\/2025\/05\/usta-oyuncu.jpg'><img loading=\"lazy\" decoding=\"async\" width=\"300\" height=\"178\" src=\"https:\/\/bilgitarif.com\/yeni\/wp-content\/uploads\/2025\/05\/usta-oyuncu-300x178.jpg\" class=\"attachment-medium size-medium\" alt=\"\" srcset=\"https:\/\/bilgitarif.com\/yeni\/wp-content\/uploads\/2025\/05\/usta-oyuncu-300x178.jpg 300w, https:\/\/bilgitarif.com\/yeni\/wp-content\/uploads\/2025\/05\/usta-oyuncu-768x455.jpg 768w, https:\/\/bilgitarif.com\/yeni\/wp-content\/uploads\/2025\/05\/usta-oyuncu.jpg 1024w\" sizes=\"auto, (max-width: 300px) 100vw, 300px\" \/><\/a><\/p>\n"},"caption":{"rendered":"<p>Milas-S\u00f6ke karayolu \u00fczerinde, Bodrum istikametine do\u011fru seyir halindeyken kar\u015f\u0131 y\u00f6nden gelen bir otomobilin s\u00fcr\u00fcc\u00fcs\u00fc 26 ya\u015f\u0131ndaki \u015e.A, hen\u00fcz belirlenemeyen bir nedenle direksiyon hakimiyetini kaybetti. Kontrolden \u00e7\u0131kan ara\u00e7, \u015eerif Sezer\u2019in bulundu\u011fu otomobille kafa kafaya \u00e7arp\u0131\u015ft\u0131.<br \/>\nYoldan ge\u00e7en s\u00fcr\u00fcc\u00fclerin ihbar\u0131 \u00fczerine olay yerine h\u0131zla 112 Acil Servis ekipleri ile trafik ekipleri y\u00f6nlendirildi. Yaral\u0131lara ilk m\u00fcdahale olay yerinde yap\u0131ld\u0131. Kazada \u015eerif Sezer mucizevi bir \u015fekilde yara almadan kurtulurken, di\u011fer arac\u0131n s\u00fcr\u00fcc\u00fcs\u00fc \u015e.A. \u00e7e\u015fitli yerlerinden yaraland\u0131.<br \/>\nSezer\u2019in ise sa\u011fl\u0131k durumunun iyi oldu\u011fu ancak kontrol ama\u00e7l\u0131 hastaneye sevk edildi\u011fi bildirildi.<\/p>\n"},"alt_text":"","media_type":"image","mime_type":"image\/jpeg","media_details":{"width":1024,"height":607,"file":"2025\/05\/usta-oyuncu.jpg","filesize":39306,"sizes":{"medium":{"file":"usta-oyuncu-300x178.jpg","width":300,"height":178,"filesize":6093,"mime_type":"image\/jpeg","source_url":"https:\/\/bilgitarif.com\/yeni\/wp-content\/uploads\/2025\/05\/usta-oyuncu-300x178.jpg"},"thumbnail":{"file":"usta-oyuncu-150x150.jpg","width":150,"height":150,"filesize":3931,"mime_type":"image\/jpeg","source_url":"https:\/\/bilgitarif.com\/yeni\/wp-content\/uploads\/2025\/05\/usta-oyuncu-150x150.jpg"},"medium_large":{"file":"usta-oyuncu-768x455.jpg","width":768,"height":455,"filesize":24086,"mime_type":"image\/jpeg","source_url":"https:\/\/bilgitarif.com\/yeni\/wp-content\/uploads\/2025\/05\/usta-oyuncu-768x455.jpg"},"full":{"file":"usta-oyuncu.jpg","width":1024,"height":607,"mime_type":"image\/jpeg","source_url":"https:\/\/bilgitarif.com\/yeni\/wp-content\/uploads\/2025\/05\/usta-oyuncu.jpg"}},"image_meta":{"aperture":"0","credit":"","camera":"","caption":"","created_timestamp":"0","copyright":"","focal_length":"0","iso":"0","shutter_speed":"0","title":"","orientation":"0","keywords":[]}},"post":2771,"source_url":"https:\/\/bilgitarif.com\/yeni\/wp-content\/uploads\/2025\/05\/usta-oyuncu.jpg","_links":{"self":[{"href":"https:\/\/bilgitarif.com\/yeni\/wp-json\/wp\/v2\/media\/2773","targetHints":{"allow":["GET"]}}],"collection":[{"href":"https:\/\/bilgitarif.com\/yeni\/wp-json\/wp\/v2\/media"}],"about":[{"href":"https:\/\/bilgitarif.com\/yeni\/wp-json\/wp\/v2\/types\/attachment"}],"author":[{"embeddable":true,"href":"https:\/\/bilgitarif.com\/yeni\/wp-json\/wp\/v2\/users\/1"}],"replies":[{"embeddable":true,"href":"https:\/\/bilgitarif.com\/yeni\/wp-json\/wp\/v2\/comments?post=2773"}],"wp:attached-to":[{"embeddable":true,"post_type":"post","id":2771,"href":"https:\/\/bilgitarif.com\/yeni\/wp-json\/wp\/v2\/posts\/2771"}],"curies":[{"name":"wp","href":"https:\/\/api.w.org\/{rel}","templated":true}]}}