{"id":2745,"date":"2025-05-25T19:23:23","date_gmt":"2025-05-25T19:23:23","guid":{"rendered":"https:\/\/bilgitarif.com\/yeni\/wp-content\/uploads\/2025\/05\/herseyi.jpg"},"modified":"2025-05-25T19:23:35","modified_gmt":"2025-05-25T19:23:35","slug":"herseyi","status":"inherit","type":"attachment","link":"https:\/\/bilgitarif.com\/yeni\/herseyi-itiraf-etti-bunu-nasil-yaparsiniz\/herseyi\/","title":{"rendered":"herseyi"},"author":1,"featured_media":0,"comment_status":"open","ping_status":"closed","template":"","meta":[],"class_list":["post-2745","attachment","type-attachment","status-inherit","hentry"],"description":{"rendered":"<p class=\"attachment\"><a href='https:\/\/bilgitarif.com\/yeni\/wp-content\/uploads\/2025\/05\/herseyi.jpg'><img loading=\"lazy\" decoding=\"async\" width=\"300\" height=\"170\" src=\"https:\/\/bilgitarif.com\/yeni\/wp-content\/uploads\/2025\/05\/herseyi-300x170.jpg\" class=\"attachment-medium size-medium\" alt=\"\" srcset=\"https:\/\/bilgitarif.com\/yeni\/wp-content\/uploads\/2025\/05\/herseyi-300x170.jpg 300w, https:\/\/bilgitarif.com\/yeni\/wp-content\/uploads\/2025\/05\/herseyi.jpg 632w\" sizes=\"auto, (max-width: 300px) 100vw, 300px\" \/><\/a><\/p>\n"},"caption":{"rendered":"<p>Ekol TV muhabiri Dilek Yaman Demir\u2019in \u00f6zel haberine g\u00f6re, \u0130stanbul Cumhuriyet Ba\u015fsavc\u0131l\u0131\u011f\u0131 taraf\u0131ndan y\u00fcr\u00fct\u00fclen kapsaml\u0131 soru\u015fturmada, \u0130stanbul B\u00fcy\u00fck\u015fehir Belediyesi\u2019ne ili\u015fkin ciddi iddialar inceleniyor. Soru\u015fturma kapsam\u0131nda, \u201csu\u00e7 \u00f6rg\u00fct\u00fc kurmak ve y\u00f6netmek\u201d, \u201cr\u00fc\u015fvet almak\u201d, \u201cnitelikli doland\u0131r\u0131c\u0131l\u0131k\u201d, \u201cihaleye fesat kar\u0131\u015ft\u0131rmak\u201d ve \u201cki\u015fisel verileri hukuka ayk\u0131r\u0131 ele ge\u00e7irmek\u201d gibi pek \u00e7ok a\u011f\u0131r su\u00e7lamaya yer verildi.<\/p>\n<p>Soru\u015fturmadaki en dikkat \u00e7ekici geli\u015fme ise \u0130BB Ba\u015fkan\u0131 Ekrem \u0130mamo\u011flu\u2019nun dan\u0131\u015fman\u0131 Ertan Y\u0131ld\u0131z\u2019dan geldi. Y\u0131ld\u0131z, savc\u0131l\u0131\u011fa ba\u015fvurarak etkin pi\u015fmanl\u0131k h\u00fck\u00fcmlerinden faydalanmak istedi\u011fini bildirdi. Bu ad\u0131m, soru\u015fturman\u0131n y\u00f6n\u00fcn\u00fc de\u011fi\u015ftirecek nitelikte olabilir. Etkin pi\u015fmanl\u0131k talebiyle birlikte dosyada yeni isimlerin g\u00fcndeme gelmesi ve iddialar\u0131n daha da derinle\u015fmesi bekleniyor.<\/p>\n<p>\u0130ddialar hen\u00fcz yarg\u0131 karar\u0131yla netle\u015fmemi\u015f olsa da, soru\u015fturma s\u00fcreci kamuoyunda b\u00fcy\u00fck yank\u0131 uyand\u0131rm\u0131\u015f durumda. Geli\u015fmeler dikkatle takip ediliyor.<\/p>\n"},"alt_text":"","media_type":"image","mime_type":"image\/jpeg","media_details":{"width":632,"height":359,"file":"2025\/05\/herseyi.jpg","filesize":34542,"sizes":{"medium":{"file":"herseyi-300x170.jpg","width":300,"height":170,"filesize":11960,"mime_type":"image\/jpeg","source_url":"https:\/\/bilgitarif.com\/yeni\/wp-content\/uploads\/2025\/05\/herseyi-300x170.jpg"},"thumbnail":{"file":"herseyi-150x150.jpg","width":150,"height":150,"filesize":5639,"mime_type":"image\/jpeg","source_url":"https:\/\/bilgitarif.com\/yeni\/wp-content\/uploads\/2025\/05\/herseyi-150x150.jpg"},"full":{"file":"herseyi.jpg","width":632,"height":359,"mime_type":"image\/jpeg","source_url":"https:\/\/bilgitarif.com\/yeni\/wp-content\/uploads\/2025\/05\/herseyi.jpg"}},"image_meta":{"aperture":"0","credit":"","camera":"","caption":"","created_timestamp":"0","copyright":"","focal_length":"0","iso":"0","shutter_speed":"0","title":"","orientation":"0","keywords":[]}},"post":2743,"source_url":"https:\/\/bilgitarif.com\/yeni\/wp-content\/uploads\/2025\/05\/herseyi.jpg","_links":{"self":[{"href":"https:\/\/bilgitarif.com\/yeni\/wp-json\/wp\/v2\/media\/2745","targetHints":{"allow":["GET"]}}],"collection":[{"href":"https:\/\/bilgitarif.com\/yeni\/wp-json\/wp\/v2\/media"}],"about":[{"href":"https:\/\/bilgitarif.com\/yeni\/wp-json\/wp\/v2\/types\/attachment"}],"author":[{"embeddable":true,"href":"https:\/\/bilgitarif.com\/yeni\/wp-json\/wp\/v2\/users\/1"}],"replies":[{"embeddable":true,"href":"https:\/\/bilgitarif.com\/yeni\/wp-json\/wp\/v2\/comments?post=2745"}],"wp:attached-to":[{"embeddable":true,"post_type":"post","id":2743,"href":"https:\/\/bilgitarif.com\/yeni\/wp-json\/wp\/v2\/posts\/2743"}],"curies":[{"name":"wp","href":"https:\/\/api.w.org\/{rel}","templated":true}]}}