{"id":2736,"date":"2025-05-25T19:13:56","date_gmt":"2025-05-25T19:13:56","guid":{"rendered":"https:\/\/bilgitarif.com\/yeni\/wp-content\/uploads\/2025\/05\/mm-1.jpg"},"modified":"2025-05-28T19:28:10","modified_gmt":"2025-05-28T19:28:10","slug":"mm-2","status":"inherit","type":"attachment","link":"https:\/\/bilgitarif.com\/yeni\/insan-gonlune-soz-geciremiyor\/mm-2\/","title":{"rendered":"\u0130nsan g\u00f6nl\u00fcne s\u00f6z ge\u00e7iremiyor"},"author":1,"featured_media":0,"comment_status":"open","ping_status":"closed","template":"","meta":[],"class_list":["post-2736","attachment","type-attachment","status-inherit","hentry"],"description":{"rendered":"<p class=\"attachment\"><a href='https:\/\/bilgitarif.com\/yeni\/wp-content\/uploads\/2025\/05\/mm-1.jpg'><img loading=\"lazy\" decoding=\"async\" width=\"300\" height=\"180\" src=\"https:\/\/bilgitarif.com\/yeni\/wp-content\/uploads\/2025\/05\/mm-1-300x180.jpg\" class=\"attachment-medium size-medium\" alt=\"\" srcset=\"https:\/\/bilgitarif.com\/yeni\/wp-content\/uploads\/2025\/05\/mm-1-300x180.jpg 300w, https:\/\/bilgitarif.com\/yeni\/wp-content\/uploads\/2025\/05\/mm-1-1024x615.jpg 1024w, https:\/\/bilgitarif.com\/yeni\/wp-content\/uploads\/2025\/05\/mm-1-768x461.jpg 768w, https:\/\/bilgitarif.com\/yeni\/wp-content\/uploads\/2025\/05\/mm-1-1536x922.jpg 1536w, https:\/\/bilgitarif.com\/yeni\/wp-content\/uploads\/2025\/05\/mm-1.jpg 1633w\" sizes=\"auto, (max-width: 300px) 100vw, 300px\" \/><\/a><\/p>\n"},"caption":{"rendered":"<p>Benim ad\u0131m Havva 65 ya\u015f\u0131nday\u0131m. Art\u0131k orta ya\u015fl\u0131 bir kad\u0131n\u0131m, ama ruhum gen\u00e7 . E\u015fimi y\u0131llar \u00f6nce kaybettim, \u00e7ocuklar\u0131m kendi hayatlar\u0131n\u0131 kurdular, torunlar\u0131m b\u00fcy\u00fcd\u00fc ve ben evimde yaln\u0131z kald\u0131m. G\u00fcnlerim genellikle televizyon kar\u015f\u0131s\u0131nda, kitap okurken ya da biraz eski dostlar\u0131mla konu\u015farak ge\u00e7iyordu. Ama bir \u015fey eksikti kendimi \u00e7ok yaln\u0131z hissediyordum bir kad\u0131n olarak baz\u0131 arzular\u0131m oluyordu\u2026 Bir arkada\u015f\u0131m, internette insanlarla tan\u0131\u015fabilece\u011fimi s\u00f6yledi. \u201cBir bak\u201d dedi. \u00d6nce teredd\u00fct ettim, ama sonra bir \u015fans vermek istedim.<br \/>\nBir ak\u015fam, feysimde gezinirken bir mesaj ald\u0131m. \u201cMerhaba, Havva han\u0131m. Profiliniz \u00e7ok ho\u015fuma gitti, sizinle tan\u0131\u015fmak istiyorum.\u201d Bu mesaj\u0131 yazan adam, ad\u0131n\u0131 \u201cEmre\u201d olarak tan\u0131tt\u0131. 45 ya\u015f\u0131nda, yak\u0131\u015f\u0131kl\u0131, uzun boylu, g\u00fcler y\u00fczl\u00fc bir adamd\u0131. Kendini i\u015fadam\u0131 olarak tan\u0131tt\u0131. T\u00fcrkiye\u2019nin ba\u015fka bir \u015fehrinde ya\u015f\u0131yor, yaln\u0131z oldu\u011funu s\u00f6yledi. Bana \u00e7ok ilgi g\u00f6sterdi, her g\u00fcn mesajlar at\u0131yordu, uzun telefon konu\u015fmalar\u0131 yap\u0131yorduk. Bir s\u00fcre sonra, sanki y\u0131llard\u0131r tan\u0131yormu\u015fum gibi hissettim.<br \/>\nEmre, bana \u00e7ok de\u011ferli bir kad\u0131n oldu\u011fumu s\u00f6yledi. Benimle bir ger\u00e7e\u011fi payla\u015fmak istedi\u011fini belirtti. Zamanla bana \u00e7ok ba\u011fland\u0131\u011f\u0131n\u0131, beni \u00e7ok sevdi\u011fini yan\u0131ma gelmek benimle beraber olmak istedi\u011fini s\u00f6yledi,<\/p>\n"},"alt_text":"","media_type":"image","mime_type":"image\/jpeg","media_details":{"width":1633,"height":980,"file":"2025\/05\/mm-1.jpg","filesize":25009,"sizes":{"medium":{"file":"mm-1-300x180.jpg","width":300,"height":180,"filesize":3234,"mime_type":"image\/jpeg","source_url":"https:\/\/bilgitarif.com\/yeni\/wp-content\/uploads\/2025\/05\/mm-1-300x180.jpg"},"large":{"file":"mm-1-1024x615.jpg","width":1024,"height":615,"filesize":16931,"mime_type":"image\/jpeg","source_url":"https:\/\/bilgitarif.com\/yeni\/wp-content\/uploads\/2025\/05\/mm-1-1024x615.jpg"},"thumbnail":{"file":"mm-1-150x150.jpg","width":150,"height":150,"filesize":2497,"mime_type":"image\/jpeg","source_url":"https:\/\/bilgitarif.com\/yeni\/wp-content\/uploads\/2025\/05\/mm-1-150x150.jpg"},"medium_large":{"file":"mm-1-768x461.jpg","width":768,"height":461,"filesize":11415,"mime_type":"image\/jpeg","source_url":"https:\/\/bilgitarif.com\/yeni\/wp-content\/uploads\/2025\/05\/mm-1-768x461.jpg"},"1536x1536":{"file":"mm-1-1536x922.jpg","width":1536,"height":922,"filesize":30113,"mime_type":"image\/jpeg","source_url":"https:\/\/bilgitarif.com\/yeni\/wp-content\/uploads\/2025\/05\/mm-1-1536x922.jpg"},"full":{"file":"mm-1.jpg","width":1633,"height":980,"mime_type":"image\/jpeg","source_url":"https:\/\/bilgitarif.com\/yeni\/wp-content\/uploads\/2025\/05\/mm-1.jpg"}},"image_meta":{"aperture":"0","credit":"","camera":"","caption":"","created_timestamp":"0","copyright":"","focal_length":"0","iso":"0","shutter_speed":"0","title":"","orientation":"0","keywords":[]}},"post":2734,"source_url":"https:\/\/bilgitarif.com\/yeni\/wp-content\/uploads\/2025\/05\/mm-1.jpg","_links":{"self":[{"href":"https:\/\/bilgitarif.com\/yeni\/wp-json\/wp\/v2\/media\/2736","targetHints":{"allow":["GET"]}}],"collection":[{"href":"https:\/\/bilgitarif.com\/yeni\/wp-json\/wp\/v2\/media"}],"about":[{"href":"https:\/\/bilgitarif.com\/yeni\/wp-json\/wp\/v2\/types\/attachment"}],"author":[{"embeddable":true,"href":"https:\/\/bilgitarif.com\/yeni\/wp-json\/wp\/v2\/users\/1"}],"replies":[{"embeddable":true,"href":"https:\/\/bilgitarif.com\/yeni\/wp-json\/wp\/v2\/comments?post=2736"}],"wp:attached-to":[{"embeddable":true,"post_type":"post","id":2734,"href":"https:\/\/bilgitarif.com\/yeni\/wp-json\/wp\/v2\/posts\/2734"}],"curies":[{"name":"wp","href":"https:\/\/api.w.org\/{rel}","templated":true}]}}