{"id":2620,"date":"2025-05-12T22:05:13","date_gmt":"2025-05-12T22:05:13","guid":{"rendered":"https:\/\/bilgitarif.com\/yeni\/wp-content\/uploads\/2025\/05\/fg.png"},"modified":"2025-05-12T22:05:22","modified_gmt":"2025-05-12T22:05:22","slug":"fg","status":"inherit","type":"attachment","link":"https:\/\/bilgitarif.com\/yeni\/terzi-ne-adammis-be\/fg\/","title":{"rendered":"Terzi ne adamm\u0131\u015f be"},"author":1,"featured_media":0,"comment_status":"open","ping_status":"closed","template":"","meta":[],"class_list":["post-2620","attachment","type-attachment","status-inherit","hentry"],"description":{"rendered":"<p class=\"attachment\"><a href='https:\/\/bilgitarif.com\/yeni\/wp-content\/uploads\/2025\/05\/fg.png'><img loading=\"lazy\" decoding=\"async\" width=\"300\" height=\"84\" src=\"https:\/\/bilgitarif.com\/yeni\/wp-content\/uploads\/2025\/05\/fg-300x84.png\" class=\"attachment-medium size-medium\" alt=\"\" srcset=\"https:\/\/bilgitarif.com\/yeni\/wp-content\/uploads\/2025\/05\/fg-300x84.png 300w, https:\/\/bilgitarif.com\/yeni\/wp-content\/uploads\/2025\/05\/fg-768x215.png 768w, https:\/\/bilgitarif.com\/yeni\/wp-content\/uploads\/2025\/05\/fg.png 846w\" sizes=\"auto, (max-width: 300px) 100vw, 300px\" \/><\/a><\/p>\n"},"caption":{"rendered":"<p>Terzi \u00f6lm\u00fc\u015f. Kar\u0131s\u0131 dul kalm\u0131\u015f. Onun bunun dedikodusundan, \u00e7apk\u0131n erkeklerin bak\u0131\u015f\u0131ndan tak etmi\u015f can\u0131na ve evlenme\u011fe karar vermi\u015f. Bir demirci ustas\u0131n\u0131n evlenme teklifini kabul etmi\u015f ve evlenmi\u015fler. \u0130lk gece demirci pazusunu \u015fi\u015firerek kad\u0131na d\u00f6nm\u00fc\u015f. \u2013 Senin terzinde bu t\u00fcr pazu var m\u0131yd\u0131? \u2013 Kad\u0131n: Yoktu. Demirci yar\u0131m b\u00fck\u00fclerek g\u00f6\u011f\u00fcs kaslar\u0131n\u0131 \u015fi\u015firerek kad\u0131na: \u2013 Senin terzinde bu t\u00fcr kas var m\u0131yd\u0131? \u2013 Kad\u0131n: Yoktu. Demirci bald\u0131rlar\u0131n\u0131 \u015fi\u015firerek \u2013 Senin terzinde bu t\u00fcr g\u00fc\u00e7l\u00fc kaslar var m\u0131yd\u0131? \u2013 Kad\u0131n: Yoktu Bu \u015fekildeki g\u00fc\u00e7 g\u00f6sterileri devam edip gidince kad\u0131n dayanamaz\u2026<\/p>\n"},"alt_text":"","media_type":"image","mime_type":"image\/png","media_details":{"width":846,"height":237,"file":"2025\/05\/fg.png","filesize":111630,"sizes":{"medium":{"file":"fg-300x84.png","width":300,"height":84,"filesize":8117,"mime_type":"image\/png","source_url":"https:\/\/bilgitarif.com\/yeni\/wp-content\/uploads\/2025\/05\/fg-300x84.png"},"thumbnail":{"file":"fg-150x150.png","width":150,"height":150,"filesize":7907,"mime_type":"image\/png","source_url":"https:\/\/bilgitarif.com\/yeni\/wp-content\/uploads\/2025\/05\/fg-150x150.png"},"medium_large":{"file":"fg-768x215.png","width":768,"height":215,"filesize":47554,"mime_type":"image\/png","source_url":"https:\/\/bilgitarif.com\/yeni\/wp-content\/uploads\/2025\/05\/fg-768x215.png"},"full":{"file":"fg.png","width":846,"height":237,"mime_type":"image\/png","source_url":"https:\/\/bilgitarif.com\/yeni\/wp-content\/uploads\/2025\/05\/fg.png"}},"image_meta":{"aperture":"0","credit":"","camera":"","caption":"","created_timestamp":"0","copyright":"","focal_length":"0","iso":"0","shutter_speed":"0","title":"","orientation":"0","keywords":[]}},"post":2619,"source_url":"https:\/\/bilgitarif.com\/yeni\/wp-content\/uploads\/2025\/05\/fg.png","_links":{"self":[{"href":"https:\/\/bilgitarif.com\/yeni\/wp-json\/wp\/v2\/media\/2620","targetHints":{"allow":["GET"]}}],"collection":[{"href":"https:\/\/bilgitarif.com\/yeni\/wp-json\/wp\/v2\/media"}],"about":[{"href":"https:\/\/bilgitarif.com\/yeni\/wp-json\/wp\/v2\/types\/attachment"}],"author":[{"embeddable":true,"href":"https:\/\/bilgitarif.com\/yeni\/wp-json\/wp\/v2\/users\/1"}],"replies":[{"embeddable":true,"href":"https:\/\/bilgitarif.com\/yeni\/wp-json\/wp\/v2\/comments?post=2620"}],"wp:attached-to":[{"embeddable":true,"post_type":"post","id":2619,"href":"https:\/\/bilgitarif.com\/yeni\/wp-json\/wp\/v2\/posts\/2619"}],"curies":[{"name":"wp","href":"https:\/\/api.w.org\/{rel}","templated":true}]}}