{"id":2217,"date":"2025-04-19T08:51:01","date_gmt":"2025-04-19T08:51:01","guid":{"rendered":"https:\/\/bilgitarif.com\/yeni\/wp-content\/uploads\/2025\/04\/berk-1.jpg"},"modified":"2025-04-19T08:51:03","modified_gmt":"2025-04-19T08:51:03","slug":"berk-2","status":"inherit","type":"attachment","link":"https:\/\/bilgitarif.com\/yeni\/berk-atan\/berk-2\/","title":{"rendered":"berk"},"author":1,"featured_media":0,"comment_status":"open","ping_status":"closed","template":"","meta":[],"class_list":["post-2217","attachment","type-attachment","status-inherit","hentry"],"description":{"rendered":"<p class=\"attachment\"><a href='https:\/\/bilgitarif.com\/yeni\/wp-content\/uploads\/2025\/04\/berk-1.jpg'><img loading=\"lazy\" decoding=\"async\" width=\"300\" height=\"174\" src=\"https:\/\/bilgitarif.com\/yeni\/wp-content\/uploads\/2025\/04\/berk-1-300x174.jpg\" class=\"attachment-medium size-medium\" alt=\"\" srcset=\"https:\/\/bilgitarif.com\/yeni\/wp-content\/uploads\/2025\/04\/berk-1-300x174.jpg 300w, https:\/\/bilgitarif.com\/yeni\/wp-content\/uploads\/2025\/04\/berk-1-768x446.jpg 768w, https:\/\/bilgitarif.com\/yeni\/wp-content\/uploads\/2025\/04\/berk-1.jpg 1024w\" sizes=\"auto, (max-width: 300px) 100vw, 300px\" \/><\/a><\/p>\n"},"caption":{"rendered":"<p>G\u00fclcan Tar\u0131mo\u011flu\u2019nun haberine g\u00f6re; \u00dcnl\u00fc oyuncu Berk Atan\u2019\u0131n bulundu\u011fu ekip arac\u0131 kaza yapt\u0131. Berk Atan\u2019\u0131n omurga ve kaburgalar\u0131nda k\u0131r\u0131klar\u0131n oldu\u011fu ve durumunun a\u011f\u0131r oldu\u011fu belirtildi.<\/p>\n<p>Modellik kariyerine 2011 y\u0131l\u0131nda kat\u0131ld\u0131\u011f\u0131 Best Model of Turkey yar\u0131\u015fmas\u0131nda \u201cGelecek Vaat Eden\u201d se\u00e7ilerek ad\u0131m atm\u0131\u015ft\u0131r. 2012 y\u0131l\u0131nda ise ayn\u0131 yar\u0131\u015fmada birincilik elde etmi\u015ftir. Oyunculuk kariyerine 2013 y\u0131l\u0131nda \u201cHer \u015eey Yolunda Merkez\u201d dizisiyle ba\u015flam\u0131\u015f, ard\u0131ndan \u201cG\u00fcne\u015fin K\u0131zlar\u0131\u201d, \u201cDayan Y\u00fcre\u011fim\u201d, \u201cCennet\u2019in G\u00f6zya\u015flar\u0131\u201d gibi projelerde rol alm\u0131\u015ft\u0131r. En bilinen rol\u00fc ise TRT 1\u2019de yay\u0131nlanan \u201cG\u00f6n\u00fcl Da\u011f\u0131\u201d dizisinde canland\u0131rd\u0131\u011f\u0131 Taner Kaya karakteridir.\u200b<\/p>\n"},"alt_text":"","media_type":"image","mime_type":"image\/jpeg","media_details":{"width":1024,"height":595,"file":"2025\/04\/berk-1.jpg","filesize":88427,"sizes":{"medium":{"file":"berk-1-300x174.jpg","width":300,"height":174,"filesize":13034,"mime_type":"image\/jpeg","source_url":"https:\/\/bilgitarif.com\/yeni\/wp-content\/uploads\/2025\/04\/berk-1-300x174.jpg"},"thumbnail":{"file":"berk-1-150x150.jpg","width":150,"height":150,"filesize":6494,"mime_type":"image\/jpeg","source_url":"https:\/\/bilgitarif.com\/yeni\/wp-content\/uploads\/2025\/04\/berk-1-150x150.jpg"},"medium_large":{"file":"berk-1-768x446.jpg","width":768,"height":446,"filesize":53266,"mime_type":"image\/jpeg","source_url":"https:\/\/bilgitarif.com\/yeni\/wp-content\/uploads\/2025\/04\/berk-1-768x446.jpg"},"full":{"file":"berk-1.jpg","width":1024,"height":595,"mime_type":"image\/jpeg","source_url":"https:\/\/bilgitarif.com\/yeni\/wp-content\/uploads\/2025\/04\/berk-1.jpg"}},"image_meta":{"aperture":"0","credit":"","camera":"","caption":"","created_timestamp":"0","copyright":"","focal_length":"0","iso":"0","shutter_speed":"0","title":"","orientation":"0","keywords":[]}},"post":2215,"source_url":"https:\/\/bilgitarif.com\/yeni\/wp-content\/uploads\/2025\/04\/berk-1.jpg","_links":{"self":[{"href":"https:\/\/bilgitarif.com\/yeni\/wp-json\/wp\/v2\/media\/2217","targetHints":{"allow":["GET"]}}],"collection":[{"href":"https:\/\/bilgitarif.com\/yeni\/wp-json\/wp\/v2\/media"}],"about":[{"href":"https:\/\/bilgitarif.com\/yeni\/wp-json\/wp\/v2\/types\/attachment"}],"author":[{"embeddable":true,"href":"https:\/\/bilgitarif.com\/yeni\/wp-json\/wp\/v2\/users\/1"}],"replies":[{"embeddable":true,"href":"https:\/\/bilgitarif.com\/yeni\/wp-json\/wp\/v2\/comments?post=2217"}],"wp:attached-to":[{"embeddable":true,"post_type":"post","id":2215,"href":"https:\/\/bilgitarif.com\/yeni\/wp-json\/wp\/v2\/posts\/2215"}],"curies":[{"name":"wp","href":"https:\/\/api.w.org\/{rel}","templated":true}]}}