{"id":2170,"date":"2025-04-15T17:23:49","date_gmt":"2025-04-15T17:23:49","guid":{"rendered":"https:\/\/bilgitarif.com\/yeni\/wp-content\/uploads\/2025\/04\/engelli.jpg"},"modified":"2025-04-15T17:23:51","modified_gmt":"2025-04-15T17:23:51","slug":"engelli","status":"inherit","type":"attachment","link":"https:\/\/bilgitarif.com\/yeni\/engelli-kizinin-nisanlisi-ile\/engelli\/","title":{"rendered":"engelli"},"author":1,"featured_media":0,"comment_status":"open","ping_status":"closed","template":"","meta":[],"class_list":["post-2170","attachment","type-attachment","status-inherit","hentry"],"description":{"rendered":"<p class=\"attachment\"><a href='https:\/\/bilgitarif.com\/yeni\/wp-content\/uploads\/2025\/04\/engelli.jpg'><img loading=\"lazy\" decoding=\"async\" width=\"300\" height=\"188\" src=\"https:\/\/bilgitarif.com\/yeni\/wp-content\/uploads\/2025\/04\/engelli-300x188.jpg\" class=\"attachment-medium size-medium\" alt=\"\" srcset=\"https:\/\/bilgitarif.com\/yeni\/wp-content\/uploads\/2025\/04\/engelli-300x188.jpg 300w, https:\/\/bilgitarif.com\/yeni\/wp-content\/uploads\/2025\/04\/engelli-768x480.jpg 768w, https:\/\/bilgitarif.com\/yeni\/wp-content\/uploads\/2025\/04\/engelli.jpg 1024w\" sizes=\"auto, (max-width: 300px) 100vw, 300px\" \/><\/a><\/p>\n"},"caption":{"rendered":"<p>Kad\u0131n\u0131n k\u0131z\u0131n\u0131n ni\u015fanl\u0131s\u0131ndan hamile oldu\u011fu iddia edildi. Mide buland\u0131ran olay sosyal medyan\u0131n da g\u00fcndemine yerle\u015fti. Esra Erol\u2019a kar\u0131s\u0131n\u0131 aramak i\u00e7in gelen Turan \u015eahin, 47 ya\u015f\u0131ndaki kad\u0131n\u0131n engelli k\u0131zlar\u0131n\u0131n ni\u015fanl\u0131s\u0131 ile ka\u00e7t\u0131\u011f\u0131n\u0131 s\u00f6yledi. Ayn\u0131 zamanda anne G\u00fcldane, k\u0131z\u0131 Dilek\u2019in vasisiydi. K\u0131zlar\u0131n\u0131 evlendirmek isteyen aile me\u011fer korkun\u00e7 bir yalan\u0131n ortas\u0131nda ya\u015fad\u0131klar\u0131n\u0131 fark ettiler.<\/p>\n"},"alt_text":"","media_type":"image","mime_type":"image\/jpeg","media_details":{"width":1024,"height":640,"file":"2025\/04\/engelli.jpg","filesize":160344,"sizes":{"medium":{"file":"engelli-300x188.jpg","width":300,"height":188,"filesize":17730,"mime_type":"image\/jpeg","source_url":"https:\/\/bilgitarif.com\/yeni\/wp-content\/uploads\/2025\/04\/engelli-300x188.jpg"},"thumbnail":{"file":"engelli-150x150.jpg","width":150,"height":150,"filesize":7941,"mime_type":"image\/jpeg","source_url":"https:\/\/bilgitarif.com\/yeni\/wp-content\/uploads\/2025\/04\/engelli-150x150.jpg"},"medium_large":{"file":"engelli-768x480.jpg","width":768,"height":480,"filesize":88754,"mime_type":"image\/jpeg","source_url":"https:\/\/bilgitarif.com\/yeni\/wp-content\/uploads\/2025\/04\/engelli-768x480.jpg"},"full":{"file":"engelli.jpg","width":1024,"height":640,"mime_type":"image\/jpeg","source_url":"https:\/\/bilgitarif.com\/yeni\/wp-content\/uploads\/2025\/04\/engelli.jpg"}},"image_meta":{"aperture":"0","credit":"","camera":"","caption":"","created_timestamp":"0","copyright":"","focal_length":"0","iso":"0","shutter_speed":"0","title":"","orientation":"0","keywords":[]}},"post":2168,"source_url":"https:\/\/bilgitarif.com\/yeni\/wp-content\/uploads\/2025\/04\/engelli.jpg","_links":{"self":[{"href":"https:\/\/bilgitarif.com\/yeni\/wp-json\/wp\/v2\/media\/2170","targetHints":{"allow":["GET"]}}],"collection":[{"href":"https:\/\/bilgitarif.com\/yeni\/wp-json\/wp\/v2\/media"}],"about":[{"href":"https:\/\/bilgitarif.com\/yeni\/wp-json\/wp\/v2\/types\/attachment"}],"author":[{"embeddable":true,"href":"https:\/\/bilgitarif.com\/yeni\/wp-json\/wp\/v2\/users\/1"}],"replies":[{"embeddable":true,"href":"https:\/\/bilgitarif.com\/yeni\/wp-json\/wp\/v2\/comments?post=2170"}],"wp:attached-to":[{"embeddable":true,"post_type":"post","id":2168,"href":"https:\/\/bilgitarif.com\/yeni\/wp-json\/wp\/v2\/posts\/2168"}],"curies":[{"name":"wp","href":"https:\/\/api.w.org\/{rel}","templated":true}]}}