{"id":1622,"date":"2025-03-12T22:02:28","date_gmt":"2025-03-12T22:02:28","guid":{"rendered":"https:\/\/bilgitarif.com\/yeni\/wp-content\/uploads\/2025\/03\/xc-2.jpg"},"modified":"2025-03-12T22:02:40","modified_gmt":"2025-03-12T22:02:40","slug":"xc-3","status":"inherit","type":"attachment","link":"https:\/\/bilgitarif.com\/yeni\/adam-istanbula-gelince\/xc-3\/","title":{"rendered":"Adam \u0130stanbul&#8217;a Gelince"},"author":1,"featured_media":0,"comment_status":"open","ping_status":"closed","template":"","meta":[],"class_list":["post-1622","attachment","type-attachment","status-inherit","hentry"],"description":{"rendered":"<p class=\"attachment\"><a href='https:\/\/bilgitarif.com\/yeni\/wp-content\/uploads\/2025\/03\/xc-2.jpg'><img loading=\"lazy\" decoding=\"async\" width=\"300\" height=\"154\" src=\"https:\/\/bilgitarif.com\/yeni\/wp-content\/uploads\/2025\/03\/xc-2-300x154.jpg\" class=\"attachment-medium size-medium\" alt=\"\" srcset=\"https:\/\/bilgitarif.com\/yeni\/wp-content\/uploads\/2025\/03\/xc-2-300x154.jpg 300w, https:\/\/bilgitarif.com\/yeni\/wp-content\/uploads\/2025\/03\/xc-2-768x395.jpg 768w, https:\/\/bilgitarif.com\/yeni\/wp-content\/uploads\/2025\/03\/xc-2.jpg 820w\" sizes=\"auto, (max-width: 300px) 100vw, 300px\" \/><\/a><\/p>\n"},"caption":{"rendered":"<p>Adam \u0130stanbul&#8217;a gelince \u00e7ocu\u011funa bakacak ka\u00add\u0131n arar. Bin bir g\u00fc\u00e7l\u00fckle birisini bulur. Ad\u0131 G\u00fclay&#8217;d\u0131r. G\u00fc\u00adlay bek\u00e2rd\u0131r ve fakir bir ailenin \u00e7ocu\u011fudur. Aile ge\u00e7imini zorlukla sa\u011flamaktad\u0131r. G\u00fclay i\u015fe ba\u015flar. Kendisi g\u00fczel yemek yapar, ev i\u015flerini becermektedir. \u00c7ocuklarla aras\u0131 iyidir, evin han\u0131m\u0131n\u0131n g\u00fcvenini kazan\u0131r.  Fakat G\u00fc\u00adlay kendisi ve \u00e7evresi ile \u00e7ok bar\u0131\u015f\u0131kt\u0131r. <\/p>\n<p>Dr. \u0130brahim, bir g\u00fcn G\u00fclay&#8217;\u0131n parma\u011f\u0131nda y\u00fcz\u00fck g\u00f6r\u00fcr, a\u00e7\u0131klama bekler.<\/p>\n<p>G\u00fclay, &#8220;Ben ni\u015fanland\u0131m&#8221; der.<\/p>\n<p>&#8220;Kiminle?&#8221; sorusuna cevab\u0131 ibret vericidir ve derslerle doludur:<\/p>\n<p>&#8220;Ben haddimi bilirim. Ben bir i\u015fadam\u0131 ile bir sanat\u00adk\u00e2r ile bir memur ile ni\u015fanlanmay\u0131 hayal etmem. Ni\u015fanland\u0131\u011f\u0131 ki\u015fiyi duyunca sok olur.. Evlenir hamile kal\u0131r ama sonras\u0131ndaki olacaklar\u0131 kimse tahmin edemezdi.. G\u00fclay..<\/p>\n"},"alt_text":"","media_type":"image","mime_type":"image\/jpeg","media_details":{"width":820,"height":422,"file":"2025\/03\/xc-2.jpg","filesize":71270,"sizes":{"medium":{"file":"xc-2-300x154.jpg","width":300,"height":154,"filesize":6353,"mime_type":"image\/jpeg","source_url":"https:\/\/bilgitarif.com\/yeni\/wp-content\/uploads\/2025\/03\/xc-2-300x154.jpg"},"thumbnail":{"file":"xc-2-150x150.jpg","width":150,"height":150,"filesize":3794,"mime_type":"image\/jpeg","source_url":"https:\/\/bilgitarif.com\/yeni\/wp-content\/uploads\/2025\/03\/xc-2-150x150.jpg"},"medium_large":{"file":"xc-2-768x395.jpg","width":768,"height":395,"filesize":19160,"mime_type":"image\/jpeg","source_url":"https:\/\/bilgitarif.com\/yeni\/wp-content\/uploads\/2025\/03\/xc-2-768x395.jpg"},"full":{"file":"xc-2.jpg","width":820,"height":422,"mime_type":"image\/jpeg","source_url":"https:\/\/bilgitarif.com\/yeni\/wp-content\/uploads\/2025\/03\/xc-2.jpg"}},"image_meta":{"aperture":"0","credit":"","camera":"","caption":"","created_timestamp":"0","copyright":"","focal_length":"0","iso":"0","shutter_speed":"0","title":"","orientation":"0","keywords":[]}},"post":1621,"source_url":"https:\/\/bilgitarif.com\/yeni\/wp-content\/uploads\/2025\/03\/xc-2.jpg","_links":{"self":[{"href":"https:\/\/bilgitarif.com\/yeni\/wp-json\/wp\/v2\/media\/1622","targetHints":{"allow":["GET"]}}],"collection":[{"href":"https:\/\/bilgitarif.com\/yeni\/wp-json\/wp\/v2\/media"}],"about":[{"href":"https:\/\/bilgitarif.com\/yeni\/wp-json\/wp\/v2\/types\/attachment"}],"author":[{"embeddable":true,"href":"https:\/\/bilgitarif.com\/yeni\/wp-json\/wp\/v2\/users\/1"}],"replies":[{"embeddable":true,"href":"https:\/\/bilgitarif.com\/yeni\/wp-json\/wp\/v2\/comments?post=1622"}],"wp:attached-to":[{"embeddable":true,"post_type":"post","id":1621,"href":"https:\/\/bilgitarif.com\/yeni\/wp-json\/wp\/v2\/posts\/1621"}],"curies":[{"name":"wp","href":"https:\/\/api.w.org\/{rel}","templated":true}]}}