{"id":1238,"date":"2025-03-01T22:01:29","date_gmt":"2025-03-01T22:01:29","guid":{"rendered":"https:\/\/bilgitarif.com\/yeni\/wp-content\/uploads\/2025\/03\/huzur-evi.jpg"},"modified":"2025-03-01T22:01:33","modified_gmt":"2025-03-01T22:01:33","slug":"huzur-evi","status":"inherit","type":"attachment","link":"https:\/\/bilgitarif.com\/yeni\/beni-huzur-evine-verdiler\/huzur-evi\/","title":{"rendered":"huzur evi"},"author":1,"featured_media":0,"comment_status":"open","ping_status":"closed","template":"","meta":[],"class_list":["post-1238","attachment","type-attachment","status-inherit","hentry"],"description":{"rendered":"<p class=\"attachment\"><a href='https:\/\/bilgitarif.com\/yeni\/wp-content\/uploads\/2025\/03\/huzur-evi.jpg'><img loading=\"lazy\" decoding=\"async\" width=\"300\" height=\"225\" src=\"https:\/\/bilgitarif.com\/yeni\/wp-content\/uploads\/2025\/03\/huzur-evi-300x225.jpg\" class=\"attachment-medium size-medium\" alt=\"\" srcset=\"https:\/\/bilgitarif.com\/yeni\/wp-content\/uploads\/2025\/03\/huzur-evi-300x225.jpg 300w, https:\/\/bilgitarif.com\/yeni\/wp-content\/uploads\/2025\/03\/huzur-evi-768x576.jpg 768w, https:\/\/bilgitarif.com\/yeni\/wp-content\/uploads\/2025\/03\/huzur-evi.jpg 1024w\" sizes=\"auto, (max-width: 300px) 100vw, 300px\" \/><\/a><\/p>\n"},"caption":{"rendered":"<p>Telefonun ba\u015fka ucundan tan\u0131d\u0131k bir ses geldi, ama o kadar uzun vakit ge\u00e7mi\u015fti ki, bir an teredd\u00fct ettim. \u201cAnne, nas\u0131ls\u0131n?\u201d dedi b\u00fcy\u00fck o\u011flum. O an i\u00e7imde bir s\u0131z\u0131 hissettim, kalbim s\u00fcratle \u00e7arpmaya ba\u015flad\u0131. Aylard\u0131r bekledi\u011fim o ses sonucunda gelmi\u015fti ama sevincim bir anl\u0131\u011f\u0131na s\u00fcrd\u00fc. \u201c\u0130yiyim o\u011flum,\u201d dedim, yutkunarak. Ama iyili\u011fi nereden bulacakt\u0131m? Birka\u00e7 saniye sessizlik oldu, sonras\u0131nda o derin soluk al\u0131\u015f\u0131n\u0131 duydum. \u201cBiz\u2026 seni merak ettik. Her \u015fey yolunda m\u0131 orada?\u201d G\u00f6zlerim doldu, ama onlara kuvvetli g\u00f6r\u00fcnmek zorundayd\u0131m. \u201cYolunda, o\u011flum, yolunda. Burada iyi bak\u0131yorlar bize,\u201d dedim, yalan s\u00f6ylemek istemiyordum ama onlar\u0131n vicdan\u0131n\u0131 rahatlatmak istedim. \u00c7\u00fcnk\u00fc neyi de\u011fi\u015ftirecekti ki? Beni geri alacaklar m\u0131yd\u0131? \u201c\u0130yi ki arad\u0131n,\u201d dedim, daha \u00e7ok bir \u015fey s\u00f6yleyemedim. \u201cAnne,\u201d dedi aniden duraksayarak, \u201cbu ara i\u015fler biraz kar\u0131\u015f\u0131k\u2026 Ziyarete gelemiyoruz, ama en k\u0131sa s\u00fcrede seni g\u00f6rmeye gelece\u011fiz, tamam m\u0131?\u201d O an bo\u011faz\u0131m d\u00fc\u011f\u00fcmlendi. \u201cTamam, o\u011flum, merak etme. Kendinize iyi bak\u0131n. Ben iyiyim burada,\u201d dedim, zorla g\u00fcl\u00fcmsedi\u011fimi hissederek. Telefonun ba\u015fka ucundaki ses gittik\u00e7e uzakla\u015f\u0131yor gibiydi. \u201cTamam anne, seni seviyoruz. En k\u0131sa vakitte gelece\u011fiz. Ho\u015f\u00e7a kal,\u201d dedi ve kapatt\u0131. Telefon elimde kalakald\u0131. \u0130\u00e7imde bir bo\u015fluk, bir yaln\u0131zl\u0131k\u2026 G\u00f6zlerim yan\u0131mdaki hem\u015firelere d\u00f6nd\u00fc. G\u00f6zlerinde bir merhamet ifadesi vard\u0131, ama ben o bak\u0131\u015flara al\u0131\u015fm\u0131\u015ft\u0131m. Onlar da al\u0131\u015fm\u0131\u015ft\u0131 bu sahnelere. Yata\u011f\u0131ma geri d\u00f6nd\u00fcm. G\u00f6zlerimi tavana diktim, odan\u0131n so\u011fuk \u0131\u015f\u0131\u011f\u0131yla ba\u015f kafaya kald\u0131m. Her \u015fey ne kadar sessizdi. G\u00f6z\u00fcm kap\u0131da, gene de beklemeye devam ettim. Belki bir g\u00fcn G\u00f6zlerim tavanda, i\u00e7im sessiz bir umutla kap\u0131da\u2026 Zaman burada \u00e7ok yava\u015f ge\u00e7iyordu. Her g\u00fcn ayn\u0131yd\u0131, saatler birbirine kar\u0131\u015f\u0131yordu, ama ben gene de bir g\u00fcn kap\u0131n\u0131n a\u00e7\u0131laca\u011f\u0131n\u0131, tan\u0131d\u0131k bir y\u00fcz\u00fcn i\u00e7eriye girece\u011fini hayal ediyordum. \u00c7ocuklar\u0131m gelecekti, beni alacaklard\u0131\u2026 Bu d\u00fc\u015f\u00fcnceyle ayakta duruyordum. G\u00fcnler ge\u00e7ti. Telefon \u00e7almad\u0131, kap\u0131 da a\u00e7\u0131lmad\u0131. Huzurevinde herkes birbirine al\u0131\u015fm\u0131\u015f, bir tertip oturtmu\u015ftu. Ben de o sistemin amac\u0131ylae girmi\u015ftim, ama yabanc\u0131 hissediyordum. \u00c7ocuklar\u0131mdan haber alabilmek amac\u0131yla her g\u00fcn hem\u015firelere soruyordum, ama hep ayn\u0131 yan\u0131t\u0131 al\u0131yordum: \u201cMerak etme, teyze. Gelirler elbet.\u201d Bir sabah, erkenden bah\u00e7eye \u00e7\u0131kt\u0131m. G\u00fcne\u015f hafif\u00e7e y\u00fckseliyordu, hava serindi. Bah\u00e7enin k\u00f6\u015fesindeki ufak bankta oturdum. Birka\u00e7 ku\u015f c\u0131v\u0131ld\u0131yordu, o c\u0131v\u0131lt\u0131larla dal\u0131p gitmi\u015fim. Bir an \u00e7ocuklar\u0131m\u0131n ufakken parklarda nas\u0131l oynad\u0131\u011f\u0131n\u0131 hat\u0131rlad\u0131m. O vakitler her \u015fey ne kadar g\u00fczeldi. Anneleri olarak onlar\u0131n kahkahalar\u0131n\u0131 dinlemek, ko\u015fmalar\u0131n\u0131 izlemek bana huzur verirdi. O an g\u00f6zlerim doldu, hafif bir yel y\u00fcz\u00fcme vurdu, ama i\u00e7imde derin bir yaln\u0131zl\u0131k vard\u0131. O s\u0131rada yan\u0131ma birisi oturdu. Nurten Han\u0131m, buran\u0131n sakinlerinden biri. Sessizce yan\u0131ma oturmu\u015f, beni izliyordu. \u201cBug\u00fcn can\u0131n s\u0131k\u0131lm\u0131\u015f gibi,\u201d dedi yumU\u015fak bir sesle. Ona d\u00f6nd\u00fcm, hafif\u00e7e g\u00fcl\u00fcmsedim. \u201c\u00c7ocuklar\u0131 bekliyorum,\u201d dedim, \u201cbelki bug\u00fcn gelirler.\u201d Nurten Han\u0131m derin bir soluk ald\u0131. \u201cBuralar\u0131n bu t\u00fcr oldu\u011funu kimse bize s\u00f6ylememi\u015fti, de\u011fil mi? Hep bekleriz ama ya\u015fam hep bizi bekletir.\u201d dedi, sanki senesinin getirdi\u011fi bir bilgelikle. G\u00f6zlerim doldu, ama a\u011flamad\u0131m. \u00c7\u00fcnk\u00fc bundan sonra g\u00f6zya\u015flar\u0131m bile bo\u015f geliyordu. O an i\u00e7imden bir \u015fey koptu. Belki de geri d\u00f6nmeyecekti kimse. Beklemekle geride b\u0131rakt\u0131\u011f\u0131m\u0131z \u00f6mr\u00fcm, \u015fimdi bekleyerek son bulacakt\u0131. Ama gene de beklemekten vazge\u00e7emedim. Beklemek, umudun son k\u0131r\u0131nt\u0131s\u0131yd\u0131 belki de. Tek yapabildi\u011fim, her sabah g\u00f6z\u00fcm\u00fc a\u00e7t\u0131\u011f\u0131mda gene o kap\u0131ya bakmakt\u0131. Ve bir g\u00fcn, belki de\u2026<\/p>\n"},"alt_text":"","media_type":"image","mime_type":"image\/jpeg","media_details":{"width":1024,"height":768,"file":"2025\/03\/huzur-evi.jpg","filesize":209913,"sizes":{"medium":{"file":"huzur-evi-300x225.jpg","width":300,"height":225,"filesize":13783,"mime_type":"image\/jpeg","source_url":"https:\/\/bilgitarif.com\/yeni\/wp-content\/uploads\/2025\/03\/huzur-evi-300x225.jpg"},"thumbnail":{"file":"huzur-evi-150x150.jpg","width":150,"height":150,"filesize":6114,"mime_type":"image\/jpeg","source_url":"https:\/\/bilgitarif.com\/yeni\/wp-content\/uploads\/2025\/03\/huzur-evi-150x150.jpg"},"medium_large":{"file":"huzur-evi-768x576.jpg","width":768,"height":576,"filesize":59581,"mime_type":"image\/jpeg","source_url":"https:\/\/bilgitarif.com\/yeni\/wp-content\/uploads\/2025\/03\/huzur-evi-768x576.jpg"},"full":{"file":"huzur-evi.jpg","width":1024,"height":768,"mime_type":"image\/jpeg","source_url":"https:\/\/bilgitarif.com\/yeni\/wp-content\/uploads\/2025\/03\/huzur-evi.jpg"}},"image_meta":{"aperture":"0","credit":"","camera":"","caption":"","created_timestamp":"0","copyright":"","focal_length":"0","iso":"0","shutter_speed":"0","title":"","orientation":"0","keywords":[]}},"post":1236,"source_url":"https:\/\/bilgitarif.com\/yeni\/wp-content\/uploads\/2025\/03\/huzur-evi.jpg","_links":{"self":[{"href":"https:\/\/bilgitarif.com\/yeni\/wp-json\/wp\/v2\/media\/1238","targetHints":{"allow":["GET"]}}],"collection":[{"href":"https:\/\/bilgitarif.com\/yeni\/wp-json\/wp\/v2\/media"}],"about":[{"href":"https:\/\/bilgitarif.com\/yeni\/wp-json\/wp\/v2\/types\/attachment"}],"author":[{"embeddable":true,"href":"https:\/\/bilgitarif.com\/yeni\/wp-json\/wp\/v2\/users\/1"}],"replies":[{"embeddable":true,"href":"https:\/\/bilgitarif.com\/yeni\/wp-json\/wp\/v2\/comments?post=1238"}],"wp:attached-to":[{"embeddable":true,"post_type":"post","id":1236,"href":"https:\/\/bilgitarif.com\/yeni\/wp-json\/wp\/v2\/posts\/1236"}],"curies":[{"name":"wp","href":"https:\/\/api.w.org\/{rel}","templated":true}]}}